{"id":66801,"date":"2025-04-28T13:01:57","date_gmt":"2025-04-28T11:01:57","guid":{"rendered":"https:\/\/www.invicta.fr\/?page_id=66801"},"modified":"2025-04-28T13:02:01","modified_gmt":"2025-04-28T11:02:01","slug":"plan-du-site","status":"publish","type":"page","link":"https:\/\/www.invicta.fr\/fr\/plan-du-site\/","title":{"rendered":"Plan du site"},"content":{"rendered":"<div class=\"wsp-container\"><h2 class=\"wsp-pages-title\">Pages<\/h2>\n<ul class=\"wsp-pages-list\">\n<li class=\"page_item page-item-1994\"><a href=\"https:\/\/www.invicta.fr\/fr\/a-propos\/\">A propos<\/a><\/li>\n<li class=\"page_item page-item-169\"><a href=\"https:\/\/www.invicta.fr\/fr\/accessoires-chauffage\/\">Accessoires chauffage<\/a><\/li>\n<li class=\"page_item page-item-735 current_page_parent\"><a href=\"https:\/\/www.invicta.fr\/fr\/actualite\/\">Actualit\u00e9<\/a><\/li>\n<li class=\"page_item page-item-60075\"><a href=\"https:\/\/www.invicta.fr\/fr\/aide-a-lachat-dun-poele\/\">Aide \u00e0 l&#8217;achat d&#8217;un po\u00eale Invicta<\/a><\/li>\n<li class=\"page_item page-item-183\"><a href=\"https:\/\/www.invicta.fr\/fr\/catalogues\/\">Catalogue<\/a><\/li>\n<li class=\"page_item page-item-167\"><a href=\"https:\/\/www.invicta.fr\/fr\/cheminees-insert\/\">Chemin\u00e9es &amp; insert<\/a><\/li>\n<li class=\"page_item page-item-2091\"><a href=\"https:\/\/www.invicta.fr\/fr\/demande-de-devis\/\">Demande de devis<\/a><\/li>\n<li class=\"page_item page-item-19154\"><a href=\"https:\/\/www.invicta.fr\/fr\/devenir-revendeur\/\">Devenir revendeur<\/a><\/li>\n<li class=\"page_item page-item-18546\"><a href=\"https:\/\/www.invicta.fr\/fr\/espace-presse\/\">Espace Presse<\/a><\/li>\n<li class=\"page_item page-item-19136\"><a href=\"https:\/\/www.invicta.fr\/fr\/formulaire-presse\/\">Formulaire presse<\/a><\/li>\n<li class=\"page_item page-item-509\"><a href=\"https:\/\/www.invicta.fr\/fr\/\">Invicta, fabricant fran\u00e7ais, sp\u00e9cialiste europ\u00e9en du chauffage au bois : po\u00eales \u00e0 bois et \u00e0 granul\u00e9s, chemin\u00e9es, foyers et inserts<\/a><\/li>\n<li class=\"page_item page-item-1841\"><a href=\"https:\/\/www.invicta.fr\/fr\/loginpress\/\">LoginPress<\/a><\/li>\n<li class=\"page_item page-item-185\"><a href=\"https:\/\/www.invicta.fr\/fr\/invicta-shop\/\">Magasins Invicta shop<\/a><\/li>\n<li class=\"page_item page-item-26911\"><a href=\"https:\/\/www.invicta.fr\/fr\/maintenance\/\">Maintenance<\/a><\/li>\n<li class=\"page_item page-item-1998\"><a href=\"https:\/\/www.invicta.fr\/fr\/mentions-legales\/\">Mentions L\u00e9gales<\/a><\/li>\n<li class=\"page_item page-item-26993\"><a href=\"https:\/\/www.invicta.fr\/fr\/merci\/\">Merci<\/a><\/li>\n<li class=\"page_item page-item-17823\"><a href=\"https:\/\/www.invicta.fr\/fr\/mobilier\/\">Mobilier<\/a><\/li>\n<li class=\"page_item page-item-156\"><a href=\"https:\/\/www.invicta.fr\/fr\/mon-compte\/\">Mon compte<\/a><\/li>\n<li class=\"page_item page-item-154\"><a href=\"https:\/\/www.invicta.fr\/fr\/panier\/\">Panier<\/a><\/li>\n<li class=\"page_item page-item-66801\"><a href=\"https:\/\/www.invicta.fr\/fr\/plan-du-site\/\">Plan du site<\/a><\/li>\n<li class=\"page_item page-item-637\"><a href=\"https:\/\/www.invicta.fr\/fr\/poeles-a-bois-2\/\">Po\u00eales \u00e0 bois<\/a><\/li>\n<li class=\"page_item page-item-651\"><a href=\"https:\/\/www.invicta.fr\/fr\/poeles-a-bois-en-fonte\/\">Po\u00eales \u00e0 bois en fonte<\/a><\/li>\n<li class=\"page_item page-item-162\"><a href=\"https:\/\/www.invicta.fr\/fr\/poeles-a-granules\/\">Po\u00eales \u00e0 granul\u00e9s<\/a><\/li>\n<li class=\"page_item page-item-63592\"><a href=\"https:\/\/www.invicta.fr\/fr\/politique-de-confidentialite\/\">Politique de confidentialit\u00e9<\/a><\/li>\n<li class=\"page_item page-item-42228\"><a href=\"https:\/\/www.invicta.fr\/fr\/refund_returns\/\">Refund and Returns Policy<\/a><\/li>\n<li class=\"page_item page-item-187 page_item_has_children\"><a href=\"https:\/\/www.invicta.fr\/fr\/carte-revendeurs\/\">Revendeurs<\/a>\n<ul class='children'>\n\t<li class=\"page_item page-item-8469\"><a href=\"https:\/\/www.invicta.fr\/fr\/carte-revendeurs\/artisans-cheministes-2\/\">Artisans Cheministes<\/a><\/li>\n\t<li class=\"page_item page-item-1986\"><a href=\"https:\/\/www.invicta.fr\/fr\/carte-revendeurs\/distribution-batiment-enseignes\/\">Distribution B\u00e2timent enseignes<\/a><\/li>\n\t<li class=\"page_item page-item-1984\"><a href=\"https:\/\/www.invicta.fr\/fr\/carte-revendeurs\/enseignes-de-bricolage\/\">Enseignes de bricolage<\/a><\/li>\n\t<li class=\"page_item page-item-1990\"><a href=\"https:\/\/www.invicta.fr\/fr\/carte-revendeurs\/produits-barbecues\/\">Produits barbecues<\/a><\/li>\n<\/ul>\n<\/li>\n<li class=\"page_item page-item-27047 page_item_has_children\"><a href=\"https:\/\/www.invicta.fr\/fr\/services-et-support\/\">Services et support<\/a>\n<ul class='children'>\n\t<li class=\"page_item page-item-27060\"><a href=\"https:\/\/www.invicta.fr\/fr\/services-et-support\/depannage-reparation\/\">D\u00e9pannage &#038; R\u00e9paration<\/a><\/li>\n\t<li class=\"page_item page-item-28686\"><a href=\"https:\/\/www.invicta.fr\/fr\/services-et-support\/documentation\/\">Documentation<\/a><\/li>\n\t<li class=\"page_item page-item-22829\"><a href=\"https:\/\/www.invicta.fr\/fr\/services-et-support\/enregistrement-produit\/\">Enregistrement produit<\/a><\/li>\n\t<li class=\"page_item page-item-32116\"><a href=\"https:\/\/www.invicta.fr\/fr\/services-et-support\/garantie\/\">Garantie<\/a><\/li>\n<\/ul>\n<\/li>\n<li class=\"page_item page-item-724\"><a href=\"https:\/\/www.invicta.fr\/fr\/store-locator\/\">store locator<\/a><\/li>\n<li class=\"page_item page-item-155\"><a href=\"https:\/\/www.invicta.fr\/fr\/commande\/\">Validation de la commande<\/a><\/li>\n<\/ul>\n<h2 class=\"wsp-posts-title\">Articles par cat\u00e9gorie<\/h2>\n<ul class=\"wsp-posts-list\">\n\t<li><strong class=\"wsp-category-title\">Cat\u00e9gorie\u00a0: <a href=\"https:\/\/www.invicta.fr\/fr\/category\/actus\/\">Actus<\/a><\/strong>\n<ul class=\"wsp-posts-list\">\t\t<li class=\"wsp-post\"><a href=\"https:\/\/www.invicta.fr\/fr\/2025\/02\/21\/poele-a-granules-une-source-d-energie-economique\/\">Les po\u00eales \u00e0 granul\u00e9s, l&#8217;une des sources d&#8217;\u00e9nergie les plus \u00e9conomiques<\/a><\/li>\n\t\t<li class=\"wsp-post\"><a href=\"https:\/\/www.invicta.fr\/fr\/2025\/02\/06\/invicta-100-ans-histoire-et-innovation\/\">Invicta : 100 ans d\u2019histoire et d\u2019innovation<\/a><\/li>\n\t\t<li class=\"wsp-post\"><a href=\"https:\/\/www.invicta.fr\/fr\/2024\/01\/31\/invicta-une-eti-qui-apporte-de-la-chaleur-aux-foyers-francais\/\">Invicta : une ETI qui apporte de la chaleur aux foyers fran\u00e7ais !<\/a><\/li>\n\t\t<li class=\"wsp-post\"><a href=\"https:\/\/www.invicta.fr\/fr\/2023\/11\/22\/le-poele-a-bois-design-de-lelysee-quel-brio-2\/\">Le po\u00eale \u00e0 bois design de l\u2019\u00c9lys\u00e9e : quel Brio !<\/a><\/li>\n\t\t<li class=\"wsp-post\"><a href=\"https:\/\/www.invicta.fr\/fr\/2023\/10\/02\/comment-reduire-la-facture-de-chauffage-2024\/\">R\u00e9duire la facture de chauffage 2025\/2026 avec un po\u00eale \u00e0 granul\u00e9s<\/a><\/li>\n\t\t<li class=\"wsp-post\"><a href=\"https:\/\/www.invicta.fr\/fr\/2023\/06\/29\/comparatif-des-differentes-sources-denergie-disponibles-sur-le-marche\/\">Comparatif des diff\u00e9rentes sources d&#8217;\u00e9nergie disponibles sur le march\u00e9.<\/a><\/li>\n\t\t<li class=\"wsp-post\"><a href=\"https:\/\/www.invicta.fr\/fr\/2023\/01\/03\/quest-ce-que-le-label-flamme-verte\/\">Qu\u2019est-ce que le label Flamme Verte\u2009?<\/a><\/li>\n\t\t<li class=\"wsp-post\"><a href=\"https:\/\/www.invicta.fr\/fr\/2022\/09\/01\/comment-obtenir-la-prime-renov-pour-lachat-dun-poele-a-granules\/\">Obtenir la prime R\u00e9nov&#8217; pour l&#8217;achat d&#8217;un po\u00eale \u00e0 granul\u00e9s ou d&#8217;un po\u00eale \u00e0 bois en 2024<\/a><\/li>\n\t\t<li class=\"wsp-post\"><a href=\"https:\/\/www.invicta.fr\/fr\/2020\/02\/25\/les-poeles-inserts-et-foyers-en-fonte-invicta-certifies-origine-france-garantie-2\/\">Les po\u00eales en fonte Invicta certifi\u00e9s Origine France Garantie jusqu&#8217;en f\u00e9vrier 2030 !<\/a><\/li>\n\t\t<li class=\"wsp-post\"><a href=\"https:\/\/www.invicta.fr\/fr\/2019\/11\/13\/cannele-plug-in-obtient-le-prix-janus-de-lindustrie-2019\/\">Cannel\u00e9 Plug-IN obtient le prix Janus de l&#8217;Industrie 2019.<\/a><\/li>\n\t\t<li class=\"wsp-post\"><a href=\"https:\/\/www.invicta.fr\/en\/2019\/10\/07\/invicta-cast-iron-stoves-fireplaces-and-inserts-certified-by-the-origine-france-garantie\/\">Invicta cast iron stoves, fireplaces and inserts certified by the Origine France Garantie!<\/a><\/li>\n\t\t<li class=\"wsp-post\"><a href=\"https:\/\/www.invicta.fr\/fr\/2019\/07\/25\/comment-se-chauffer-sans-se-ruiner\/\">Comment se chauffer sans se ruiner ?<\/a><\/li>\n\t\t<li class=\"wsp-post\"><a href=\"https:\/\/www.invicta.fr\/fr\/2019\/07\/25\/invicta-a-lhonneur-dans-le-13-heures\/\">Invicta \u00e0 l&#8217;honneur dans le 13 heures<\/a><\/li>\n<\/ul><\/li>\n\t<li><strong class=\"wsp-category-title\">Cat\u00e9gorie\u00a0: <a href=\"https:\/\/www.invicta.fr\/fr\/category\/conseils\/\">Conseils<\/a><\/strong>\n<ul class=\"wsp-posts-list\">\t\t<li class=\"wsp-post\"><a href=\"https:\/\/www.invicta.fr\/fr\/2025\/02\/21\/poele-a-bois-quelle-surface-peut-il-chauffer\/\">Quelle surface un po\u00eale \u00e0 bois est-il capable de chauffer ?<\/a><\/li>\n\t\t<li class=\"wsp-post\"><a href=\"https:\/\/www.invicta.fr\/fr\/2024\/09\/20\/poele-a-bois-design-invicta-tendance-decoration-industrielle\/\">Po\u00eales \u00e0 Bois Design : Sublimez votre d\u00e9co industrielle avec Invicta<\/a><\/li>\n\t\t<li class=\"wsp-post\"><a href=\"https:\/\/www.invicta.fr\/fr\/2024\/09\/17\/quel-design-choisir-pour-votre-poele-a-bois\/\">Quel design choisir pour votre po\u00eale \u00e0 bois  ?<\/a><\/li>\n\t\t<li class=\"wsp-post\"><a href=\"https:\/\/www.invicta.fr\/fr\/2023\/07\/25\/comment-calculer-la-puissance-necessaire-a-son-poele-a-granules-pour-un-chauffage-optimal\/\">Comment calculer la puissance optimale de son po\u00eale \u00e0 granul\u00e9s ?<\/a><\/li>\n\t\t<li class=\"wsp-post\"><a href=\"https:\/\/www.invicta.fr\/fr\/2023\/06\/28\/reduire-lempreinte-carbone-de-son-habitat-grace-au-poele-a-bois\/\">R\u00e9duire l&#8217;empreinte carbone de son habitat gr\u00e2ce au po\u00eale \u00e0 bois.<\/a><\/li>\n\t\t<li class=\"wsp-post\"><a href=\"https:\/\/www.invicta.fr\/fr\/2023\/03\/07\/comment-bien-stocker-son-bois-de-chauffage\/\">Comment bien stocker son bois de chauffage ?<\/a><\/li>\n\t\t<li class=\"wsp-post\"><a href=\"https:\/\/www.invicta.fr\/fr\/2023\/01\/04\/comment-ramoner-le-conduit-devacuation-dun-poele-a-bois\/\">Comment ramoner le conduit d\u2019\u00e9vacuation d&#8217;un po\u00eale \u00e0 bois\u2009?<\/a><\/li>\n\t\t<li class=\"wsp-post\"><a href=\"https:\/\/www.invicta.fr\/fr\/2020\/12\/15\/comment-assurer-lentretien-dun-poele-a-granules\/\">Comment faire l&#8217;entretien d&#8217;un po\u00eale \u00e0 granul\u00e9s ?<\/a><\/li>\n\t\t<li class=\"wsp-post\"><a href=\"https:\/\/www.invicta.fr\/fr\/2019\/09\/02\/peut-on-installer-un-poele-a-bois-dans-une-veranda\/\">Peut-on installer un po\u00eale \u00e0 bois dans une v\u00e9randa ?<\/a><\/li>\n\t\t<li class=\"wsp-post\"><a href=\"https:\/\/www.invicta.fr\/fr\/2019\/09\/02\/transformer-sa-cheminee-ouverte-en-solution-de-chauffage-au-bois-efficace\/\">Transformer sa chemin\u00e9e ouverte en solution de chauffage au bois efficace !<\/a><\/li>\n\t\t<li class=\"wsp-post\"><a href=\"https:\/\/www.invicta.fr\/fr\/2019\/08\/28\/videos-conseils-flamme-verte\/\">Un chauffage au bois performant : vid\u00e9os conseils Flamme Verte<\/a><\/li>\n\t\t<li class=\"wsp-post\"><a href=\"https:\/\/www.invicta.fr\/fr\/2019\/08\/28\/le-chauffage-au-bois-energie-responsable\/\">Le chauffage au bois : Energie responsable<\/a><\/li>\n\t\t<li class=\"wsp-post\"><a href=\"https:\/\/www.invicta.fr\/fr\/2019\/08\/25\/buches-ou-granules-de-quel-bois-se-chauffer\/\">B\u00fbches ou granul\u00e9s : de quel bois se chauffer ?<\/a><\/li>\n<\/ul><\/li>\n\t<li><strong class=\"wsp-category-title\">Cat\u00e9gorie\u00a0: <a href=\"https:\/\/www.invicta.fr\/fr\/category\/le-design-pour-tous\/\">Le Design pour tous<\/a><\/strong>\n<ul class=\"wsp-posts-list\">\t\t<li class=\"wsp-post\"><a href=\"https:\/\/www.invicta.fr\/fr\/2025\/08\/01\/pourquoi-choisir-un-poele-a-bois-invicta-confort-design-durabilite\/\">Pourquoi choisir un po\u00eale \u00e0 bois Invicta ? Confort, design, performance et durabilit\u00e9<\/a><\/li>\n\t\t<li class=\"wsp-post\"><a href=\"https:\/\/www.invicta.fr\/fr\/2025\/05\/27\/nouveaux-foyers-dangle-place-au-grand-spectacle\/\">Nouveaux foyers d&#8217;angle : place au grand spectacle !<\/a><\/li>\n\t\t<li class=\"wsp-post\"><a href=\"https:\/\/www.invicta.fr\/fr\/2025\/05\/26\/nouveaux-poeles-a-granules-encore-plus-de-style\/\">Nouveaux po\u00eales \u00e0 granul\u00e9s : encore plus de style !<\/a><\/li>\n\t\t<li class=\"wsp-post\"><a href=\"https:\/\/www.invicta.fr\/fr\/2019\/08\/27\/le-design-democratique\/\">Le design d\u00e9mocratique<\/a><\/li>\n<\/ul><\/li>\n\t<li><strong class=\"wsp-category-title\">Cat\u00e9gorie\u00a0: <a href=\"https:\/\/www.invicta.fr\/fr\/category\/nouveautes\/\">Nouveaut\u00e9s<\/a><\/strong>\n<ul class=\"wsp-posts-list\">\t\t<li class=\"wsp-post\"><a href=\"https:\/\/www.invicta.fr\/fr\/2023\/07\/25\/nouveau-poele-a-bois-sur-banc-encore-plus-de-brio\/\">Nouveau po\u00eale \u00e0 bois sur banc : encore plus de Brio !<\/a><\/li>\n\t\t<li class=\"wsp-post\"><a href=\"https:\/\/www.invicta.fr\/fr\/2023\/01\/04\/envie-dun-poele-a-granules-performant\/\">Envie d&#8217;un po\u00eale \u00e0 granul\u00e9s performant ?<\/a><\/li>\n\t\t<li class=\"wsp-post\"><a href=\"https:\/\/www.invicta.fr\/fr\/2020\/10\/22\/nouveautes-invicta-poeles-bois-contemporains-en-acier\/\">Nouveaux po\u00eales \u00e0 bois acier contemporains et performants<\/a><\/li>\n\t\t<li class=\"wsp-post\"><a href=\"https:\/\/www.invicta.fr\/fr\/2019\/07\/23\/fifty-se-reinvente\/\">Fifty se r\u00e9invente&#8230;<\/a><\/li>\n<\/ul><\/li>\n\t<li><strong class=\"wsp-category-title\">Cat\u00e9gorie\u00a0: <a href=\"https:\/\/www.invicta.fr\/fr\/category\/poeles-a-bois\/\">Po\u00eales \u00e0 bois<\/a><\/strong>\n<\/li>\n\t<li><strong class=\"wsp-category-title\">Cat\u00e9gorie\u00a0: <a href=\"https:\/\/www.invicta.fr\/fr\/category\/poeles-a-granules\/\">Po\u00eales \u00e0 granul\u00e9s<\/a><\/strong>\n<\/li>\n<\/ul>\n<h2 class=\"wsp-products-title\">Produits<\/h2>\n<ul class=\"wsp-products-list\">\n<li><a href=\"https:\/\/www.invicta.fr\/fr\/produit\/kit-wifi-optionnel\/\">Kit wifi optionnel<\/a><\/li>\n<li><a href=\"https:\/\/www.invicta.fr\/fr\/produit\/insert-800-grand-angle-turbo-12kw\/\">Insert 800 Grand Angle Turbo<\/a><\/li>\n<li><a href=\"https:\/\/www.invicta.fr\/fr\/produit\/insert-800-c-turbo\/\">Insert 800 C Turbo<\/a><\/li>\n<li><a href=\"https:\/\/www.invicta.fr\/fr\/produit\/foyer-700-milos-volet-2\/\">Foyer 700 Milos Volet<\/a><\/li>\n<li><a href=\"https:\/\/www.invicta.fr\/fr\/produit\/insert-800-vision-totale-turbo-2\/\">Insert 800 Vision Totale Turbo<\/a><\/li>\n<li><a href=\"https:\/\/www.invicta.fr\/fr\/produit\/insert-800-compact-turbo\/\">Insert 800 Compact Turbo<\/a><\/li>\n<li><a href=\"https:\/\/www.invicta.fr\/fr\/produit\/foyer-840-horizontal-volet\/\">Foyer 840 Horizontal volet<\/a><\/li>\n<li><a href=\"https:\/\/www.invicta.fr\/fr\/produit\/foyer-800-primo-2\/\">Foyer 800 Primo<\/a><\/li>\n<li><a href=\"https:\/\/www.invicta.fr\/fr\/produit\/foyer-a-bois-800-gv-double-face-volet\/\">Foyer \u00e0 bois 800 GV Double Face Volet<\/a><\/li>\n<li><a href=\"https:\/\/www.invicta.fr\/fr\/produit\/foyer-800-grande-vision-volet-2\/\">Foyer 800 Grande Vision volet<\/a><\/li>\n<li><a href=\"https:\/\/www.invicta.fr\/fr\/produit\/foyer-800-grand-angle-volet-2\/\">Foyer 800 Grand Angle volet<\/a><\/li>\n<li><a href=\"https:\/\/www.invicta.fr\/fr\/produit\/foyer-700-philos-grand-angle-volet\/\">Foyer 700 Philos Grand Angle Volet<\/a><\/li>\n<li><a href=\"https:\/\/www.invicta.fr\/fr\/produit\/foyer-700-philos-volet-2\/\">Foyer 700 Philos Volet<\/a><\/li>\n<li><a href=\"https:\/\/www.invicta.fr\/fr\/produit\/foyer-700-grande-vision-volet-2\/\">Foyer 700 Grande Vision volet<\/a><\/li>\n<li><a href=\"https:\/\/www.invicta.fr\/fr\/produit\/foyer-700-grand-angle-volet-2\/\">Foyer 700 Grand Angle volet<\/a><\/li>\n<li><a href=\"https:\/\/www.invicta.fr\/fr\/produit\/poele-a-bois-fonte-wilson-sur-pied-raccordable-2\/\">Po\u00eale \u00e0 Bois Fonte Wilson sur pied raccordable<\/a><\/li>\n<li><a href=\"https:\/\/www.invicta.fr\/fr\/produit\/poele-a-bois-fonte-wilson-sur-banc-raccordable-2\/\">Po\u00eale \u00e0 Bois Fonte Wilson sur Banc raccordable<\/a><\/li>\n<li><a href=\"https:\/\/www.invicta.fr\/fr\/produit\/poele-a-bois-fonte-wilson-a-poser-raccordable-2\/\">Po\u00eale \u00e0 Bois Fonte Wilson \u00e0 poser raccordable<\/a><\/li>\n<li><a href=\"https:\/\/www.invicta.fr\/fr\/produit\/poele-fonte-seville-2-2\/\">Po\u00eale Fonte Seville 2<\/a><\/li>\n<li><a href=\"https:\/\/www.invicta.fr\/fr\/produit\/poele-fonte-etanche-elo-m\/\">Po\u00eale Fonte \u00e9tanche Elo M<\/a><\/li>\n<li><a href=\"https:\/\/www.invicta.fr\/fr\/produit\/poele-acier-et-fonte-calcias-etanche-2\/\">Po\u00eale Acier et Fonte Calcias \u00e9tanche<\/a><\/li>\n<li><a href=\"https:\/\/www.invicta.fr\/fr\/produit\/poele-a-granules-etanche-nola-8-style-wi-fi-poele-a-pellets\/\">Po\u00eale \u00e0 Granul\u00e9s \u00e9tanche Nola 8 Style Wi-Fi - Po\u00eale \u00e0 Pellets<\/a><\/li>\n<li><a href=\"https:\/\/www.invicta.fr\/fr\/produit\/poele-a-granules-etanche-lodi-8-concentrique-wi-fi\/\">Po\u00eale \u00e0 Granul\u00e9s \u00e9tanche Lodi 8 - concentrique Wi-Fi<\/a><\/li>\n<li><a href=\"https:\/\/www.invicta.fr\/fr\/produit\/poele-a-granules-etanche-mira-8-concentrique-wi-fi\/\">Po\u00eale \u00e0 Granul\u00e9s \u00e9tanche Mira 8 - concentrique Wi-Fi<\/a><\/li>\n<li><a href=\"https:\/\/www.invicta.fr\/fr\/produit\/poele-a-granules-etanche-mira-8-wi-fi-poele-a-pellets\/\">Po\u00eale \u00e0 Granul\u00e9s \u00e9tanche Mira 8 Wi-Fi - Po\u00eale \u00e0 pellets<\/a><\/li>\n<li><a href=\"https:\/\/www.invicta.fr\/fr\/produit\/poele-a-granules-mira-10-wi-fi-poele-a-pellets\/\">Po\u00eale \u00e0 granul\u00e9s Mira 10 Wi-Fi - Po\u00eale \u00e0 pellets<\/a><\/li>\n<li><a href=\"https:\/\/www.invicta.fr\/fr\/produit\/poele-a-granules-vieste-7-plus-poele-a-pellets\/\">Po\u00eale \u00e0 Granul\u00e9s Vieste 7 Plus - Po\u00eale \u00e0 Pellets<\/a><\/li>\n<li><a href=\"https:\/\/www.invicta.fr\/fr\/produit\/poele-a-bois-en-acier-neosen-n-raccordable\/\">Po\u00eale \u00e0 Bois en Acier Neosen N raccordable<\/a><\/li>\n<li><a href=\"https:\/\/www.invicta.fr\/fr\/produit\/insert-a-bois-700-sirocco-convection-naturelle\/\">Insert \u00e0 Bois 700 Sirocco Convection Naturelle<\/a><\/li>\n<li><a href=\"https:\/\/www.invicta.fr\/fr\/produit\/insert-a-bois-700-sirocco-turbo\/\">Insert \u00e0 Bois 700 Sirocco Turbo<\/a><\/li>\n<li><a href=\"https:\/\/www.invicta.fr\/fr\/produit\/insert-a-bois-700-austral-plus-turbo\/\">Insert \u00e0 Bois 700 Austral Plus Turbo<\/a><\/li>\n<li><a href=\"https:\/\/www.invicta.fr\/fr\/produit\/insert-a-bois-700-austral-turbo\/\">Insert \u00e0 Bois 700 Austral Turbo<\/a><\/li>\n<li><a href=\"https:\/\/www.invicta.fr\/fr\/produit\/insert-a-bois-700-austral-convection-naturelle\/\">Insert \u00e0 Bois 700 Austral Convection Naturelle<\/a><\/li>\n<li><a href=\"https:\/\/www.invicta.fr\/fr\/produit\/poele-a-bois-en-fonte-brio-sur-banc-1-metre-raccordable\/\">Po\u00eale \u00e0 bois en Fonte Brio sur banc 1 m\u00e8tre - Raccordable<\/a><\/li>\n<li><a href=\"https:\/\/www.invicta.fr\/fr\/produit\/poele-a-bois-en-fonte-brio-sur-banc-16-metre-raccordable\/\">Po\u00eale \u00e0 bois en Fonte Brio sur banc 1,6 m\u00e8tre - Raccordable<\/a><\/li>\n<li><a href=\"https:\/\/www.invicta.fr\/fr\/produit\/poele-fonte-brio-sur-pied-raccordable\/\">Po\u00eale \u00e0 bois en Fonte Brio sur pied Raccordable<\/a><\/li>\n<li><a href=\"https:\/\/www.invicta.fr\/fr\/produit\/poele-fonte-brio-raccordable\/\">Po\u00eale \u00e0 bois Fonte Brio Raccordable<\/a><\/li>\n<li><a href=\"https:\/\/www.invicta.fr\/fr\/produit\/poele-a-granules-etanche-lodi-6-poele-a-pellets-concentrique-wifi\/\">Po\u00eale \u00e0 Granul\u00e9s \u00e9tanche Lodi 6 - concentrique Wi-Fi<\/a><\/li>\n<li><a href=\"https:\/\/www.invicta.fr\/fr\/produit\/kit-raccordabilite-air-pour-ode\/\">Kit raccordabilit\u00e9 air pour Ode<\/a><\/li>\n<li><a href=\"https:\/\/www.invicta.fr\/fr\/produit\/poele-a-bois-en-fonte-ode\/\">Po\u00eale \u00e0 Bois en Fonte Ode<\/a><\/li>\n<li><a href=\"https:\/\/www.invicta.fr\/fr\/produit\/insert-a-bois-700-sirocco-plus\/\">Insert \u00e0 Bois 700 Sirocco Plus Turbo<\/a><\/li>\n<li><a href=\"https:\/\/www.invicta.fr\/fr\/produit\/insert-a-bois-700-absolu-magic-light\/\">Insert \u00e0 Bois 700 Absolu Magic light Turbo<\/a><\/li>\n<li><a href=\"https:\/\/www.invicta.fr\/fr\/produit\/insert-a-bois-700-alizeo\/\">Insert \u00e0 Bois 700 Aliz\u00e9o Turbo<\/a><\/li>\n<li><a href=\"https:\/\/www.invicta.fr\/fr\/produit\/poele-a-bois-en-fonte-modena-emaille\/\">Po\u00eale \u00e0 bois en Fonte Modena \u00e9maill\u00e9<\/a><\/li>\n<li><a href=\"https:\/\/www.invicta.fr\/fr\/produit\/poele-a-granules-lodi-10-wi-fi-poele-a-pellets\/\">Po\u00eale \u00e0 granul\u00e9s Lodi 10 Wi-Fi - Po\u00eale \u00e0 pellets<\/a><\/li>\n<li><a href=\"https:\/\/www.invicta.fr\/fr\/produit\/poele-a-granules-etanche-lodi-8-wi-fi-poele-a-pellets\/\">Po\u00eale \u00e0 Granul\u00e9s \u00e9tanche Lodi 8 Wi-Fi - Po\u00eale \u00e0 pellets<\/a><\/li>\n<li><a href=\"https:\/\/www.invicta.fr\/fr\/produit\/poele-a-granules-mirano-8-wi-fi\/\">Po\u00eale \u00e0 granul\u00e9s Mirano 8 Wi-Fi<\/a><\/li>\n<li><a href=\"https:\/\/www.invicta.fr\/fr\/produit\/foyer-a-bois-dangle-800-vitre-droite-cheminee\/\">Foyer \u00e0 bois d'Angle 800 Vitre Droite - chemin\u00e9e<\/a><\/li>\n<li><a href=\"https:\/\/www.invicta.fr\/fr\/produit\/foyer-a-bois-dangle-800-vitre-gauche-cheminee\/\">Foyer \u00e0 bois d'Angle 800 Vitre Gauche - chemin\u00e9e<\/a><\/li>\n<li><a href=\"https:\/\/www.invicta.fr\/fr\/produit\/poele-a-bois-fonte-mandorin\/\">Po\u00eale \u00e0 Bois Fonte Mandorin<\/a><\/li>\n<li><a href=\"https:\/\/www.invicta.fr\/fr\/produit\/accumulateur-de-chaleur-pour-poeles-a-bois-neosen\/\">Accumulateur de chaleur pour po\u00eales \u00e0 bois NEOSEN Plus<\/a><\/li>\n<li><a href=\"https:\/\/www.invicta.fr\/fr\/produit\/kit-manchettes-pour-inserts\/\">Kit manchettes pour inserts<\/a><\/li>\n<li><a href=\"https:\/\/www.invicta.fr\/fr\/produit\/kit-raccordabilite-air\/\">Kit raccordabilit\u00e9 air<\/a><\/li>\n<li><a href=\"https:\/\/www.invicta.fr\/fr\/produit\/foyer-700-elio\/\">Foyer 700 Elio<\/a><\/li>\n<li><a href=\"https:\/\/www.invicta.fr\/fr\/produit\/foyer-700-eos\/\">Foyer 700 Eos<\/a><\/li>\n<li><a href=\"https:\/\/www.invicta.fr\/fr\/produit\/poele-a-bois-en-acier-neosen-raccordable-plus\/\">Po\u00eale \u00e0 Bois en Acier Neosen raccordable Plus<\/a><\/li>\n<li><a href=\"https:\/\/www.invicta.fr\/fr\/produit\/poele-a-bois-en-acier-et-fonte-etanche-neosen-plus-raccordable\/\">Po\u00eale \u00e0 bois en Acier et fonte \u00e9tanche Neosen Plus raccordable<\/a><\/li>\n<li><a href=\"https:\/\/www.invicta.fr\/fr\/produit\/poele-a-bois-en-acier-neosen-plus-3-cotes-vitres-raccordable\/\">Po\u00eale \u00e0 Bois en Acier Neosen Plus 3 c\u00f4t\u00e9s vitr\u00e9s Raccordable<\/a><\/li>\n<li><a href=\"https:\/\/www.invicta.fr\/fr\/produit\/poele-fonte-kazan-zen\/\">Po\u00eale Fonte Kazan Zen<\/a><\/li>\n<li><a href=\"https:\/\/www.invicta.fr\/fr\/produit\/poele-fonte-kaori-zen\/\">Po\u00eale Fonte Kaori Zen<\/a><\/li>\n<li><a href=\"https:\/\/www.invicta.fr\/fr\/produit\/poele-a-bois-fonte-carolo-zen\/\">Po\u00eale \u00e0 Bois Fonte Carolo Zen<\/a><\/li>\n<li><a href=\"https:\/\/www.invicta.fr\/fr\/produit\/insert-a-granules-melfi-8\/\">Insert \u00e0 granul\u00e9s MELFI 8<\/a><\/li>\n<li><a href=\"https:\/\/www.invicta.fr\/fr\/produit\/poele-acier-boree\/\">Po\u00eale Acier Bor\u00e9e<\/a><\/li>\n<li><a href=\"https:\/\/www.invicta.fr\/fr\/produit\/poele-a-granules-daglan-slim-9-canalisable\/\">Po\u00eale \u00e0 granul\u00e9s Daglan Slim 9 Canalisable<\/a><\/li>\n<li><a href=\"https:\/\/www.invicta.fr\/fr\/produit\/poele-granules-talo-11\/\">Po\u00eale granul\u00e9s Talo 11 Canalisable<\/a><\/li>\n<li><a href=\"https:\/\/www.invicta.fr\/fr\/produit\/plaque-en-verre-p692004\/\">Plaque en verre P692004<\/a><\/li>\n<li><a href=\"https:\/\/www.invicta.fr\/fr\/produit\/plaque-en-verre-p692003\/\">Plaque en verre P692003<\/a><\/li>\n<li><a href=\"https:\/\/www.invicta.fr\/fr\/produit\/poele-a-granules-ove-plug-in-auto-gauche\/\">Po\u00eale \u00e0 Granul\u00e9s Ove Plug-IN Auto Gauche<\/a><\/li>\n<li><a href=\"https:\/\/www.invicta.fr\/fr\/produit\/poele-fonte-sedan-l\/\">Po\u00eale Fonte Sedan L<\/a><\/li>\n<li><a href=\"https:\/\/www.invicta.fr\/fr\/produit\/plaque-en-verre-p692002\/\">Plaque en verre P692002<\/a><\/li>\n<li><a href=\"https:\/\/www.invicta.fr\/fr\/produit\/panneau-de-protection-murale-pm\/\">Panneau de protection murale PM<\/a><\/li>\n<li><a href=\"https:\/\/www.invicta.fr\/fr\/produit\/banc-support-pm\/\">Banc support PM<\/a><\/li>\n<li><a href=\"https:\/\/www.invicta.fr\/fr\/produit\/reductions-de-buses-200-180\/\">R\u00e9ductions de buses 200\/180<\/a><\/li>\n<li><a href=\"https:\/\/www.invicta.fr\/fr\/produit\/grilles-daeration-avec-glissiere-218x108x20\/\">Grilles d'a\u00e9ration avec glissi\u00e8re 218X108X20<\/a><\/li>\n<li><a href=\"https:\/\/www.invicta.fr\/fr\/produit\/barbecue-fonte-malawi\/\">Barbecue fonte Malawi<\/a><\/li>\n<li><a href=\"https:\/\/www.invicta.fr\/fr\/produit\/lo-goustaou-avec-chariot\/\">Four Multifonction Lo Goustaou avec chariot<\/a><\/li>\n<li><a href=\"https:\/\/www.invicta.fr\/fr\/produit\/lo-goustaou-a-poser\/\">Lo Goustaou \u00e0 poser<\/a><\/li>\n<li><a href=\"https:\/\/www.invicta.fr\/fr\/produit\/lo-cigalou-sur-pieds\/\">Lo Cigalou sur pieds<\/a><\/li>\n<li><a href=\"https:\/\/www.invicta.fr\/fr\/produit\/lo-cigalou-a-poser\/\">Lo Cigalou \u00e0 poser<\/a><\/li>\n<li><a href=\"https:\/\/www.invicta.fr\/fr\/produit\/tatoo-cuiseur-a-bois\/\">Tatoo Cuiseur \u00e0 Bois<\/a><\/li>\n<li><a href=\"https:\/\/www.invicta.fr\/fr\/produit\/brasero-iowa\/\">Brasero Iowa<\/a><\/li>\n<li><a href=\"https:\/\/www.invicta.fr\/fr\/produit\/barbecue-fonte-niagara\/\">Barbecue fonte Niagara<\/a><\/li>\n<li><a href=\"https:\/\/www.invicta.fr\/fr\/produit\/barbecue-fonte-grilladin-luxe\/\">Barbecue fonte Grilladin luxe<\/a><\/li>\n<li><a href=\"https:\/\/www.invicta.fr\/fr\/produit\/plancha-rodez\/\">Plancha Rodez<\/a><\/li>\n<li><a href=\"https:\/\/www.invicta.fr\/fr\/produit\/barbecue-a-encastrer-louqsor\/\">Barbecue \u00e0 encastrer Louqsor<\/a><\/li>\n<li><a href=\"https:\/\/www.invicta.fr\/fr\/produit\/barbecue-a-encastrer-assouan\/\">Barbecue \u00e0 encastrer Assouan<\/a><\/li>\n<li><a href=\"https:\/\/www.invicta.fr\/fr\/produit\/barbecue-a-poser-alexandrie\/\">Barbecue \u00e0 poser Alexandrie<\/a><\/li>\n<li><a href=\"https:\/\/www.invicta.fr\/fr\/produit\/insert-600-turbo\/\">Insert \u00e0 bois 600 Turbo<\/a><\/li>\n<li><a href=\"https:\/\/www.invicta.fr\/fr\/produit\/foyer-a-bois-700-gv-double-face-volet\/\">Foyer \u00e0 bois 700 GV Double Face Volet<\/a><\/li>\n<li><a href=\"https:\/\/www.invicta.fr\/fr\/produit\/foyer-700-optimise-avec-volet\/\">Foyer 700 Optimis\u00e9 avec volet<\/a><\/li>\n<li><a href=\"https:\/\/www.invicta.fr\/fr\/produit\/foyer-700-selenic-volet\/\">Foyer 700 S\u00e9l\u00e9nic volet<\/a><\/li>\n<li><a href=\"https:\/\/www.invicta.fr\/fr\/produit\/foyer-700-compact-volet\/\">Foyer 700 Compact avec volet<\/a><\/li>\n<li><a href=\"https:\/\/www.invicta.fr\/fr\/produit\/poele-fonte-norik\/\">Po\u00eale Fonte Norik<\/a><\/li>\n<li><a href=\"https:\/\/www.invicta.fr\/fr\/produit\/poele-fonte-treville\/\">Po\u00eale Fonte Treville<\/a><\/li>\n<li><a href=\"https:\/\/www.invicta.fr\/fr\/produit\/poele-fonte-melville\/\">Po\u00eale Fonte Melville<\/a><\/li>\n<li><a href=\"https:\/\/www.invicta.fr\/fr\/produit\/poele-fonte-tipi\/\">Po\u00eale Fonte Tipi<\/a><\/li>\n<li><a href=\"https:\/\/www.invicta.fr\/fr\/produit\/poele-fonte-siam\/\">Po\u00eale \u00e0 Bois Fonte Siam<\/a><\/li>\n<li><a href=\"https:\/\/www.invicta.fr\/fr\/produit\/poele-fonte-sedan-m\/\">Po\u00eale \u00e0 Bois en Fonte Sedan M<\/a><\/li>\n<li><a href=\"https:\/\/www.invicta.fr\/fr\/produit\/poele-fonte-sedan-s\/\">Po\u00eale Fonte Sedan S<\/a><\/li>\n<li><a href=\"https:\/\/www.invicta.fr\/fr\/produit\/reductions-de-buses-pour-foyers-et-inserts\/\">R\u00e9ductions de buses 230\/200<\/a><\/li>\n<li><a href=\"https:\/\/www.invicta.fr\/fr\/produit\/grille-optionnelle\/\">Grille chauffage<\/a><\/li>\n<li><a href=\"https:\/\/www.invicta.fr\/fr\/produit\/kit-volet-buse-avec-tringlerie\/\">Kit volet buse avec tringlerie<\/a><\/li>\n<li><a href=\"https:\/\/www.invicta.fr\/fr\/produit\/kit-volet-buse-avec-cable\/\">Kit volet buse avec c\u00e2ble \u00d8 200<\/a><\/li>\n<li><a href=\"https:\/\/www.invicta.fr\/fr\/produit\/taques\/\">Taques glaneuses<\/a><\/li>\n<li><a href=\"https:\/\/www.invicta.fr\/fr\/produit\/chenets\/\">Chenets<\/a><\/li>\n<li><a href=\"https:\/\/www.invicta.fr\/fr\/produit\/chaise-support\/\">Chaise support<\/a><\/li>\n<li><a href=\"https:\/\/www.invicta.fr\/fr\/produit\/banc-support\/\">Banc support GM<\/a><\/li>\n<li><a href=\"https:\/\/www.invicta.fr\/fr\/produit\/panneau-protection-murale\/\">Panneau de protection murale GM<\/a><\/li>\n<li><a href=\"https:\/\/www.invicta.fr\/fr\/produit\/plaques-en-verre\/\">Plaque en verre P692001<\/a><\/li>\n<li><a href=\"https:\/\/www.invicta.fr\/fr\/produit\/aerosol-peinture\/\">A\u00e9rosol peinture<\/a><\/li>\n<li><a href=\"https:\/\/www.invicta.fr\/fr\/produit\/poele-a-bois-en-fonte-samara-invicta\/\">Po\u00eale \u00e0 bois en Fonte Samara<\/a><\/li>\n<li><a href=\"https:\/\/www.invicta.fr\/fr\/produit\/poele-fonte-remilly\/\">Po\u00eale \u00e0 Bois en Fonte Remilly<\/a><\/li>\n<li><a href=\"https:\/\/www.invicta.fr\/fr\/produit\/poele-fonte-pharos\/\">Po\u00eale \u00e0 Bois en Fonte Pharos<\/a><\/li>\n<li><a href=\"https:\/\/www.invicta.fr\/fr\/produit\/poele-a-bois-ovatio\/\">Po\u00eale \u00e0 Bois Fonte Ovatio<\/a><\/li>\n<li><a href=\"https:\/\/www.invicta.fr\/fr\/produit\/poele-fonte-okino\/\">Po\u00eale Fonte Okino<\/a><\/li>\n<li><a href=\"https:\/\/www.invicta.fr\/fr\/produit\/poele-a-bois-en-fonte-modena-invicta\/\">Po\u00eale \u00e0 bois en Fonte Modena<\/a><\/li>\n<li><a href=\"https:\/\/www.invicta.fr\/fr\/produit\/poele-fonte-mesnil\/\">Po\u00eale Fonte Mesnil<\/a><\/li>\n<li><a href=\"https:\/\/www.invicta.fr\/fr\/produit\/poele-fonte-mandor\/\">Po\u00eale \u00e0 bois Fonte Mandor<\/a><\/li>\n<li><a href=\"https:\/\/www.invicta.fr\/fr\/produit\/poele-fonte-mairy\/\">Po\u00eale Fonte Mairy<\/a><\/li>\n<li><a href=\"https:\/\/www.invicta.fr\/fr\/produit\/poele-a-bois-en-fonte-kazan-ga\/\">Po\u00eale \u00e0 bois en Fonte Kazan GA<\/a><\/li>\n<li><a href=\"https:\/\/www.invicta.fr\/fr\/produit\/poele-fonte-kazan\/\">Po\u00eale Fonte Kazan<\/a><\/li>\n<li><a href=\"https:\/\/www.invicta.fr\/fr\/produit\/poele-fonte-kaori\/\">Po\u00eale Fonte Kaori<\/a><\/li>\n<li><a href=\"https:\/\/www.invicta.fr\/fr\/produit\/poele-fonte-iwaki\/\">Po\u00eale Fonte Iwaki<\/a><\/li>\n<li><a href=\"https:\/\/www.invicta.fr\/fr\/produit\/poele-fonte-gomont\/\">Po\u00eale Fonte Gomont<\/a><\/li>\n<li><a href=\"https:\/\/www.invicta.fr\/fr\/produit\/poele-fonte-fifty-arche\/\">Po\u00eale \u00e0 bois en Fonte Fifty Plus Arche<\/a><\/li>\n<li><a href=\"https:\/\/www.invicta.fr\/fr\/produit\/poele-fonte-fifty-sur-pied\/\">Po\u00eale \u00e0 bois Fonte Fifty Plus sur Pied<\/a><\/li>\n<li><a href=\"https:\/\/www.invicta.fr\/fr\/produit\/poele-fonte-symphonia\/\">Po\u00eale \u00e0 bois en Fonte Symphonia<\/a><\/li>\n<li><a href=\"https:\/\/www.invicta.fr\/fr\/produit\/poele-a-bois-en-fonte-preston-invicta\/\">Po\u00eale \u00e0 bois en Fonte Preston<\/a><\/li>\n<li><a href=\"https:\/\/www.invicta.fr\/fr\/produit\/poele-fonte-nelson\/\">Po\u00eale Fonte Nelson<\/a><\/li>\n<li><a href=\"https:\/\/www.invicta.fr\/fr\/produit\/poele-a-bois-en-fonte-itaya-invicta\/\">Po\u00eale \u00e0 bois en Fonte Itaya<\/a><\/li>\n<li><a href=\"https:\/\/www.invicta.fr\/fr\/produit\/poele-fonte-elton\/\">Po\u00eale Fonte Elton<\/a><\/li>\n<li><a href=\"https:\/\/www.invicta.fr\/fr\/produit\/poele-fonte-antaya\/\">Po\u00eale \u00e0 Bois en Fonte Antaya<\/a><\/li>\n<li><a href=\"https:\/\/www.invicta.fr\/fr\/produit\/poele-fonte-aaron\/\">Po\u00eale \u00e0 Bois en Fonte Aaron<\/a><\/li>\n<li><a href=\"https:\/\/www.invicta.fr\/fr\/produit\/poele-a-granules-nola-10-poele-a-pellets\/\">Po\u00eale \u00e0 Granul\u00e9s Nola 10 - Po\u00eale \u00e0 Pellets<\/a><\/li>\n<li><a href=\"https:\/\/www.invicta.fr\/fr\/produit\/adrano-7\/\">Po\u00eale \u00e0 granul\u00e9s Adrano 7 - Po\u00eale \u00e0 pellets<\/a><\/li>\n<li><a href=\"https:\/\/www.invicta.fr\/fr\/produit\/bassano-5\/\">Po\u00eale \u00e0 granul\u00e9s Bassano 5 - Po\u00eale \u00e0 pellets<\/a><\/li>\n<li><a href=\"https:\/\/www.invicta.fr\/fr\/produit\/poele-nola-7\/\">Po\u00eale \u00e0 Granul\u00e9s Nola 7 - Po\u00eale \u00e0 Pellets<\/a><\/li>\n<li><a href=\"https:\/\/www.invicta.fr\/fr\/produit\/poele-fonte-chatel\/\">Po\u00eale Fonte Ch\u00e2tel<\/a><\/li>\n<li><a href=\"https:\/\/www.invicta.fr\/fr\/produit\/poele-fonte-chamane-10\/\">Po\u00eale \u00e0 bois en Fonte Chamane 10<\/a><\/li>\n<li><a href=\"https:\/\/www.invicta.fr\/fr\/produit\/poele-fonte-cassine\/\">Po\u00eale Fonte Cassine<\/a><\/li>\n<li><a href=\"https:\/\/www.invicta.fr\/fr\/produit\/poele-fonte-carolo\/\">Po\u00eale \u00e0 Bois Fonte Carolo<\/a><\/li>\n<li><a href=\"https:\/\/www.invicta.fr\/fr\/produit\/poele-fonte-bradford\/\">Po\u00eale \u00e0 bois Fonte Bradford<\/a><\/li>\n<li><a href=\"https:\/\/www.invicta.fr\/fr\/produit\/poele-a-bois-en-fonte-argos-invicta\/\">Po\u00eale \u00e0 bois en Fonte Argos<\/a><\/li>\n<li><a href=\"https:\/\/www.invicta.fr\/fr\/produit\/foyer-dangle-700-vitre-gauche\/\">Foyer \u00e0 bois d'Angle 700 Vitre Gauche - chemin\u00e9e<\/a><\/li>\n<li><a href=\"https:\/\/www.invicta.fr\/fr\/produit\/poele-fonte-aratos\/\">Po\u00eale Fonte Aratos<\/a><\/li>\n<li><a href=\"https:\/\/www.invicta.fr\/fr\/produit\/foyer-dangle-700-vitre-droite\/\">Foyer \u00e0 Bois d'angle 700 Vitre Droite - Chemin\u00e9e<\/a><\/li>\n<li><a href=\"https:\/\/www.invicta.fr\/fr\/produit\/poele-fonte-massy\/\">Po\u00eale \u00e0 Bois en Fonte Massy<\/a><\/li>\n<li><a href=\"https:\/\/www.invicta.fr\/fr\/produit\/poele-fonte-alma\/\">Po\u00eale \u00e0 bois Fonte Alma<\/a><\/li>\n<li><a href=\"https:\/\/www.invicta.fr\/fr\/produit\/poele-a-bois-en-fonte-balami-invicta\/\">Po\u00eale \u00e0 bois en Fonte Balami<\/a><\/li>\n<li><a href=\"https:\/\/www.invicta.fr\/fr\/produit\/poele-fonte-raccordable-altara\/\">Po\u00eale Fonte Altara raccordable<\/a><\/li>\n<li><a href=\"https:\/\/www.invicta.fr\/fr\/produit\/poele-a-bois-norman\/\">Po\u00eale \u00e0 Bois en Fonte Norman<\/a><\/li>\n<li><a href=\"https:\/\/www.invicta.fr\/fr\/produit\/poele-fonte-vosges\/\">Po\u00eale \u00e0 Bois en Fonte Vosges<\/a><\/li>\n<li><a href=\"https:\/\/www.invicta.fr\/fr\/produit\/poele-fonte-rustica\/\">Po\u00eale \u00e0 Bois en Fonte Rustica<\/a><\/li>\n<li><a href=\"https:\/\/www.invicta.fr\/fr\/produit\/poele-a-bois-en-fonte-balham-invicta\/\">Po\u00eale \u00e0 bois en Fonte Balham<\/a><\/li>\n<li><a href=\"https:\/\/www.invicta.fr\/fr\/produit\/poele-fonte-angor\/\">Po\u00eale Fonte Angor<\/a><\/li>\n<li><a href=\"https:\/\/www.invicta.fr\/fr\/produit\/poele-a-bois-en-fonte-altea-invicta\/\">Po\u00eale \u00e0 bois en Fonte Alt\u00e9a<\/a><\/li>\n<li><a href=\"https:\/\/www.invicta.fr\/fr\/produit\/ove-plug-in-auto\/\">Po\u00eale \u00e0 Granul\u00e9s Ove Plug-IN Auto Droite<\/a><\/li>\n<\/ul>\n<h2 class=\"wsp-product_cats-title\">Cat\u00e9gories de produits<\/h2>\n<ul class=\"wsp-product_cats-list\">\n<li><a href=\"https:\/\/www.invicta.fr\/fr\/categorie-produit\/aide-au-choix\/\">Aide au choix<\/a><\/li>\n<li><a href=\"https:\/\/www.invicta.fr\/fr\/categorie-produit\/plein-air\/\">Plein Air<\/a><\/li>\n<li><a href=\"https:\/\/www.invicta.fr\/fr\/categorie-produit\/plein-air\/barbecue\/\">Barbecue<\/a><\/li>\n<li><a href=\"https:\/\/www.invicta.fr\/fr\/categorie-produit\/plein-air\/brasero\/\">Bras\u00e9ro<\/a><\/li>\n<li><a href=\"https:\/\/www.invicta.fr\/fr\/categorie-produit\/plein-air\/four_a_pain\/\">Four \u00e0 Pain<\/a><\/li>\n<li><a href=\"https:\/\/www.invicta.fr\/fr\/categorie-produit\/plein-air\/plancha\/\">Plancha<\/a><\/li>\n<li><a href=\"https:\/\/www.invicta.fr\/fr\/categorie-produit\/inserts-cheminees\/\">Inserts Chemin\u00e9es<\/a><\/li>\n<li><a href=\"https:\/\/www.invicta.fr\/fr\/categorie-produit\/inserts-cheminees\/inserts-a-granules-pellets\/\">Inserts \u00e0 Granul\u00e9s<\/a><\/li>\n<li><a href=\"https:\/\/www.invicta.fr\/fr\/categorie-produit\/inserts-cheminees\/foyers-a-bois-pour-cheminees-cheminees-inserts\/\">Foyers \u00e0 Bois - Chemin\u00e9es<\/a><\/li>\n<li><a href=\"https:\/\/www.invicta.fr\/fr\/categorie-produit\/inserts-cheminees\/inserts-a-bois-pour-cheminees\/\">Inserts \u00e0 Bois - Chemin\u00e9es<\/a><\/li>\n<li><a href=\"https:\/\/www.invicta.fr\/fr\/categorie-produit\/inserts-cheminees\/accessoires\/\">Accessoires pour Inserts de Chemin\u00e9es<\/a><\/li>\n<li><a href=\"https:\/\/www.invicta.fr\/fr\/categorie-produit\/cheminees-a-bois\/\">Chemin\u00e9es \u00e0 bois<\/a><\/li>\n<li><a href=\"https:\/\/www.invicta.fr\/fr\/categorie-produit\/inserts-bois-angle\/\">Inserts bois angle<\/a><\/li>\n<li><a href=\"https:\/\/www.invicta.fr\/fr\/categorie-produit\/inserts-bois-design\/\">Inserts bois design<\/a><\/li>\n<li><a href=\"https:\/\/www.invicta.fr\/fr\/categorie-produit\/inserts-bois-double-face\/\">Inserts bois double face<\/a><\/li>\n<li><a href=\"https:\/\/www.invicta.fr\/fr\/categorie-produit\/inserts-bois-encastrables\/\">Inserts bois encastrables<\/a><\/li>\n<li><a href=\"https:\/\/www.invicta.fr\/fr\/categorie-produit\/cuisson\/\">Cuisson<\/a><\/li>\n<li><a href=\"https:\/\/www.invicta.fr\/fr\/categorie-produit\/cuisson\/fours-a-bois-cuiseurs-et-braseros\/\">Fours \u00e0 bois, cuiseurs et bras\u00e9ros<\/a><\/li>\n<li><a href=\"https:\/\/www.invicta.fr\/fr\/categorie-produit\/cuisson\/planchas-barbecues-a-gaz\/\">Planchas et barbecues \u00e0 gaz<\/a><\/li>\n<li><a href=\"https:\/\/www.invicta.fr\/fr\/categorie-produit\/barbecues-charbon-de-bois\/\">Barbecues charbon de bois<\/a><\/li>\n<li><a href=\"https:\/\/www.invicta.fr\/fr\/categorie-produit\/poeles-bois\/\">Po\u00eales \u00e0 Bois<\/a><\/li>\n<li><a href=\"https:\/\/www.invicta.fr\/fr\/categorie-produit\/poeles-bois\/poeles-a-bois-etanches\/\">Po\u00eales \u00e0 Bois \u00e9tanches<\/a><\/li>\n<li><a href=\"https:\/\/www.invicta.fr\/fr\/categorie-produit\/poeles-bois\/poeles-a-bois-fonte-acier\/\">Po\u00eales \u00e0 Bois en Fonte<\/a><\/li>\n<li><a href=\"https:\/\/www.invicta.fr\/fr\/categorie-produit\/poeles-bois\/poeles-a-bois-en-acier\/\">Po\u00eales \u00e0 Bois en Acier<\/a><\/li>\n<li><a href=\"https:\/\/www.invicta.fr\/fr\/categorie-produit\/poeles-bois\/accessoires-poeles-a-bois\/\">Accessoires pour Po\u00eales \u00e0 Bois<\/a><\/li>\n<li><a href=\"https:\/\/www.invicta.fr\/fr\/categorie-produit\/poeles-cheminees\/\">Po\u00eales chemin\u00e9es<\/a><\/li>\n<li><a href=\"https:\/\/www.invicta.fr\/fr\/categorie-produit\/poeles-a-bois-buches-50-cm\/\">Po\u00eales \u00e0 bois - b\u00fbches 50 cm<\/a><\/li>\n<li><a href=\"https:\/\/www.invicta.fr\/fr\/categorie-produit\/poeles-a-bois-4-kw\/\">Po\u00eales \u00e0 bois 4 kW<\/a><\/li>\n<li><a href=\"https:\/\/www.invicta.fr\/fr\/categorie-produit\/poeles-a-bois-5-kw\/\">Po\u00eales \u00e0 bois 5 kW<\/a><\/li>\n<li><a href=\"https:\/\/www.invicta.fr\/fr\/categorie-produit\/poeles-a-bois-6-kw\/\">Po\u00eales \u00e0 bois 6 kW<\/a><\/li>\n<li><a href=\"https:\/\/www.invicta.fr\/fr\/categorie-produit\/poeles-a-bois-7-kw\/\">Po\u00eales \u00e0 bois 7 kW<\/a><\/li>\n<li><a href=\"https:\/\/www.invicta.fr\/fr\/categorie-produit\/poeles-a-bois-8-kw\/\">Po\u00eales \u00e0 bois 8 kW<\/a><\/li>\n<li><a href=\"https:\/\/www.invicta.fr\/fr\/categorie-produit\/poeles-a-bois-9-kw\/\">Po\u00eales \u00e0 bois 9 kW<\/a><\/li>\n<li><a href=\"https:\/\/www.invicta.fr\/fr\/categorie-produit\/poeles-a-bois-13-kw\/\">Po\u00eales \u00e0 bois 13 kW<\/a><\/li>\n<li><a href=\"https:\/\/www.invicta.fr\/fr\/categorie-produit\/poeles-a-bois-3-faces\/\">Po\u00eales \u00e0 bois 3 faces<\/a><\/li>\n<li><a href=\"https:\/\/www.invicta.fr\/fr\/categorie-produit\/poeles-a-bois-anciens\/\">Po\u00eales \u00e0 bois anciens<\/a><\/li>\n<li><a href=\"https:\/\/www.invicta.fr\/fr\/categorie-produit\/poeles-a-bois-angle\/\">Po\u00eales \u00e0 bois angle<\/a><\/li>\n<li><a href=\"https:\/\/www.invicta.fr\/fr\/categorie-produit\/poeles-a-bois-blancs\/\">Po\u00eales \u00e0 bois blancs<\/a><\/li>\n<li><a href=\"https:\/\/www.invicta.fr\/fr\/categorie-produit\/poeles-a-bois-contemporains\/\">Po\u00eales \u00e0 bois contemporains<\/a><\/li>\n<li><a href=\"https:\/\/www.invicta.fr\/fr\/categorie-produit\/poeles-a-bois-design\/\">Po\u00eales \u00e0 bois design<\/a><\/li>\n<li><a href=\"https:\/\/www.invicta.fr\/fr\/categorie-produit\/poeles-a-bois-double-face\/\">Po\u00eales \u00e0 bois double face<\/a><\/li>\n<li><a href=\"https:\/\/www.invicta.fr\/fr\/categorie-produit\/poeles-a-bois-industriels\/\">Po\u00eales \u00e0 bois industriels<\/a><\/li>\n<li><a href=\"https:\/\/www.invicta.fr\/fr\/categorie-produit\/poeles-a-bois-modernes\/\">Po\u00eales \u00e0 bois modernes<\/a><\/li>\n<li><a href=\"https:\/\/www.invicta.fr\/fr\/categorie-produit\/poeles-a-bois-petit-format\/\">Po\u00eales \u00e0 bois petit format<\/a><\/li>\n<li><a href=\"https:\/\/www.invicta.fr\/fr\/categorie-produit\/poeles-a-bois-ronds\/\">Po\u00eales \u00e0 bois ronds<\/a><\/li>\n<li><a href=\"https:\/\/www.invicta.fr\/fr\/categorie-produit\/poeles-a-bois-rouges\/\">Po\u00eales \u00e0 bois rouges<\/a><\/li>\n<li><a href=\"https:\/\/www.invicta.fr\/fr\/categorie-produit\/poeles-a-bois-rustiques\/\">Po\u00eales \u00e0 bois rustiques<\/a><\/li>\n<li><a href=\"https:\/\/www.invicta.fr\/fr\/categorie-produit\/poeles-a-bois-sortie-arriere\/\">Po\u00eales \u00e0 bois sortie arri\u00e8re<\/a><\/li>\n<li><a href=\"https:\/\/www.invicta.fr\/fr\/categorie-produit\/poeles-a-bois-traditionnels\/\">Po\u00eales \u00e0 bois traditionnels<\/a><\/li>\n<li><a href=\"https:\/\/www.invicta.fr\/fr\/categorie-produit\/poeles-a-bois-vintage\/\">Po\u00eales \u00e0 bois vintage<\/a><\/li>\n<li><a href=\"https:\/\/www.invicta.fr\/fr\/categorie-produit\/poeles-a-bois-10-kw\/\">Po\u00eales \u00e0 bois 10 kW<\/a><\/li>\n<li><a href=\"https:\/\/www.invicta.fr\/fr\/categorie-produit\/poeles-a-bois-11-kw\/\">Po\u00eales \u00e0 bois 11 kW<\/a><\/li>\n<li><a href=\"https:\/\/www.invicta.fr\/fr\/categorie-produit\/poeles-a-bois-12-kw\/\">Po\u00eales \u00e0 bois 12 kW<\/a><\/li>\n<li><a href=\"https:\/\/www.invicta.fr\/fr\/categorie-produit\/poeles-granules\/\">Po\u00eales \u00e0 Granul\u00e9s<\/a><\/li>\n<li><a href=\"https:\/\/www.invicta.fr\/fr\/categorie-produit\/poeles-granules\/plug-in-poeles-a-granules-nouvelle-generation\/\">Plug-in, design et innovation<\/a><\/li>\n<li><a href=\"https:\/\/www.invicta.fr\/fr\/categorie-produit\/poeles-granules\/poeles-a-granules-etanches-pellets\/\">Po\u00eales \u00e0 Granul\u00e9s \u00c9tanches<\/a><\/li>\n<li><a href=\"https:\/\/www.invicta.fr\/fr\/categorie-produit\/poeles-granules\/poeles-a-granules-pellets\/\">Po\u00eales \u00e0 Granul\u00e9s Standards<\/a><\/li>\n<li><a href=\"https:\/\/www.invicta.fr\/fr\/categorie-produit\/poeles-granules\/accessoires-poele-granules\/\">Accessoires po\u00eales granul\u00e9s<\/a><\/li>\n<li><a href=\"https:\/\/www.invicta.fr\/fr\/categorie-produit\/poeles-a-granules-6-kw\/\">Po\u00eales \u00e0 granul\u00e9s 6 kW<\/a><\/li>\n<li><a href=\"https:\/\/www.invicta.fr\/fr\/categorie-produit\/poeles-a-granules-7-kw\/\">Po\u00eales \u00e0 granul\u00e9s 7 kW<\/a><\/li>\n<li><a href=\"https:\/\/www.invicta.fr\/fr\/categorie-produit\/poeles-a-bois-encastrables\/\">Po\u00eales \u00e0 bois encastrables<\/a><\/li>\n<li><a href=\"https:\/\/www.invicta.fr\/fr\/categorie-produit\/poeles-a-granules-8-kw\/\">Po\u00eales \u00e0 granul\u00e9s 8 kW<\/a><\/li>\n<li><a href=\"https:\/\/www.invicta.fr\/fr\/categorie-produit\/poeles-a-granules-9-kw\/\">Po\u00eales \u00e0 granul\u00e9s 9 kW<\/a><\/li>\n<li><a href=\"https:\/\/www.invicta.fr\/fr\/categorie-produit\/poeles-a-granules-10-kw\/\">Po\u00eales \u00e0 granul\u00e9s 10 kW<\/a><\/li>\n<li><a href=\"https:\/\/www.invicta.fr\/fr\/categorie-produit\/poeles-a-granules-11-kw\/\">Po\u00eales \u00e0 granul\u00e9s 11 kW<\/a><\/li>\n<li><a href=\"https:\/\/www.invicta.fr\/fr\/categorie-produit\/poeles-a-granules-etanches-6-kw\/\">Po\u00eales \u00e0 granul\u00e9s \u00e9tanches 6 kW<\/a><\/li>\n<li><a href=\"https:\/\/www.invicta.fr\/fr\/categorie-produit\/poeles-a-granules-etanches-8-kw\/\">Po\u00eales \u00e0 granul\u00e9s \u00e9tanches 8 kW<\/a><\/li>\n<li><a href=\"https:\/\/www.invicta.fr\/fr\/categorie-produit\/poeles-a-granules-autonomes\/\">Po\u00eales \u00e0 granul\u00e9s autonomes<\/a><\/li>\n<li><a href=\"https:\/\/www.invicta.fr\/fr\/categorie-produit\/poeles-a-granules-canalisables\/\">Po\u00eales \u00e0 granul\u00e9s canalisables<\/a><\/li>\n<li><a href=\"https:\/\/www.invicta.fr\/fr\/categorie-produit\/poeles-a-granules-programmables\/\">Po\u00eales \u00e0 granul\u00e9s programmables<\/a><\/li>\n<li><a href=\"https:\/\/www.invicta.fr\/fr\/categorie-produit\/poeles-a-granules-design\/\">Po\u00eales \u00e0 granul\u00e9s design<\/a><\/li>\n<li><a href=\"https:\/\/www.invicta.fr\/fr\/categorie-produit\/poeles-a-granules-contemporains\/\">Po\u00eales \u00e0 granul\u00e9s contemporains<\/a><\/li>\n<li><a href=\"https:\/\/www.invicta.fr\/fr\/categorie-produit\/poeles-a-granules-modernes\/\">Po\u00eales \u00e0 granul\u00e9s modernes<\/a><\/li>\n<li><a href=\"https:\/\/www.invicta.fr\/fr\/categorie-produit\/poeles-a-granules-extra-plats\/\">Po\u00eales \u00e0 granul\u00e9s extra plats<\/a><\/li>\n<li><a href=\"https:\/\/www.invicta.fr\/fr\/categorie-produit\/poeles-a-granules-plats\/\">Po\u00eales \u00e0 granul\u00e9s plats<\/a><\/li>\n<li><a href=\"https:\/\/www.invicta.fr\/fr\/categorie-produit\/poeles-a-granules-petits-formats\/\">Po\u00eales \u00e0 granul\u00e9s petits formats<\/a><\/li>\n<li><a href=\"https:\/\/www.invicta.fr\/fr\/categorie-produit\/poeles-a-granules-ronds\/\">Po\u00eales \u00e0 granul\u00e9s ronds<\/a><\/li>\n<li><a href=\"https:\/\/www.invicta.fr\/fr\/categorie-produit\/poeles-a-granules-rouges\/\">Po\u00eales \u00e0 granul\u00e9s rouges<\/a><\/li>\n<li><a href=\"https:\/\/www.invicta.fr\/fr\/categorie-produit\/poeles-a-granules-sortie-dessus\/\">Po\u00eales \u00e0 granul\u00e9s sortie dessus<\/a><\/li>\n<li><a href=\"https:\/\/www.invicta.fr\/fr\/categorie-produit\/poeles-a-granules-sortie-murale\/\">Po\u00eales \u00e0 granul\u00e9s sortie murale<\/a><\/li>\n<li><a href=\"https:\/\/www.invicta.fr\/fr\/categorie-produit\/poeles-a-granules-sortie-ventouse\/\">Po\u00eales \u00e0 granul\u00e9s sortie ventouse<\/a><\/li>\n<li><a href=\"https:\/\/www.invicta.fr\/fr\/categorie-produit\/poeles-a-granules-pour-chauffage-central\/\">Po\u00eales \u00e0 granul\u00e9s pour chauffage central<\/a><\/li>\n<li><a href=\"https:\/\/www.invicta.fr\/fr\/categorie-produit\/poeles-a-granules-5-kw\/\">Po\u00eales \u00e0 granul\u00e9s 5 kW<\/a><\/li>\n<\/ul>\n<\/div><p><\/p>","protected":false},"excerpt":{"rendered":"","protected":false},"author":130,"featured_media":0,"parent":0,"menu_order":0,"comment_status":"closed","ping_status":"closed","template":"","meta":{"_acf_changed":false,"footnotes":""},"class_list":{"1":"page"},"acf":[],"yoast_head":"<!-- This site is optimized with the Yoast SEO plugin v24.7 - https:\/\/yoast.com\/wordpress\/plugins\/seo\/ -->\n<title>Plan du site - Invicta<\/title>\n<meta name=\"robots\" content=\"index, follow, max-snippet:-1, max-image-preview:large, max-video-preview:-1\" \/>\n<link rel=\"canonical\" href=\"https:\/\/www.invicta.fr\/fr\/plan-du-site\/\" \/>\n<meta property=\"og:locale\" content=\"fr_FR\" \/>\n<meta property=\"og:type\" content=\"article\" \/>\n<meta property=\"og:title\" content=\"Plan du site - Invicta\" \/>\n<meta property=\"og:url\" content=\"https:\/\/www.invicta.fr\/fr\/plan-du-site\/\" \/>\n<meta property=\"og:site_name\" content=\"Invicta\" \/>\n<meta property=\"article:modified_time\" content=\"2025-04-28T11:02:01+00:00\" \/>\n<meta name=\"twitter:card\" content=\"summary_large_image\" \/>\n<script type=\"application\/ld+json\" class=\"yoast-schema-graph\">{\"@context\":\"https:\/\/schema.org\",\"@graph\":[{\"@type\":\"WebPage\",\"@id\":\"https:\/\/www.invicta.fr\/fr\/plan-du-site\/\",\"url\":\"https:\/\/www.invicta.fr\/fr\/plan-du-site\/\",\"name\":\"Plan du site - Invicta\",\"isPartOf\":{\"@id\":\"https:\/\/www.invicta.fr\/fr\/#website\"},\"datePublished\":\"2025-04-28T11:01:57+00:00\",\"dateModified\":\"2025-04-28T11:02:01+00:00\",\"breadcrumb\":{\"@id\":\"https:\/\/www.invicta.fr\/fr\/plan-du-site\/#breadcrumb\"},\"inLanguage\":\"fr-FR\",\"potentialAction\":[{\"@type\":\"ReadAction\",\"target\":[\"https:\/\/www.invicta.fr\/fr\/plan-du-site\/\"]}]},{\"@type\":\"BreadcrumbList\",\"@id\":\"https:\/\/www.invicta.fr\/fr\/plan-du-site\/#breadcrumb\",\"itemListElement\":[{\"@type\":\"ListItem\",\"position\":1,\"name\":\"Accueil\",\"item\":\"https:\/\/www.invicta.fr\/fr\/\"},{\"@type\":\"ListItem\",\"position\":2,\"name\":\"Plan du site\"}]},{\"@type\":\"WebSite\",\"@id\":\"https:\/\/www.invicta.fr\/fr\/#website\",\"url\":\"https:\/\/www.invicta.fr\/fr\/\",\"name\":\"Invicta\",\"description\":\"Fabricant fran\u00e7ais, sp\u00e9cialiste europ\u00e9en du chauffage au bois : po\u00eales \u00e0 bois et \u00e0 granul\u00e9s, chemin\u00e9es, foyers et inserts\",\"publisher\":{\"@id\":\"https:\/\/www.invicta.fr\/fr\/#organization\"},\"potentialAction\":[{\"@type\":\"SearchAction\",\"target\":{\"@type\":\"EntryPoint\",\"urlTemplate\":\"https:\/\/www.invicta.fr\/fr\/?s={search_term_string}\"},\"query-input\":{\"@type\":\"PropertyValueSpecification\",\"valueRequired\":true,\"valueName\":\"search_term_string\"}}],\"inLanguage\":\"fr-FR\"},{\"@type\":\"Organization\",\"@id\":\"https:\/\/www.invicta.fr\/fr\/#organization\",\"name\":\"Invicta\",\"url\":\"https:\/\/www.invicta.fr\/fr\/\",\"logo\":{\"@type\":\"ImageObject\",\"inLanguage\":\"fr-FR\",\"@id\":\"https:\/\/www.invicta.fr\/fr\/#\/schema\/logo\/image\/\",\"url\":\"https:\/\/www.invicta.fr\/wp-content\/uploads\/2019\/06\/INVICTALOGO_RVB.png\",\"contentUrl\":\"https:\/\/www.invicta.fr\/wp-content\/uploads\/2019\/06\/INVICTALOGO_RVB.png\",\"width\":1810,\"height\":1280,\"caption\":\"Invicta\"},\"image\":{\"@id\":\"https:\/\/www.invicta.fr\/fr\/#\/schema\/logo\/image\/\"}}]}<\/script>\n<!-- \/ Yoast SEO plugin. -->","yoast_head_json":{"title":"Plan du site - Invicta","robots":{"index":"index","follow":"follow","max-snippet":"max-snippet:-1","max-image-preview":"max-image-preview:large","max-video-preview":"max-video-preview:-1"},"canonical":"https:\/\/www.invicta.fr\/fr\/plan-du-site\/","og_locale":"fr_FR","og_type":"article","og_title":"Plan du site - Invicta","og_url":"https:\/\/www.invicta.fr\/fr\/plan-du-site\/","og_site_name":"Invicta","article_modified_time":"2025-04-28T11:02:01+00:00","twitter_card":"summary_large_image","schema":{"@context":"https:\/\/schema.org","@graph":[{"@type":"WebPage","@id":"https:\/\/www.invicta.fr\/fr\/plan-du-site\/","url":"https:\/\/www.invicta.fr\/fr\/plan-du-site\/","name":"Plan du site - Invicta","isPartOf":{"@id":"https:\/\/www.invicta.fr\/fr\/#website"},"datePublished":"2025-04-28T11:01:57+00:00","dateModified":"2025-04-28T11:02:01+00:00","breadcrumb":{"@id":"https:\/\/www.invicta.fr\/fr\/plan-du-site\/#breadcrumb"},"inLanguage":"fr-FR","potentialAction":[{"@type":"ReadAction","target":["https:\/\/www.invicta.fr\/fr\/plan-du-site\/"]}]},{"@type":"BreadcrumbList","@id":"https:\/\/www.invicta.fr\/fr\/plan-du-site\/#breadcrumb","itemListElement":[{"@type":"ListItem","position":1,"name":"Accueil","item":"https:\/\/www.invicta.fr\/fr\/"},{"@type":"ListItem","position":2,"name":"Plan du site"}]},{"@type":"WebSite","@id":"https:\/\/www.invicta.fr\/fr\/#website","url":"https:\/\/www.invicta.fr\/fr\/","name":"Invicta","description":"Fabricant fran\u00e7ais, sp\u00e9cialiste europ\u00e9en du chauffage au bois : po\u00eales \u00e0 bois et \u00e0 granul\u00e9s, chemin\u00e9es, foyers et inserts","publisher":{"@id":"https:\/\/www.invicta.fr\/fr\/#organization"},"potentialAction":[{"@type":"SearchAction","target":{"@type":"EntryPoint","urlTemplate":"https:\/\/www.invicta.fr\/fr\/?s={search_term_string}"},"query-input":{"@type":"PropertyValueSpecification","valueRequired":true,"valueName":"search_term_string"}}],"inLanguage":"fr-FR"},{"@type":"Organization","@id":"https:\/\/www.invicta.fr\/fr\/#organization","name":"Invicta","url":"https:\/\/www.invicta.fr\/fr\/","logo":{"@type":"ImageObject","inLanguage":"fr-FR","@id":"https:\/\/www.invicta.fr\/fr\/#\/schema\/logo\/image\/","url":"https:\/\/www.invicta.fr\/wp-content\/uploads\/2019\/06\/INVICTALOGO_RVB.png","contentUrl":"https:\/\/www.invicta.fr\/wp-content\/uploads\/2019\/06\/INVICTALOGO_RVB.png","width":1810,"height":1280,"caption":"Invicta"},"image":{"@id":"https:\/\/www.invicta.fr\/fr\/#\/schema\/logo\/image\/"}}]}},"_links":{"self":[{"href":"https:\/\/www.invicta.fr\/fr\/wp-json\/wp\/v2\/pages\/66801","targetHints":{"allow":["GET"]}}],"collection":[{"href":"https:\/\/www.invicta.fr\/fr\/wp-json\/wp\/v2\/pages"}],"about":[{"href":"https:\/\/www.invicta.fr\/fr\/wp-json\/wp\/v2\/types\/page"}],"author":[{"embeddable":true,"href":"https:\/\/www.invicta.fr\/fr\/wp-json\/wp\/v2\/users\/130"}],"replies":[{"embeddable":true,"href":"https:\/\/www.invicta.fr\/fr\/wp-json\/wp\/v2\/comments?post=66801"}],"version-history":[{"count":1,"href":"https:\/\/www.invicta.fr\/fr\/wp-json\/wp\/v2\/pages\/66801\/revisions"}],"predecessor-version":[{"id":66802,"href":"https:\/\/www.invicta.fr\/fr\/wp-json\/wp\/v2\/pages\/66801\/revisions\/66802"}],"wp:attachment":[{"href":"https:\/\/www.invicta.fr\/fr\/wp-json\/wp\/v2\/media?parent=66801"}],"curies":[{"name":"wp","href":"https:\/\/api.w.org\/{rel}","templated":true}]}}