{"id":1279,"date":"2019-07-04T16:48:31","date_gmt":"2019-07-04T14:48:31","guid":{"rendered":"https:\/\/www.invicta.fr\/?post_type=product&#038;p=1279"},"modified":"2026-04-08T10:54:33","modified_gmt":"2026-04-08T08:54:33","slug":"poele-a-bois-en-fonte-preston-invicta","status":"publish","type":"product","link":"https:\/\/www.invicta.fr\/fr\/produit\/poele-a-bois-en-fonte-preston-invicta\/","title":{"rendered":"Po\u00eale \u00e0 bois en Fonte Preston"},"content":{"rendered":"","protected":false},"excerpt":{"rendered":"<p>Le po\u00eale en fonte Preston est simple et moderne. Gr\u00e2ce \u00e0 sa forme rectangulaire, il peut facilement \u00eatre sur\u00e9lev\u00e9 sur un banc propos\u00e9 en option ou sur une dalle en b\u00e9ton. Banc optionnel disponible en 2 dimensions. Nouvelle version !<\/p>\n","protected":false},"featured_media":55477,"template":"","meta":{"_acf_changed":false},"product_brand":[],"product_cat":[2117,44,7303,5861,5860,5874,5838,5853,5851,7307],"product_tag":[7105,57,58,59,62,7017,51,53,65,6826,60,6718],"plus_produit":[612,6834,1919,129,130],"class_list":{"1":"product","4":"has-post-thumbnail","6":"product_cat-aide-au-choix","7":"product_cat-poeles-a-bois-fonte-acier","8":"product_cat-poeles-cheminees","9":"product_cat-poeles-a-bois-buches-50-cm","10":"product_cat-poeles-a-bois-contemporains","11":"product_cat-poeles-a-bois-industriels","12":"product_cat-poeles-a-bois-modernes","13":"product_cat-poeles-a-bois-sortie-arriere","14":"product_cat-poeles-a-bois-12-kw","15":"product_cat-poeles-a-bois-encastrables","16":"product_tag-en16510","17":"product_tag-flamme-verte","18":"product_tag-eco-design-2022","19":"product_tag-a-ecolabel","20":"product_tag-101-fabrication-francaise","21":"product_tag-blmschv2","22":"product_tag-fonte-100","23":"product_tag-post-combustion","24":"product_tag-garantie-2-ans","25":"product_tag-garantie-extension-3-ans","26":"product_tag-z-credit-impot","27":"product_tag-reserve-pros","28":"pa_depart-des-fumees-dessusarriere","29":"pa_diametre-de-buse-180-mm","30":"pa_indice-de-performance-5571","31":"pa_options-petit-banc-696131-h450-l1000-p550-grand-banc-696128-l1600","32":"pa_puissance-optimale-12-kw","33":"pa_surface-de-chauffe-65-145-m","34":"pa_taux-de-co-203","35":"pa_volume-de-chauffe-160-360-m","36":"plus_produit-air-secondaire-reglable","37":"plus_produit-extension-de-garantie-3-ans","38":"plus_produit-origine-france-garantie","39":"plus_produit-systeme-de-post-combustion","40":"plus_produit-vitre-propre","42":"first","43":"instock","44":"product-type-simple"},"acf":[],"yoast_head":"<!-- This site is optimized with the Yoast SEO plugin v24.7 - https:\/\/yoast.com\/wordpress\/plugins\/seo\/ -->\n<title>Po\u00eale \u00e0 bois en Fonte Preston | INVICTA<\/title>\n<meta name=\"description\" content=\"D\u00e9couvrez le Po\u00eale \u00e0 bois en Fonte Preston avec puissance de chauffe 12kW\u2705 EcoLabel A \u2705 Origine France \u2705 Garantie 5ans\u2705 Flamme Verte 7* \u2705\" \/>\n<meta name=\"robots\" content=\"index, follow, max-snippet:-1, max-image-preview:large, max-video-preview:-1\" \/>\n<link rel=\"canonical\" href=\"https:\/\/www.invicta.fr\/fr\/produit\/poele-a-bois-en-fonte-preston-invicta\/\" \/>\n<meta property=\"og:locale\" content=\"fr_FR\" \/>\n<meta property=\"og:type\" content=\"article\" \/>\n<meta property=\"og:title\" content=\"Po\u00eale \u00e0 bois en Fonte Preston | INVICTA\" \/>\n<meta property=\"og:description\" content=\"D\u00e9couvrez le Po\u00eale \u00e0 bois en Fonte Preston avec puissance de chauffe 12kW\u2705 EcoLabel A \u2705 Origine France \u2705 Garantie 5ans\u2705 Flamme Verte 7* \u2705\" \/>\n<meta property=\"og:url\" content=\"https:\/\/www.invicta.fr\/fr\/produit\/poele-a-bois-en-fonte-preston-invicta\/\" \/>\n<meta property=\"og:site_name\" content=\"Invicta\" \/>\n<meta property=\"article:modified_time\" content=\"2026-04-08T08:54:33+00:00\" \/>\n<meta property=\"og:image\" content=\"https:\/\/www.invicta.fr\/wp-content\/uploads\/2019\/07\/C_P912804-PRESTON-web.jpg\" \/>\n\t<meta property=\"og:image:width\" content=\"1200\" \/>\n\t<meta property=\"og:image:height\" content=\"1200\" \/>\n\t<meta property=\"og:image:type\" content=\"image\/jpeg\" \/>\n<meta name=\"twitter:card\" content=\"summary_large_image\" \/>\n<script type=\"application\/ld+json\" class=\"yoast-schema-graph\">{\"@context\":\"https:\/\/schema.org\",\"@graph\":[{\"@type\":\"WebPage\",\"@id\":\"https:\/\/www.invicta.fr\/fr\/produit\/poele-a-bois-en-fonte-preston-invicta\/\",\"url\":\"https:\/\/www.invicta.fr\/fr\/produit\/poele-a-bois-en-fonte-preston-invicta\/\",\"name\":\"Po\u00eale \u00e0 bois en Fonte Preston | INVICTA\",\"isPartOf\":{\"@id\":\"https:\/\/www.invicta.fr\/fr\/#website\"},\"primaryImageOfPage\":{\"@id\":\"https:\/\/www.invicta.fr\/fr\/produit\/poele-a-bois-en-fonte-preston-invicta\/#primaryimage\"},\"image\":{\"@id\":\"https:\/\/www.invicta.fr\/fr\/produit\/poele-a-bois-en-fonte-preston-invicta\/#primaryimage\"},\"thumbnailUrl\":\"https:\/\/www.invicta.fr\/wp-content\/uploads\/2019\/07\/C_P912804-PRESTON-web.jpg\",\"datePublished\":\"2019-07-04T14:48:31+00:00\",\"dateModified\":\"2026-04-08T08:54:33+00:00\",\"description\":\"D\u00e9couvrez le Po\u00eale \u00e0 bois en Fonte Preston avec puissance de chauffe 12kW\u2705 EcoLabel A \u2705 Origine France \u2705 Garantie 5ans\u2705 Flamme Verte 7* \u2705\",\"breadcrumb\":{\"@id\":\"https:\/\/www.invicta.fr\/fr\/produit\/poele-a-bois-en-fonte-preston-invicta\/#breadcrumb\"},\"inLanguage\":\"fr-FR\",\"potentialAction\":[{\"@type\":\"ReadAction\",\"target\":[\"https:\/\/www.invicta.fr\/fr\/produit\/poele-a-bois-en-fonte-preston-invicta\/\"]}]},{\"@type\":\"ImageObject\",\"inLanguage\":\"fr-FR\",\"@id\":\"https:\/\/www.invicta.fr\/fr\/produit\/poele-a-bois-en-fonte-preston-invicta\/#primaryimage\",\"url\":\"https:\/\/www.invicta.fr\/wp-content\/uploads\/2019\/07\/C_P912804-PRESTON-web.jpg\",\"contentUrl\":\"https:\/\/www.invicta.fr\/wp-content\/uploads\/2019\/07\/C_P912804-PRESTON-web.jpg\",\"width\":1200,\"height\":1200},{\"@type\":\"BreadcrumbList\",\"@id\":\"https:\/\/www.invicta.fr\/fr\/produit\/poele-a-bois-en-fonte-preston-invicta\/#breadcrumb\",\"itemListElement\":[{\"@type\":\"ListItem\",\"position\":1,\"name\":\"Accueil\",\"item\":\"https:\/\/www.invicta.fr\/fr\/\"},{\"@type\":\"ListItem\",\"position\":2,\"name\":\"Produits\",\"item\":\"https:\/\/www.invicta.fr\/fr\/shop\/\"},{\"@type\":\"ListItem\",\"position\":3,\"name\":\"Po\u00eales \u00e0 Bois\",\"item\":\"https:\/\/www.invicta.fr\/fr\/categorie-produit\/poeles-bois\/\"},{\"@type\":\"ListItem\",\"position\":4,\"name\":\"Po\u00eales \u00e0 Bois en Fonte\",\"item\":\"https:\/\/www.invicta.fr\/fr\/categorie-produit\/poeles-bois\/poeles-a-bois-fonte-acier\/\"},{\"@type\":\"ListItem\",\"position\":5,\"name\":\"Po\u00eale \u00e0 bois en Fonte Preston\"}]},{\"@type\":\"WebSite\",\"@id\":\"https:\/\/www.invicta.fr\/fr\/#website\",\"url\":\"https:\/\/www.invicta.fr\/fr\/\",\"name\":\"Invicta\",\"description\":\"Fabricant fran\u00e7ais, sp\u00e9cialiste europ\u00e9en du chauffage au bois : po\u00eales \u00e0 bois et \u00e0 granul\u00e9s, chemin\u00e9es, foyers et inserts\",\"publisher\":{\"@id\":\"https:\/\/www.invicta.fr\/fr\/#organization\"},\"potentialAction\":[{\"@type\":\"SearchAction\",\"target\":{\"@type\":\"EntryPoint\",\"urlTemplate\":\"https:\/\/www.invicta.fr\/fr\/?s={search_term_string}\"},\"query-input\":{\"@type\":\"PropertyValueSpecification\",\"valueRequired\":true,\"valueName\":\"search_term_string\"}}],\"inLanguage\":\"fr-FR\"},{\"@type\":\"Organization\",\"@id\":\"https:\/\/www.invicta.fr\/fr\/#organization\",\"name\":\"Invicta\",\"url\":\"https:\/\/www.invicta.fr\/fr\/\",\"logo\":{\"@type\":\"ImageObject\",\"inLanguage\":\"fr-FR\",\"@id\":\"https:\/\/www.invicta.fr\/fr\/#\/schema\/logo\/image\/\",\"url\":\"https:\/\/www.invicta.fr\/wp-content\/uploads\/2019\/06\/INVICTALOGO_RVB.png\",\"contentUrl\":\"https:\/\/www.invicta.fr\/wp-content\/uploads\/2019\/06\/INVICTALOGO_RVB.png\",\"width\":1810,\"height\":1280,\"caption\":\"Invicta\"},\"image\":{\"@id\":\"https:\/\/www.invicta.fr\/fr\/#\/schema\/logo\/image\/\"}}]}<\/script>\n<!-- \/ Yoast SEO plugin. -->","yoast_head_json":{"title":"Po\u00eale \u00e0 bois en Fonte Preston | INVICTA","description":"D\u00e9couvrez le Po\u00eale \u00e0 bois en Fonte Preston avec puissance de chauffe 12kW\u2705 EcoLabel A \u2705 Origine France \u2705 Garantie 5ans\u2705 Flamme Verte 7* \u2705","robots":{"index":"index","follow":"follow","max-snippet":"max-snippet:-1","max-image-preview":"max-image-preview:large","max-video-preview":"max-video-preview:-1"},"canonical":"https:\/\/www.invicta.fr\/fr\/produit\/poele-a-bois-en-fonte-preston-invicta\/","og_locale":"fr_FR","og_type":"article","og_title":"Po\u00eale \u00e0 bois en Fonte Preston | INVICTA","og_description":"D\u00e9couvrez le Po\u00eale \u00e0 bois en Fonte Preston avec puissance de chauffe 12kW\u2705 EcoLabel A \u2705 Origine France \u2705 Garantie 5ans\u2705 Flamme Verte 7* \u2705","og_url":"https:\/\/www.invicta.fr\/fr\/produit\/poele-a-bois-en-fonte-preston-invicta\/","og_site_name":"Invicta","article_modified_time":"2026-04-08T08:54:33+00:00","og_image":[{"width":1200,"height":1200,"url":"https:\/\/www.invicta.fr\/wp-content\/uploads\/2019\/07\/C_P912804-PRESTON-web.jpg","type":"image\/jpeg"}],"twitter_card":"summary_large_image","schema":{"@context":"https:\/\/schema.org","@graph":[{"@type":"WebPage","@id":"https:\/\/www.invicta.fr\/fr\/produit\/poele-a-bois-en-fonte-preston-invicta\/","url":"https:\/\/www.invicta.fr\/fr\/produit\/poele-a-bois-en-fonte-preston-invicta\/","name":"Po\u00eale \u00e0 bois en Fonte Preston | INVICTA","isPartOf":{"@id":"https:\/\/www.invicta.fr\/fr\/#website"},"primaryImageOfPage":{"@id":"https:\/\/www.invicta.fr\/fr\/produit\/poele-a-bois-en-fonte-preston-invicta\/#primaryimage"},"image":{"@id":"https:\/\/www.invicta.fr\/fr\/produit\/poele-a-bois-en-fonte-preston-invicta\/#primaryimage"},"thumbnailUrl":"https:\/\/www.invicta.fr\/wp-content\/uploads\/2019\/07\/C_P912804-PRESTON-web.jpg","datePublished":"2019-07-04T14:48:31+00:00","dateModified":"2026-04-08T08:54:33+00:00","description":"D\u00e9couvrez le Po\u00eale \u00e0 bois en Fonte Preston avec puissance de chauffe 12kW\u2705 EcoLabel A \u2705 Origine France \u2705 Garantie 5ans\u2705 Flamme Verte 7* \u2705","breadcrumb":{"@id":"https:\/\/www.invicta.fr\/fr\/produit\/poele-a-bois-en-fonte-preston-invicta\/#breadcrumb"},"inLanguage":"fr-FR","potentialAction":[{"@type":"ReadAction","target":["https:\/\/www.invicta.fr\/fr\/produit\/poele-a-bois-en-fonte-preston-invicta\/"]}]},{"@type":"ImageObject","inLanguage":"fr-FR","@id":"https:\/\/www.invicta.fr\/fr\/produit\/poele-a-bois-en-fonte-preston-invicta\/#primaryimage","url":"https:\/\/www.invicta.fr\/wp-content\/uploads\/2019\/07\/C_P912804-PRESTON-web.jpg","contentUrl":"https:\/\/www.invicta.fr\/wp-content\/uploads\/2019\/07\/C_P912804-PRESTON-web.jpg","width":1200,"height":1200},{"@type":"BreadcrumbList","@id":"https:\/\/www.invicta.fr\/fr\/produit\/poele-a-bois-en-fonte-preston-invicta\/#breadcrumb","itemListElement":[{"@type":"ListItem","position":1,"name":"Accueil","item":"https:\/\/www.invicta.fr\/fr\/"},{"@type":"ListItem","position":2,"name":"Produits","item":"https:\/\/www.invicta.fr\/fr\/shop\/"},{"@type":"ListItem","position":3,"name":"Po\u00eales \u00e0 Bois","item":"https:\/\/www.invicta.fr\/fr\/categorie-produit\/poeles-bois\/"},{"@type":"ListItem","position":4,"name":"Po\u00eales \u00e0 Bois en Fonte","item":"https:\/\/www.invicta.fr\/fr\/categorie-produit\/poeles-bois\/poeles-a-bois-fonte-acier\/"},{"@type":"ListItem","position":5,"name":"Po\u00eale \u00e0 bois en Fonte Preston"}]},{"@type":"WebSite","@id":"https:\/\/www.invicta.fr\/fr\/#website","url":"https:\/\/www.invicta.fr\/fr\/","name":"Invicta","description":"Fabricant fran\u00e7ais, sp\u00e9cialiste europ\u00e9en du chauffage au bois : po\u00eales \u00e0 bois et \u00e0 granul\u00e9s, chemin\u00e9es, foyers et inserts","publisher":{"@id":"https:\/\/www.invicta.fr\/fr\/#organization"},"potentialAction":[{"@type":"SearchAction","target":{"@type":"EntryPoint","urlTemplate":"https:\/\/www.invicta.fr\/fr\/?s={search_term_string}"},"query-input":{"@type":"PropertyValueSpecification","valueRequired":true,"valueName":"search_term_string"}}],"inLanguage":"fr-FR"},{"@type":"Organization","@id":"https:\/\/www.invicta.fr\/fr\/#organization","name":"Invicta","url":"https:\/\/www.invicta.fr\/fr\/","logo":{"@type":"ImageObject","inLanguage":"fr-FR","@id":"https:\/\/www.invicta.fr\/fr\/#\/schema\/logo\/image\/","url":"https:\/\/www.invicta.fr\/wp-content\/uploads\/2019\/06\/INVICTALOGO_RVB.png","contentUrl":"https:\/\/www.invicta.fr\/wp-content\/uploads\/2019\/06\/INVICTALOGO_RVB.png","width":1810,"height":1280,"caption":"Invicta"},"image":{"@id":"https:\/\/www.invicta.fr\/fr\/#\/schema\/logo\/image\/"}}]}},"_links":{"self":[{"href":"https:\/\/www.invicta.fr\/fr\/wp-json\/wp\/v2\/product\/1279","targetHints":{"allow":["GET"]}}],"collection":[{"href":"https:\/\/www.invicta.fr\/fr\/wp-json\/wp\/v2\/product"}],"about":[{"href":"https:\/\/www.invicta.fr\/fr\/wp-json\/wp\/v2\/types\/product"}],"wp:featuredmedia":[{"embeddable":true,"href":"https:\/\/www.invicta.fr\/fr\/wp-json\/wp\/v2\/media\/55477"}],"wp:attachment":[{"href":"https:\/\/www.invicta.fr\/fr\/wp-json\/wp\/v2\/media?parent=1279"}],"wp:term":[{"taxonomy":"product_brand","embeddable":true,"href":"https:\/\/www.invicta.fr\/fr\/wp-json\/wp\/v2\/product_brand?post=1279"},{"taxonomy":"product_cat","embeddable":true,"href":"https:\/\/www.invicta.fr\/fr\/wp-json\/wp\/v2\/product_cat?post=1279"},{"taxonomy":"product_tag","embeddable":true,"href":"https:\/\/www.invicta.fr\/fr\/wp-json\/wp\/v2\/product_tag?post=1279"},{"taxonomy":"plus_produit","embeddable":true,"href":"https:\/\/www.invicta.fr\/fr\/wp-json\/wp\/v2\/plus_produit?post=1279"}],"curies":[{"name":"wp","href":"https:\/\/api.w.org\/{rel}","templated":true}]}}