{"id":41540,"date":"2021-08-02T17:34:23","date_gmt":"2021-08-02T15:34:23","guid":{"rendered":"https:\/\/www.invicta.fr\/?post_type=product&#038;p=41540"},"modified":"2026-03-16T10:26:00","modified_gmt":"2026-03-16T09:26:00","slug":"poele-a-bois-en-acier-neosen-plus-3-cotes-vitres-raccordable","status":"publish","type":"product","link":"https:\/\/www.invicta.fr\/fr\/produit\/poele-a-bois-en-acier-neosen-plus-3-cotes-vitres-raccordable\/","title":{"rendered":"Po\u00eale \u00e0 Bois en Acier Neosen Plus 3 c\u00f4t\u00e9s vitr\u00e9s Raccordable"},"content":{"rendered":"","protected":false},"excerpt":{"rendered":"<p>Admirez le po\u00eale Neosen Plus de tous les c\u00f4t\u00e9s\u2026Vous partez en immersion au c\u0153ur du spectacle fascinant et d\u00e9lassant des flammes. Ressentez tous les bienfaits procur\u00e9s par son efficacit\u00e9 de chauffe. <span data-sheets-formula-bar-text-style=\"font-size:13px;color:#000000;font-weight:normal;text-decoration:none;font-family:'Arial';font-style:normal;text-decoration-skip-ink:none;\"><a rel=\"noopener noreferrer\" href=\"https:\/\/www.invicta.fr\/fr\/2020\/10\/22\/nouveautes-invicta-poeles-bois-contemporains-en-acier\/\" target=\"_blank\">Ici, les autres mod\u00e8les de la nouvelle gamme de po\u00eales \u00e0 bois acier contemporains.<\/a><\/span><\/p>\n","protected":false},"featured_media":57045,"template":"","meta":{"_acf_changed":false},"product_brand":[],"product_cat":[2117,6968,5862,5867,5848,5860,5835,5838,5841],"product_tag":[7105,57,58,64,2039,6959,53,73,65,6826,60],"plus_produit":[5740,6834,1592,2036,5739,5737,1983,129,130],"class_list":{"1":"product","4":"has-post-thumbnail","6":"product_cat-aide-au-choix","7":"product_cat-poeles-a-bois-en-acier","8":"product_cat-poeles-a-bois-8-kw","9":"product_cat-poeles-a-bois-3-faces","10":"product_cat-poeles-a-bois-angle","11":"product_cat-poeles-a-bois-contemporains","12":"product_cat-poeles-a-bois-design","13":"product_cat-poeles-a-bois-modernes","14":"product_cat-poeles-a-bois-ronds","15":"product_tag-en16510","16":"product_tag-flamme-verte","17":"product_tag-eco-design-2022","18":"product_tag-a-ecolabel-2","19":"product_tag-habillage-interieur-fonte","20":"product_tag-nouveaute","21":"product_tag-post-combustion","22":"product_tag-raccordable-2","23":"product_tag-garantie-2-ans","24":"product_tag-garantie-extension-3-ans","25":"product_tag-z-credit-impot","26":"pa_depart-des-fumees-dessus","27":"pa_diametre-de-buse-150-mm-2","28":"pa_indice-de-performance-6858","29":"pa_puissance-optimale-8-kw","30":"pa_surface-de-chauffe-40-100-m-2","31":"pa_taux-de-co-012-3","32":"pa_volume-de-chauffe-105-240-m-2","33":"plus_produit-accumulateur-de-chaleur-en-option","34":"plus_produit-extension-de-garantie-3-ans","35":"plus_produit-habillage-de-la-chambre-de-combustion-en-fonte","36":"plus_produit-intermittent","37":"plus_produit-poignee-amovible","38":"plus_produit-porte-et-dessus-en-fonte","39":"plus_produit-raccordable","40":"plus_produit-systeme-de-post-combustion","41":"plus_produit-vitre-propre","43":"first","44":"instock","45":"product-type-simple"},"acf":[],"yoast_head":"<!-- This site is optimized with the Yoast SEO plugin v24.7 - https:\/\/yoast.com\/wordpress\/plugins\/seo\/ -->\n<title>Po\u00eale \u00e0 Bois en Acier Neosen Plus 3 vitres Raccordable | INVICTA<\/title>\n<meta name=\"description\" content=\"Profitez du confort du Po\u00eale \u00e0 Bois en Acier Neosen Plus 3 c\u00f4t\u00e9s vitr\u00e9s puissance 8 kW\u2705 EcoLabel A+ \u2705EcoDesign 2022\u2705 Flamme verte 7\u2b50 Garantie 5ans\u2705\" \/>\n<meta name=\"robots\" content=\"index, follow, max-snippet:-1, max-image-preview:large, max-video-preview:-1\" \/>\n<link rel=\"canonical\" href=\"https:\/\/www.invicta.fr\/fr\/produit\/poele-a-bois-en-acier-neosen-plus-3-cotes-vitres-raccordable\/\" \/>\n<meta property=\"og:locale\" content=\"fr_FR\" \/>\n<meta property=\"og:type\" content=\"article\" \/>\n<meta property=\"og:title\" content=\"Po\u00eale \u00e0 Bois en Acier Neosen Plus 3 vitres Raccordable | INVICTA\" \/>\n<meta property=\"og:description\" content=\"Profitez du confort du Po\u00eale \u00e0 Bois en Acier Neosen Plus 3 c\u00f4t\u00e9s vitr\u00e9s puissance 8 kW\u2705 EcoLabel A+ \u2705EcoDesign 2022\u2705 Flamme verte 7\u2b50 Garantie 5ans\u2705\" \/>\n<meta property=\"og:url\" content=\"https:\/\/www.invicta.fr\/fr\/produit\/poele-a-bois-en-acier-neosen-plus-3-cotes-vitres-raccordable\/\" \/>\n<meta property=\"og:site_name\" content=\"Invicta\" \/>\n<meta property=\"article:modified_time\" content=\"2026-03-16T09:26:00+00:00\" \/>\n<meta property=\"og:image\" content=\"https:\/\/www.invicta.fr\/wp-content\/uploads\/2021\/08\/C-NEOSEN-3V-PLUS-web.jpg\" \/>\n\t<meta property=\"og:image:width\" content=\"533\" \/>\n\t<meta property=\"og:image:height\" content=\"800\" \/>\n\t<meta property=\"og:image:type\" content=\"image\/jpeg\" \/>\n<meta name=\"twitter:card\" content=\"summary_large_image\" \/>\n<script type=\"application\/ld+json\" class=\"yoast-schema-graph\">{\"@context\":\"https:\/\/schema.org\",\"@graph\":[{\"@type\":\"WebPage\",\"@id\":\"https:\/\/www.invicta.fr\/fr\/produit\/poele-a-bois-en-acier-neosen-plus-3-cotes-vitres-raccordable\/\",\"url\":\"https:\/\/www.invicta.fr\/fr\/produit\/poele-a-bois-en-acier-neosen-plus-3-cotes-vitres-raccordable\/\",\"name\":\"Po\u00eale \u00e0 Bois en Acier Neosen Plus 3 vitres Raccordable | INVICTA\",\"isPartOf\":{\"@id\":\"https:\/\/www.invicta.fr\/fr\/#website\"},\"primaryImageOfPage\":{\"@id\":\"https:\/\/www.invicta.fr\/fr\/produit\/poele-a-bois-en-acier-neosen-plus-3-cotes-vitres-raccordable\/#primaryimage\"},\"image\":{\"@id\":\"https:\/\/www.invicta.fr\/fr\/produit\/poele-a-bois-en-acier-neosen-plus-3-cotes-vitres-raccordable\/#primaryimage\"},\"thumbnailUrl\":\"https:\/\/www.invicta.fr\/wp-content\/uploads\/2021\/08\/C-NEOSEN-3V-PLUS-web.jpg\",\"datePublished\":\"2021-08-02T15:34:23+00:00\",\"dateModified\":\"2026-03-16T09:26:00+00:00\",\"description\":\"Profitez du confort du Po\u00eale \u00e0 Bois en Acier Neosen Plus 3 c\u00f4t\u00e9s vitr\u00e9s puissance 8 kW\u2705 EcoLabel A+ \u2705EcoDesign 2022\u2705 Flamme verte 7\u2b50 Garantie 5ans\u2705\",\"breadcrumb\":{\"@id\":\"https:\/\/www.invicta.fr\/fr\/produit\/poele-a-bois-en-acier-neosen-plus-3-cotes-vitres-raccordable\/#breadcrumb\"},\"inLanguage\":\"fr-FR\",\"potentialAction\":[{\"@type\":\"ReadAction\",\"target\":[\"https:\/\/www.invicta.fr\/fr\/produit\/poele-a-bois-en-acier-neosen-plus-3-cotes-vitres-raccordable\/\"]}]},{\"@type\":\"ImageObject\",\"inLanguage\":\"fr-FR\",\"@id\":\"https:\/\/www.invicta.fr\/fr\/produit\/poele-a-bois-en-acier-neosen-plus-3-cotes-vitres-raccordable\/#primaryimage\",\"url\":\"https:\/\/www.invicta.fr\/wp-content\/uploads\/2021\/08\/C-NEOSEN-3V-PLUS-web.jpg\",\"contentUrl\":\"https:\/\/www.invicta.fr\/wp-content\/uploads\/2021\/08\/C-NEOSEN-3V-PLUS-web.jpg\",\"width\":533,\"height\":800,\"caption\":\"Neosen Plus 3 vitres - 8 kW\"},{\"@type\":\"BreadcrumbList\",\"@id\":\"https:\/\/www.invicta.fr\/fr\/produit\/poele-a-bois-en-acier-neosen-plus-3-cotes-vitres-raccordable\/#breadcrumb\",\"itemListElement\":[{\"@type\":\"ListItem\",\"position\":1,\"name\":\"Accueil\",\"item\":\"https:\/\/www.invicta.fr\/fr\/\"},{\"@type\":\"ListItem\",\"position\":2,\"name\":\"Produits\",\"item\":\"https:\/\/www.invicta.fr\/fr\/shop\/\"},{\"@type\":\"ListItem\",\"position\":3,\"name\":\"Po\u00eales \u00e0 Bois\",\"item\":\"https:\/\/www.invicta.fr\/fr\/categorie-produit\/poeles-bois\/\"},{\"@type\":\"ListItem\",\"position\":4,\"name\":\"Po\u00eales \u00e0 Bois en Acier\",\"item\":\"https:\/\/www.invicta.fr\/fr\/categorie-produit\/poeles-bois\/poeles-a-bois-en-acier\/\"},{\"@type\":\"ListItem\",\"position\":5,\"name\":\"Po\u00eale \u00e0 Bois en Acier Neosen Plus 3 c\u00f4t\u00e9s vitr\u00e9s Raccordable\"}]},{\"@type\":\"WebSite\",\"@id\":\"https:\/\/www.invicta.fr\/fr\/#website\",\"url\":\"https:\/\/www.invicta.fr\/fr\/\",\"name\":\"Invicta\",\"description\":\"Fabricant fran\u00e7ais, sp\u00e9cialiste europ\u00e9en du chauffage au bois : po\u00eales \u00e0 bois et \u00e0 granul\u00e9s, chemin\u00e9es, foyers et inserts\",\"publisher\":{\"@id\":\"https:\/\/www.invicta.fr\/fr\/#organization\"},\"potentialAction\":[{\"@type\":\"SearchAction\",\"target\":{\"@type\":\"EntryPoint\",\"urlTemplate\":\"https:\/\/www.invicta.fr\/fr\/?s={search_term_string}\"},\"query-input\":{\"@type\":\"PropertyValueSpecification\",\"valueRequired\":true,\"valueName\":\"search_term_string\"}}],\"inLanguage\":\"fr-FR\"},{\"@type\":\"Organization\",\"@id\":\"https:\/\/www.invicta.fr\/fr\/#organization\",\"name\":\"Invicta\",\"url\":\"https:\/\/www.invicta.fr\/fr\/\",\"logo\":{\"@type\":\"ImageObject\",\"inLanguage\":\"fr-FR\",\"@id\":\"https:\/\/www.invicta.fr\/fr\/#\/schema\/logo\/image\/\",\"url\":\"https:\/\/www.invicta.fr\/wp-content\/uploads\/2019\/06\/INVICTALOGO_RVB.png\",\"contentUrl\":\"https:\/\/www.invicta.fr\/wp-content\/uploads\/2019\/06\/INVICTALOGO_RVB.png\",\"width\":1810,\"height\":1280,\"caption\":\"Invicta\"},\"image\":{\"@id\":\"https:\/\/www.invicta.fr\/fr\/#\/schema\/logo\/image\/\"}}]}<\/script>\n<!-- \/ Yoast SEO plugin. -->","yoast_head_json":{"title":"Po\u00eale \u00e0 Bois en Acier Neosen Plus 3 vitres Raccordable | INVICTA","description":"Profitez du confort du Po\u00eale \u00e0 Bois en Acier Neosen Plus 3 c\u00f4t\u00e9s vitr\u00e9s puissance 8 kW\u2705 EcoLabel A+ \u2705EcoDesign 2022\u2705 Flamme verte 7\u2b50 Garantie 5ans\u2705","robots":{"index":"index","follow":"follow","max-snippet":"max-snippet:-1","max-image-preview":"max-image-preview:large","max-video-preview":"max-video-preview:-1"},"canonical":"https:\/\/www.invicta.fr\/fr\/produit\/poele-a-bois-en-acier-neosen-plus-3-cotes-vitres-raccordable\/","og_locale":"fr_FR","og_type":"article","og_title":"Po\u00eale \u00e0 Bois en Acier Neosen Plus 3 vitres Raccordable | INVICTA","og_description":"Profitez du confort du Po\u00eale \u00e0 Bois en Acier Neosen Plus 3 c\u00f4t\u00e9s vitr\u00e9s puissance 8 kW\u2705 EcoLabel A+ \u2705EcoDesign 2022\u2705 Flamme verte 7\u2b50 Garantie 5ans\u2705","og_url":"https:\/\/www.invicta.fr\/fr\/produit\/poele-a-bois-en-acier-neosen-plus-3-cotes-vitres-raccordable\/","og_site_name":"Invicta","article_modified_time":"2026-03-16T09:26:00+00:00","og_image":[{"width":533,"height":800,"url":"https:\/\/www.invicta.fr\/wp-content\/uploads\/2021\/08\/C-NEOSEN-3V-PLUS-web.jpg","type":"image\/jpeg"}],"twitter_card":"summary_large_image","schema":{"@context":"https:\/\/schema.org","@graph":[{"@type":"WebPage","@id":"https:\/\/www.invicta.fr\/fr\/produit\/poele-a-bois-en-acier-neosen-plus-3-cotes-vitres-raccordable\/","url":"https:\/\/www.invicta.fr\/fr\/produit\/poele-a-bois-en-acier-neosen-plus-3-cotes-vitres-raccordable\/","name":"Po\u00eale \u00e0 Bois en Acier Neosen Plus 3 vitres Raccordable | INVICTA","isPartOf":{"@id":"https:\/\/www.invicta.fr\/fr\/#website"},"primaryImageOfPage":{"@id":"https:\/\/www.invicta.fr\/fr\/produit\/poele-a-bois-en-acier-neosen-plus-3-cotes-vitres-raccordable\/#primaryimage"},"image":{"@id":"https:\/\/www.invicta.fr\/fr\/produit\/poele-a-bois-en-acier-neosen-plus-3-cotes-vitres-raccordable\/#primaryimage"},"thumbnailUrl":"https:\/\/www.invicta.fr\/wp-content\/uploads\/2021\/08\/C-NEOSEN-3V-PLUS-web.jpg","datePublished":"2021-08-02T15:34:23+00:00","dateModified":"2026-03-16T09:26:00+00:00","description":"Profitez du confort du Po\u00eale \u00e0 Bois en Acier Neosen Plus 3 c\u00f4t\u00e9s vitr\u00e9s puissance 8 kW\u2705 EcoLabel A+ \u2705EcoDesign 2022\u2705 Flamme verte 7\u2b50 Garantie 5ans\u2705","breadcrumb":{"@id":"https:\/\/www.invicta.fr\/fr\/produit\/poele-a-bois-en-acier-neosen-plus-3-cotes-vitres-raccordable\/#breadcrumb"},"inLanguage":"fr-FR","potentialAction":[{"@type":"ReadAction","target":["https:\/\/www.invicta.fr\/fr\/produit\/poele-a-bois-en-acier-neosen-plus-3-cotes-vitres-raccordable\/"]}]},{"@type":"ImageObject","inLanguage":"fr-FR","@id":"https:\/\/www.invicta.fr\/fr\/produit\/poele-a-bois-en-acier-neosen-plus-3-cotes-vitres-raccordable\/#primaryimage","url":"https:\/\/www.invicta.fr\/wp-content\/uploads\/2021\/08\/C-NEOSEN-3V-PLUS-web.jpg","contentUrl":"https:\/\/www.invicta.fr\/wp-content\/uploads\/2021\/08\/C-NEOSEN-3V-PLUS-web.jpg","width":533,"height":800,"caption":"Neosen Plus 3 vitres - 8 kW"},{"@type":"BreadcrumbList","@id":"https:\/\/www.invicta.fr\/fr\/produit\/poele-a-bois-en-acier-neosen-plus-3-cotes-vitres-raccordable\/#breadcrumb","itemListElement":[{"@type":"ListItem","position":1,"name":"Accueil","item":"https:\/\/www.invicta.fr\/fr\/"},{"@type":"ListItem","position":2,"name":"Produits","item":"https:\/\/www.invicta.fr\/fr\/shop\/"},{"@type":"ListItem","position":3,"name":"Po\u00eales \u00e0 Bois","item":"https:\/\/www.invicta.fr\/fr\/categorie-produit\/poeles-bois\/"},{"@type":"ListItem","position":4,"name":"Po\u00eales \u00e0 Bois en Acier","item":"https:\/\/www.invicta.fr\/fr\/categorie-produit\/poeles-bois\/poeles-a-bois-en-acier\/"},{"@type":"ListItem","position":5,"name":"Po\u00eale \u00e0 Bois en Acier Neosen Plus 3 c\u00f4t\u00e9s vitr\u00e9s Raccordable"}]},{"@type":"WebSite","@id":"https:\/\/www.invicta.fr\/fr\/#website","url":"https:\/\/www.invicta.fr\/fr\/","name":"Invicta","description":"Fabricant fran\u00e7ais, sp\u00e9cialiste europ\u00e9en du chauffage au bois : po\u00eales \u00e0 bois et \u00e0 granul\u00e9s, chemin\u00e9es, foyers et inserts","publisher":{"@id":"https:\/\/www.invicta.fr\/fr\/#organization"},"potentialAction":[{"@type":"SearchAction","target":{"@type":"EntryPoint","urlTemplate":"https:\/\/www.invicta.fr\/fr\/?s={search_term_string}"},"query-input":{"@type":"PropertyValueSpecification","valueRequired":true,"valueName":"search_term_string"}}],"inLanguage":"fr-FR"},{"@type":"Organization","@id":"https:\/\/www.invicta.fr\/fr\/#organization","name":"Invicta","url":"https:\/\/www.invicta.fr\/fr\/","logo":{"@type":"ImageObject","inLanguage":"fr-FR","@id":"https:\/\/www.invicta.fr\/fr\/#\/schema\/logo\/image\/","url":"https:\/\/www.invicta.fr\/wp-content\/uploads\/2019\/06\/INVICTALOGO_RVB.png","contentUrl":"https:\/\/www.invicta.fr\/wp-content\/uploads\/2019\/06\/INVICTALOGO_RVB.png","width":1810,"height":1280,"caption":"Invicta"},"image":{"@id":"https:\/\/www.invicta.fr\/fr\/#\/schema\/logo\/image\/"}}]}},"_links":{"self":[{"href":"https:\/\/www.invicta.fr\/fr\/wp-json\/wp\/v2\/product\/41540","targetHints":{"allow":["GET"]}}],"collection":[{"href":"https:\/\/www.invicta.fr\/fr\/wp-json\/wp\/v2\/product"}],"about":[{"href":"https:\/\/www.invicta.fr\/fr\/wp-json\/wp\/v2\/types\/product"}],"wp:featuredmedia":[{"embeddable":true,"href":"https:\/\/www.invicta.fr\/fr\/wp-json\/wp\/v2\/media\/57045"}],"wp:attachment":[{"href":"https:\/\/www.invicta.fr\/fr\/wp-json\/wp\/v2\/media?parent=41540"}],"wp:term":[{"taxonomy":"product_brand","embeddable":true,"href":"https:\/\/www.invicta.fr\/fr\/wp-json\/wp\/v2\/product_brand?post=41540"},{"taxonomy":"product_cat","embeddable":true,"href":"https:\/\/www.invicta.fr\/fr\/wp-json\/wp\/v2\/product_cat?post=41540"},{"taxonomy":"product_tag","embeddable":true,"href":"https:\/\/www.invicta.fr\/fr\/wp-json\/wp\/v2\/product_tag?post=41540"},{"taxonomy":"plus_produit","embeddable":true,"href":"https:\/\/www.invicta.fr\/fr\/wp-json\/wp\/v2\/plus_produit?post=41540"}],"curies":[{"name":"wp","href":"https:\/\/api.w.org\/{rel}","templated":true}]}}