{"id":916,"date":"2019-07-02T14:37:32","date_gmt":"2019-07-02T12:37:32","guid":{"rendered":"https:\/\/www.invicta.fr\/?post_type=product&#038;p=916"},"modified":"2026-04-08T10:02:06","modified_gmt":"2026-04-08T08:02:06","slug":"poele-fonte-angor","status":"publish","type":"product","link":"https:\/\/www.invicta.fr\/fr\/produit\/poele-fonte-angor\/","title":{"rendered":"Po\u00eale Fonte Angor"},"content":{"rendered":"","protected":false},"excerpt":{"rendered":"<p>D&#8217;allure simple et chic, ANGOR offre de belles performances. Son style et ses lignes tout en rondeur embellissent le spectacle des flammes. Il s\u00e9duira les inconditionnels du po\u00eale au charme discret. <em>Design : Bernard Dequet<\/em><\/p>\n","protected":false},"featured_media":23988,"template":"","meta":{"_acf_changed":false},"product_brand":[],"product_cat":[2117,44,5887,5874,5841,5875,5853,5880,5872,5851],"product_tag":[7105,57,58,59,62,7017,51,53,65,6826,60,6718],"plus_produit":[612,6834,1919,129,130],"class_list":{"1":"product","4":"has-post-thumbnail","6":"product_cat-aide-au-choix","7":"product_cat-poeles-a-bois-fonte-acier","8":"product_cat-poeles-a-bois-13-kw","9":"product_cat-poeles-a-bois-industriels","10":"product_cat-poeles-a-bois-ronds","11":"product_cat-poeles-a-bois-rustiques","12":"product_cat-poeles-a-bois-sortie-arriere","13":"product_cat-poeles-a-bois-traditionnels","14":"product_cat-poeles-a-bois-vintage","15":"product_cat-poeles-a-bois-12-kw","16":"product_tag-en16510","17":"product_tag-flamme-verte","18":"product_tag-eco-design-2022","19":"product_tag-a-ecolabel","20":"product_tag-101-fabrication-francaise","21":"product_tag-blmschv2","22":"product_tag-fonte-100","23":"product_tag-post-combustion","24":"product_tag-garantie-2-ans","25":"product_tag-garantie-extension-3-ans","26":"product_tag-z-credit-impot","27":"product_tag-reserve-pros","28":"pa_depart-des-fumees-dessusarriere","29":"pa_diametre-de-buse-150-mm","30":"pa_indice-de-performance-5571","31":"pa_puissance-optimale-12-kw","32":"pa_surface-de-chauffe-65-a-145-m","33":"pa_taux-de-co-203","34":"pa_volume-de-chauffe-160-a-360-m","35":"plus_produit-air-secondaire-reglable","36":"plus_produit-extension-de-garantie-3-ans","37":"plus_produit-origine-france-garantie","38":"plus_produit-systeme-de-post-combustion","39":"plus_produit-vitre-propre","41":"first","42":"instock","43":"product-type-simple"},"acf":[],"yoast_head":"<!-- This site is optimized with the Yoast SEO plugin v24.7 - https:\/\/yoast.com\/wordpress\/plugins\/seo\/ -->\n<title>Po\u00eale \u00e0 bois en Fonte Angor | INVICTA<\/title>\n<meta name=\"description\" content=\"Craquez pour le po\u00eale \u00e0 bois en Fonte Angor avec puissance de chauffe 12kW EcoLabel A\u2705 Flamme verte 7\u2b50\u2705 Garantie 5ans\u2705 100% Fonte \u2705\" \/>\n<meta name=\"robots\" content=\"index, follow, max-snippet:-1, max-image-preview:large, max-video-preview:-1\" \/>\n<link rel=\"canonical\" href=\"https:\/\/www.invicta.fr\/fr\/produit\/poele-fonte-angor\/\" \/>\n<meta property=\"og:locale\" content=\"fr_FR\" \/>\n<meta property=\"og:type\" content=\"article\" \/>\n<meta property=\"og:title\" content=\"Po\u00eale \u00e0 bois en Fonte Angor | INVICTA\" \/>\n<meta property=\"og:description\" content=\"Craquez pour le po\u00eale \u00e0 bois en Fonte Angor avec puissance de chauffe 12kW EcoLabel A\u2705 Flamme verte 7\u2b50\u2705 Garantie 5ans\u2705 100% Fonte \u2705\" \/>\n<meta property=\"og:url\" content=\"https:\/\/www.invicta.fr\/fr\/produit\/poele-fonte-angor\/\" \/>\n<meta property=\"og:site_name\" content=\"Invicta\" \/>\n<meta property=\"article:modified_time\" content=\"2026-04-08T08:02:06+00:00\" \/>\n<meta property=\"og:image\" content=\"https:\/\/www.invicta.fr\/wp-content\/uploads\/2019\/07\/new-ANGOR-CYCLO.jpg\" \/>\n\t<meta property=\"og:image:width\" content=\"549\" \/>\n\t<meta property=\"og:image:height\" content=\"560\" \/>\n\t<meta property=\"og:image:type\" content=\"image\/jpeg\" \/>\n<meta name=\"twitter:card\" content=\"summary_large_image\" \/>\n<script type=\"application\/ld+json\" class=\"yoast-schema-graph\">{\"@context\":\"https:\/\/schema.org\",\"@graph\":[{\"@type\":\"WebPage\",\"@id\":\"https:\/\/www.invicta.fr\/fr\/produit\/poele-fonte-angor\/\",\"url\":\"https:\/\/www.invicta.fr\/fr\/produit\/poele-fonte-angor\/\",\"name\":\"Po\u00eale \u00e0 bois en Fonte Angor | INVICTA\",\"isPartOf\":{\"@id\":\"https:\/\/www.invicta.fr\/fr\/#website\"},\"primaryImageOfPage\":{\"@id\":\"https:\/\/www.invicta.fr\/fr\/produit\/poele-fonte-angor\/#primaryimage\"},\"image\":{\"@id\":\"https:\/\/www.invicta.fr\/fr\/produit\/poele-fonte-angor\/#primaryimage\"},\"thumbnailUrl\":\"https:\/\/www.invicta.fr\/wp-content\/uploads\/2019\/07\/new-ANGOR-CYCLO.jpg\",\"datePublished\":\"2019-07-02T12:37:32+00:00\",\"dateModified\":\"2026-04-08T08:02:06+00:00\",\"description\":\"Craquez pour le po\u00eale \u00e0 bois en Fonte Angor avec puissance de chauffe 12kW EcoLabel A\u2705 Flamme verte 7\u2b50\u2705 Garantie 5ans\u2705 100% Fonte \u2705\",\"breadcrumb\":{\"@id\":\"https:\/\/www.invicta.fr\/fr\/produit\/poele-fonte-angor\/#breadcrumb\"},\"inLanguage\":\"fr-FR\",\"potentialAction\":[{\"@type\":\"ReadAction\",\"target\":[\"https:\/\/www.invicta.fr\/fr\/produit\/poele-fonte-angor\/\"]}]},{\"@type\":\"ImageObject\",\"inLanguage\":\"fr-FR\",\"@id\":\"https:\/\/www.invicta.fr\/fr\/produit\/poele-fonte-angor\/#primaryimage\",\"url\":\"https:\/\/www.invicta.fr\/wp-content\/uploads\/2019\/07\/new-ANGOR-CYCLO.jpg\",\"contentUrl\":\"https:\/\/www.invicta.fr\/wp-content\/uploads\/2019\/07\/new-ANGOR-CYCLO.jpg\",\"width\":549,\"height\":560,\"caption\":\"Po\u00eale \u00e0 bois fonte Invicta Angor - 12 kW\"},{\"@type\":\"BreadcrumbList\",\"@id\":\"https:\/\/www.invicta.fr\/fr\/produit\/poele-fonte-angor\/#breadcrumb\",\"itemListElement\":[{\"@type\":\"ListItem\",\"position\":1,\"name\":\"Accueil\",\"item\":\"https:\/\/www.invicta.fr\/fr\/\"},{\"@type\":\"ListItem\",\"position\":2,\"name\":\"Produits\",\"item\":\"https:\/\/www.invicta.fr\/fr\/shop\/\"},{\"@type\":\"ListItem\",\"position\":3,\"name\":\"Po\u00eales \u00e0 Bois\",\"item\":\"https:\/\/www.invicta.fr\/fr\/categorie-produit\/poeles-bois\/\"},{\"@type\":\"ListItem\",\"position\":4,\"name\":\"Po\u00eales \u00e0 Bois en Fonte\",\"item\":\"https:\/\/www.invicta.fr\/fr\/categorie-produit\/poeles-bois\/poeles-a-bois-fonte-acier\/\"},{\"@type\":\"ListItem\",\"position\":5,\"name\":\"Po\u00eale Fonte Angor\"}]},{\"@type\":\"WebSite\",\"@id\":\"https:\/\/www.invicta.fr\/fr\/#website\",\"url\":\"https:\/\/www.invicta.fr\/fr\/\",\"name\":\"Invicta\",\"description\":\"Fabricant fran\u00e7ais, sp\u00e9cialiste europ\u00e9en du chauffage au bois : po\u00eales \u00e0 bois et \u00e0 granul\u00e9s, chemin\u00e9es, foyers et inserts\",\"publisher\":{\"@id\":\"https:\/\/www.invicta.fr\/fr\/#organization\"},\"potentialAction\":[{\"@type\":\"SearchAction\",\"target\":{\"@type\":\"EntryPoint\",\"urlTemplate\":\"https:\/\/www.invicta.fr\/fr\/?s={search_term_string}\"},\"query-input\":{\"@type\":\"PropertyValueSpecification\",\"valueRequired\":true,\"valueName\":\"search_term_string\"}}],\"inLanguage\":\"fr-FR\"},{\"@type\":\"Organization\",\"@id\":\"https:\/\/www.invicta.fr\/fr\/#organization\",\"name\":\"Invicta\",\"url\":\"https:\/\/www.invicta.fr\/fr\/\",\"logo\":{\"@type\":\"ImageObject\",\"inLanguage\":\"fr-FR\",\"@id\":\"https:\/\/www.invicta.fr\/fr\/#\/schema\/logo\/image\/\",\"url\":\"https:\/\/www.invicta.fr\/wp-content\/uploads\/2019\/06\/INVICTALOGO_RVB.png\",\"contentUrl\":\"https:\/\/www.invicta.fr\/wp-content\/uploads\/2019\/06\/INVICTALOGO_RVB.png\",\"width\":1810,\"height\":1280,\"caption\":\"Invicta\"},\"image\":{\"@id\":\"https:\/\/www.invicta.fr\/fr\/#\/schema\/logo\/image\/\"}}]}<\/script>\n<!-- \/ Yoast SEO plugin. -->","yoast_head_json":{"title":"Po\u00eale \u00e0 bois en Fonte Angor | INVICTA","description":"Craquez pour le po\u00eale \u00e0 bois en Fonte Angor avec puissance de chauffe 12kW EcoLabel A\u2705 Flamme verte 7\u2b50\u2705 Garantie 5ans\u2705 100% Fonte \u2705","robots":{"index":"index","follow":"follow","max-snippet":"max-snippet:-1","max-image-preview":"max-image-preview:large","max-video-preview":"max-video-preview:-1"},"canonical":"https:\/\/www.invicta.fr\/fr\/produit\/poele-fonte-angor\/","og_locale":"fr_FR","og_type":"article","og_title":"Po\u00eale \u00e0 bois en Fonte Angor | INVICTA","og_description":"Craquez pour le po\u00eale \u00e0 bois en Fonte Angor avec puissance de chauffe 12kW EcoLabel A\u2705 Flamme verte 7\u2b50\u2705 Garantie 5ans\u2705 100% Fonte \u2705","og_url":"https:\/\/www.invicta.fr\/fr\/produit\/poele-fonte-angor\/","og_site_name":"Invicta","article_modified_time":"2026-04-08T08:02:06+00:00","og_image":[{"width":549,"height":560,"url":"https:\/\/www.invicta.fr\/wp-content\/uploads\/2019\/07\/new-ANGOR-CYCLO.jpg","type":"image\/jpeg"}],"twitter_card":"summary_large_image","schema":{"@context":"https:\/\/schema.org","@graph":[{"@type":"WebPage","@id":"https:\/\/www.invicta.fr\/fr\/produit\/poele-fonte-angor\/","url":"https:\/\/www.invicta.fr\/fr\/produit\/poele-fonte-angor\/","name":"Po\u00eale \u00e0 bois en Fonte Angor | INVICTA","isPartOf":{"@id":"https:\/\/www.invicta.fr\/fr\/#website"},"primaryImageOfPage":{"@id":"https:\/\/www.invicta.fr\/fr\/produit\/poele-fonte-angor\/#primaryimage"},"image":{"@id":"https:\/\/www.invicta.fr\/fr\/produit\/poele-fonte-angor\/#primaryimage"},"thumbnailUrl":"https:\/\/www.invicta.fr\/wp-content\/uploads\/2019\/07\/new-ANGOR-CYCLO.jpg","datePublished":"2019-07-02T12:37:32+00:00","dateModified":"2026-04-08T08:02:06+00:00","description":"Craquez pour le po\u00eale \u00e0 bois en Fonte Angor avec puissance de chauffe 12kW EcoLabel A\u2705 Flamme verte 7\u2b50\u2705 Garantie 5ans\u2705 100% Fonte \u2705","breadcrumb":{"@id":"https:\/\/www.invicta.fr\/fr\/produit\/poele-fonte-angor\/#breadcrumb"},"inLanguage":"fr-FR","potentialAction":[{"@type":"ReadAction","target":["https:\/\/www.invicta.fr\/fr\/produit\/poele-fonte-angor\/"]}]},{"@type":"ImageObject","inLanguage":"fr-FR","@id":"https:\/\/www.invicta.fr\/fr\/produit\/poele-fonte-angor\/#primaryimage","url":"https:\/\/www.invicta.fr\/wp-content\/uploads\/2019\/07\/new-ANGOR-CYCLO.jpg","contentUrl":"https:\/\/www.invicta.fr\/wp-content\/uploads\/2019\/07\/new-ANGOR-CYCLO.jpg","width":549,"height":560,"caption":"Po\u00eale \u00e0 bois fonte Invicta Angor - 12 kW"},{"@type":"BreadcrumbList","@id":"https:\/\/www.invicta.fr\/fr\/produit\/poele-fonte-angor\/#breadcrumb","itemListElement":[{"@type":"ListItem","position":1,"name":"Accueil","item":"https:\/\/www.invicta.fr\/fr\/"},{"@type":"ListItem","position":2,"name":"Produits","item":"https:\/\/www.invicta.fr\/fr\/shop\/"},{"@type":"ListItem","position":3,"name":"Po\u00eales \u00e0 Bois","item":"https:\/\/www.invicta.fr\/fr\/categorie-produit\/poeles-bois\/"},{"@type":"ListItem","position":4,"name":"Po\u00eales \u00e0 Bois en Fonte","item":"https:\/\/www.invicta.fr\/fr\/categorie-produit\/poeles-bois\/poeles-a-bois-fonte-acier\/"},{"@type":"ListItem","position":5,"name":"Po\u00eale Fonte Angor"}]},{"@type":"WebSite","@id":"https:\/\/www.invicta.fr\/fr\/#website","url":"https:\/\/www.invicta.fr\/fr\/","name":"Invicta","description":"Fabricant fran\u00e7ais, sp\u00e9cialiste europ\u00e9en du chauffage au bois : po\u00eales \u00e0 bois et \u00e0 granul\u00e9s, chemin\u00e9es, foyers et inserts","publisher":{"@id":"https:\/\/www.invicta.fr\/fr\/#organization"},"potentialAction":[{"@type":"SearchAction","target":{"@type":"EntryPoint","urlTemplate":"https:\/\/www.invicta.fr\/fr\/?s={search_term_string}"},"query-input":{"@type":"PropertyValueSpecification","valueRequired":true,"valueName":"search_term_string"}}],"inLanguage":"fr-FR"},{"@type":"Organization","@id":"https:\/\/www.invicta.fr\/fr\/#organization","name":"Invicta","url":"https:\/\/www.invicta.fr\/fr\/","logo":{"@type":"ImageObject","inLanguage":"fr-FR","@id":"https:\/\/www.invicta.fr\/fr\/#\/schema\/logo\/image\/","url":"https:\/\/www.invicta.fr\/wp-content\/uploads\/2019\/06\/INVICTALOGO_RVB.png","contentUrl":"https:\/\/www.invicta.fr\/wp-content\/uploads\/2019\/06\/INVICTALOGO_RVB.png","width":1810,"height":1280,"caption":"Invicta"},"image":{"@id":"https:\/\/www.invicta.fr\/fr\/#\/schema\/logo\/image\/"}}]}},"_links":{"self":[{"href":"https:\/\/www.invicta.fr\/fr\/wp-json\/wp\/v2\/product\/916","targetHints":{"allow":["GET"]}}],"collection":[{"href":"https:\/\/www.invicta.fr\/fr\/wp-json\/wp\/v2\/product"}],"about":[{"href":"https:\/\/www.invicta.fr\/fr\/wp-json\/wp\/v2\/types\/product"}],"wp:featuredmedia":[{"embeddable":true,"href":"https:\/\/www.invicta.fr\/fr\/wp-json\/wp\/v2\/media\/23988"}],"wp:attachment":[{"href":"https:\/\/www.invicta.fr\/fr\/wp-json\/wp\/v2\/media?parent=916"}],"wp:term":[{"taxonomy":"product_brand","embeddable":true,"href":"https:\/\/www.invicta.fr\/fr\/wp-json\/wp\/v2\/product_brand?post=916"},{"taxonomy":"product_cat","embeddable":true,"href":"https:\/\/www.invicta.fr\/fr\/wp-json\/wp\/v2\/product_cat?post=916"},{"taxonomy":"product_tag","embeddable":true,"href":"https:\/\/www.invicta.fr\/fr\/wp-json\/wp\/v2\/product_tag?post=916"},{"taxonomy":"plus_produit","embeddable":true,"href":"https:\/\/www.invicta.fr\/fr\/wp-json\/wp\/v2\/plus_produit?post=916"}],"curies":[{"name":"wp","href":"https:\/\/api.w.org\/{rel}","templated":true}]}}