{"id":32199,"date":"2019-07-02T10:50:29","date_gmt":"2019-11-20T13:12:13","guid":{"rendered":"https:\/\/www.invicta.fr\/produit\/salamandra-hermetica-em-ferro-fundido-alcor\/"},"modified":"2025-01-30T16:13:36","modified_gmt":"2025-01-30T15:13:36","slug":"salamandra-a-lenha-hermetica-altais","status":"publish","type":"product","link":"https:\/\/www.invicta.fr\/pt\/produit\/salamandra-a-lenha-hermetica-altais\/","title":{"rendered":"Salamandra herm\u00e9tica em ferro fundido Alcor"},"content":{"rendered":"","protected":false},"excerpt":{"rendered":"<p>A Alcor promete um futuro brilhante. A sua janela panor\u00e2mica com \u00e2ngulo grande e o seu acabamento elegante d\u00e3o um brilho inconfund\u00edvel ao espet\u00e1culo de fogo.<\/p>\n","protected":false},"featured_media":32221,"template":"","meta":{"_acf_changed":false},"product_brand":[],"product_cat":[3105,4752,6262,6277,6125,6121,6122,6123],"product_tag":[3311,3310,3277,3276,4469,3275,4470,3312,4555,4513,6832,6658,6844],"plus_produit":[3871,3883,3881,6837,3306,4078,3326,3307],"class_list":{"1":"product","4":"has-post-thumbnail","6":"product_cat-ajuda-na-selecao","7":"product_cat-salamandras-a-lenha-estanques-salamandras-a-lenha","8":"product_cat-fogoes-a-lenha-6kw","9":"product_cat-fogoes-a-lenha-de-canto","10":"product_cat-fogoes-a-lenha-contemporaneos","11":"product_cat-fogoes-a-lenha-de-design","12":"product_cat-fogoes-modernos-a-lenha","13":"product_cat-fogoes-a-lenha-redondos","14":"product_tag-flamme-verte-7-pt","15":"product_tag-eco-design-2022-es-pt","16":"product_tag-certificacion-ecolabel-a-pt","17":"product_tag-feita-na-franca","18":"product_tag-controlo-de-ar","19":"product_tag-100-hierro-fundido-pt","20":"product_tag-ligacao-estanque","21":"product_tag-post-combustion-es-pt","22":"product_tag-revestimento-de-vermiculite","23":"product_tag-garantia-de-3-anos-pt","24":"product_tag-y-extension-garantie-2ans-por","25":"product_tag-imposto-de-credito-z","26":"product_tag-reserve-aux-pros-port","27":"pa_depart-des-fumees-parte-superior-pt","28":"pa_diametre-de-buse-150-mm-pt","29":"pa_indice-de-performance-100-pt","30":"pa_puissance-optimale-6-kw-pt","31":"pa_surface-de-chauffe-30-a-70-m-pt","32":"pa_taux-de-co-012-es-pt","33":"pa_volume-de-chauffe-80-a-180-m-pt","34":"plus_produit-aparelho-estanque-compativel-rt2012-pt","35":"plus_produit-ar-secundario-ajustavel-pt","36":"plus_produit-control-do-ar-pt","37":"plus_produit-extensao-de-garantia-2-anos","38":"plus_produit-origine-france-garantie","39":"plus_produit-revestimento-de-vermiculite-pt","40":"plus_produit-sistema-de-post-combustion-pt","41":"plus_produit-vidro-proprio","43":"first","44":"instock","45":"product-type-simple"},"acf":[],"yoast_head":"<!-- This site is optimized with the Yoast SEO plugin v24.7 - https:\/\/yoast.com\/wordpress\/plugins\/seo\/ -->\n<title>Salamandra herm\u00e9tica em ferro fundido Alcor - Invicta<\/title>\n<meta name=\"description\" content=\"A Alcor promete um futuro brilhante. A sua janela panor\u00e2mica com \u00e2ngulo grande e o seu acabamento elegante d\u00e3o um brilho inconfund\u00edvel ao espet\u00e1culo de fogo.\" \/>\n<meta name=\"robots\" content=\"index, follow, max-snippet:-1, max-image-preview:large, max-video-preview:-1\" \/>\n<link rel=\"canonical\" href=\"https:\/\/www.invicta.fr\/pt\/produit\/salamandra-a-lenha-hermetica-altais\/\" \/>\n<meta property=\"og:locale\" content=\"pt_PT\" \/>\n<meta property=\"og:type\" content=\"article\" \/>\n<meta property=\"og:title\" content=\"Salamandra herm\u00e9tica em ferro fundido Alcor - Invicta\" \/>\n<meta property=\"og:description\" content=\"A Alcor promete um futuro brilhante. A sua janela panor\u00e2mica com \u00e2ngulo grande e o seu acabamento elegante d\u00e3o um brilho inconfund\u00edvel ao espet\u00e1culo de fogo.\" \/>\n<meta property=\"og:url\" content=\"https:\/\/www.invicta.fr\/pt\/produit\/salamandra-a-lenha-hermetica-altais\/\" \/>\n<meta property=\"og:site_name\" content=\"Invicta\" \/>\n<meta property=\"article:modified_time\" content=\"2025-01-30T15:13:36+00:00\" \/>\n<meta property=\"og:image\" content=\"https:\/\/www.invicta.fr\/wp-content\/uploads\/2019\/09\/NEW-alcor-cyclo_1431623522.jpg\" \/>\n\t<meta property=\"og:image:width\" content=\"324\" \/>\n\t<meta property=\"og:image:height\" content=\"788\" \/>\n\t<meta property=\"og:image:type\" content=\"image\/jpeg\" \/>\n<meta name=\"twitter:card\" content=\"summary_large_image\" \/>\n<script type=\"application\/ld+json\" class=\"yoast-schema-graph\">{\"@context\":\"https:\/\/schema.org\",\"@graph\":[{\"@type\":\"WebPage\",\"@id\":\"https:\/\/www.invicta.fr\/pt\/produit\/salamandra-a-lenha-hermetica-altais\/\",\"url\":\"https:\/\/www.invicta.fr\/pt\/produit\/salamandra-a-lenha-hermetica-altais\/\",\"name\":\"Salamandra herm\u00e9tica em ferro fundido Alcor - Invicta\",\"isPartOf\":{\"@id\":\"https:\/\/www.invicta.fr\/pt\/#website\"},\"primaryImageOfPage\":{\"@id\":\"https:\/\/www.invicta.fr\/pt\/produit\/salamandra-a-lenha-hermetica-altais\/#primaryimage\"},\"image\":{\"@id\":\"https:\/\/www.invicta.fr\/pt\/produit\/salamandra-a-lenha-hermetica-altais\/#primaryimage\"},\"thumbnailUrl\":\"https:\/\/www.invicta.fr\/wp-content\/uploads\/2019\/09\/NEW-alcor-cyclo_1431623522.jpg\",\"datePublished\":\"2019-11-20T13:12:13+00:00\",\"dateModified\":\"2025-01-30T15:13:36+00:00\",\"description\":\"A Alcor promete um futuro brilhante. A sua janela panor\u00e2mica com \u00e2ngulo grande e o seu acabamento elegante d\u00e3o um brilho inconfund\u00edvel ao espet\u00e1culo de fogo.\",\"breadcrumb\":{\"@id\":\"https:\/\/www.invicta.fr\/pt\/produit\/salamandra-a-lenha-hermetica-altais\/#breadcrumb\"},\"inLanguage\":\"pt-PT\",\"potentialAction\":[{\"@type\":\"ReadAction\",\"target\":[\"https:\/\/www.invicta.fr\/pt\/produit\/salamandra-a-lenha-hermetica-altais\/\"]}]},{\"@type\":\"ImageObject\",\"inLanguage\":\"pt-PT\",\"@id\":\"https:\/\/www.invicta.fr\/pt\/produit\/salamandra-a-lenha-hermetica-altais\/#primaryimage\",\"url\":\"https:\/\/www.invicta.fr\/wp-content\/uploads\/2019\/09\/NEW-alcor-cyclo_1431623522.jpg\",\"contentUrl\":\"https:\/\/www.invicta.fr\/wp-content\/uploads\/2019\/09\/NEW-alcor-cyclo_1431623522.jpg\",\"width\":324,\"height\":788,\"caption\":\"Po\u00eale \u00e0 bois fonte Invicta Alcor - 6 kW\"},{\"@type\":\"BreadcrumbList\",\"@id\":\"https:\/\/www.invicta.fr\/pt\/produit\/salamandra-a-lenha-hermetica-altais\/#breadcrumb\",\"itemListElement\":[{\"@type\":\"ListItem\",\"position\":1,\"name\":\"Home\",\"item\":\"https:\/\/www.invicta.fr\/pt\/\"},{\"@type\":\"ListItem\",\"position\":2,\"name\":\"Produtos\",\"item\":\"https:\/\/www.invicta.fr\/pt\/shop\/\"},{\"@type\":\"ListItem\",\"position\":3,\"name\":\"Salamandras a lenha\",\"item\":\"https:\/\/www.invicta.fr\/pt\/categorie-produit\/salamandras-a-lenha\/\"},{\"@type\":\"ListItem\",\"position\":4,\"name\":\"Salamandras a Lenha estanques\",\"item\":\"https:\/\/www.invicta.fr\/pt\/categorie-produit\/salamandras-a-lenha\/salamandras-a-lenha-estanques-salamandras-a-lenha\/\"},{\"@type\":\"ListItem\",\"position\":5,\"name\":\"Salamandra herm\u00e9tica em ferro fundido Alcor\"}]},{\"@type\":\"WebSite\",\"@id\":\"https:\/\/www.invicta.fr\/pt\/#website\",\"url\":\"https:\/\/www.invicta.fr\/pt\/\",\"name\":\"Invicta\",\"description\":\"Fabricant fran\u00e7ais, sp\u00e9cialiste europ\u00e9en du chauffage au bois : po\u00eales \u00e0 bois et \u00e0 granul\u00e9s, chemin\u00e9es, foyers et inserts\",\"publisher\":{\"@id\":\"https:\/\/www.invicta.fr\/pt\/#organization\"},\"potentialAction\":[{\"@type\":\"SearchAction\",\"target\":{\"@type\":\"EntryPoint\",\"urlTemplate\":\"https:\/\/www.invicta.fr\/pt\/?s={search_term_string}\"},\"query-input\":{\"@type\":\"PropertyValueSpecification\",\"valueRequired\":true,\"valueName\":\"search_term_string\"}}],\"inLanguage\":\"pt-PT\"},{\"@type\":\"Organization\",\"@id\":\"https:\/\/www.invicta.fr\/pt\/#organization\",\"name\":\"Invicta\",\"url\":\"https:\/\/www.invicta.fr\/pt\/\",\"logo\":{\"@type\":\"ImageObject\",\"inLanguage\":\"pt-PT\",\"@id\":\"https:\/\/www.invicta.fr\/pt\/#\/schema\/logo\/image\/\",\"url\":\"https:\/\/www.invicta.fr\/wp-content\/uploads\/2019\/06\/INVICTALOGO_RVB.png\",\"contentUrl\":\"https:\/\/www.invicta.fr\/wp-content\/uploads\/2019\/06\/INVICTALOGO_RVB.png\",\"width\":1810,\"height\":1280,\"caption\":\"Invicta\"},\"image\":{\"@id\":\"https:\/\/www.invicta.fr\/pt\/#\/schema\/logo\/image\/\"}}]}<\/script>\n<!-- \/ Yoast SEO plugin. -->","yoast_head_json":{"title":"Salamandra herm\u00e9tica em ferro fundido Alcor - Invicta","description":"A Alcor promete um futuro brilhante. A sua janela panor\u00e2mica com \u00e2ngulo grande e o seu acabamento elegante d\u00e3o um brilho inconfund\u00edvel ao espet\u00e1culo de fogo.","robots":{"index":"index","follow":"follow","max-snippet":"max-snippet:-1","max-image-preview":"max-image-preview:large","max-video-preview":"max-video-preview:-1"},"canonical":"https:\/\/www.invicta.fr\/pt\/produit\/salamandra-a-lenha-hermetica-altais\/","og_locale":"pt_PT","og_type":"article","og_title":"Salamandra herm\u00e9tica em ferro fundido Alcor - Invicta","og_description":"A Alcor promete um futuro brilhante. A sua janela panor\u00e2mica com \u00e2ngulo grande e o seu acabamento elegante d\u00e3o um brilho inconfund\u00edvel ao espet\u00e1culo de fogo.","og_url":"https:\/\/www.invicta.fr\/pt\/produit\/salamandra-a-lenha-hermetica-altais\/","og_site_name":"Invicta","article_modified_time":"2025-01-30T15:13:36+00:00","og_image":[{"width":324,"height":788,"url":"https:\/\/www.invicta.fr\/wp-content\/uploads\/2019\/09\/NEW-alcor-cyclo_1431623522.jpg","type":"image\/jpeg"}],"twitter_card":"summary_large_image","schema":{"@context":"https:\/\/schema.org","@graph":[{"@type":"WebPage","@id":"https:\/\/www.invicta.fr\/pt\/produit\/salamandra-a-lenha-hermetica-altais\/","url":"https:\/\/www.invicta.fr\/pt\/produit\/salamandra-a-lenha-hermetica-altais\/","name":"Salamandra herm\u00e9tica em ferro fundido Alcor - Invicta","isPartOf":{"@id":"https:\/\/www.invicta.fr\/pt\/#website"},"primaryImageOfPage":{"@id":"https:\/\/www.invicta.fr\/pt\/produit\/salamandra-a-lenha-hermetica-altais\/#primaryimage"},"image":{"@id":"https:\/\/www.invicta.fr\/pt\/produit\/salamandra-a-lenha-hermetica-altais\/#primaryimage"},"thumbnailUrl":"https:\/\/www.invicta.fr\/wp-content\/uploads\/2019\/09\/NEW-alcor-cyclo_1431623522.jpg","datePublished":"2019-11-20T13:12:13+00:00","dateModified":"2025-01-30T15:13:36+00:00","description":"A Alcor promete um futuro brilhante. A sua janela panor\u00e2mica com \u00e2ngulo grande e o seu acabamento elegante d\u00e3o um brilho inconfund\u00edvel ao espet\u00e1culo de fogo.","breadcrumb":{"@id":"https:\/\/www.invicta.fr\/pt\/produit\/salamandra-a-lenha-hermetica-altais\/#breadcrumb"},"inLanguage":"pt-PT","potentialAction":[{"@type":"ReadAction","target":["https:\/\/www.invicta.fr\/pt\/produit\/salamandra-a-lenha-hermetica-altais\/"]}]},{"@type":"ImageObject","inLanguage":"pt-PT","@id":"https:\/\/www.invicta.fr\/pt\/produit\/salamandra-a-lenha-hermetica-altais\/#primaryimage","url":"https:\/\/www.invicta.fr\/wp-content\/uploads\/2019\/09\/NEW-alcor-cyclo_1431623522.jpg","contentUrl":"https:\/\/www.invicta.fr\/wp-content\/uploads\/2019\/09\/NEW-alcor-cyclo_1431623522.jpg","width":324,"height":788,"caption":"Po\u00eale \u00e0 bois fonte Invicta Alcor - 6 kW"},{"@type":"BreadcrumbList","@id":"https:\/\/www.invicta.fr\/pt\/produit\/salamandra-a-lenha-hermetica-altais\/#breadcrumb","itemListElement":[{"@type":"ListItem","position":1,"name":"Home","item":"https:\/\/www.invicta.fr\/pt\/"},{"@type":"ListItem","position":2,"name":"Produtos","item":"https:\/\/www.invicta.fr\/pt\/shop\/"},{"@type":"ListItem","position":3,"name":"Salamandras a lenha","item":"https:\/\/www.invicta.fr\/pt\/categorie-produit\/salamandras-a-lenha\/"},{"@type":"ListItem","position":4,"name":"Salamandras a Lenha estanques","item":"https:\/\/www.invicta.fr\/pt\/categorie-produit\/salamandras-a-lenha\/salamandras-a-lenha-estanques-salamandras-a-lenha\/"},{"@type":"ListItem","position":5,"name":"Salamandra herm\u00e9tica em ferro fundido Alcor"}]},{"@type":"WebSite","@id":"https:\/\/www.invicta.fr\/pt\/#website","url":"https:\/\/www.invicta.fr\/pt\/","name":"Invicta","description":"Fabricant fran\u00e7ais, sp\u00e9cialiste europ\u00e9en du chauffage au bois : po\u00eales \u00e0 bois et \u00e0 granul\u00e9s, chemin\u00e9es, foyers et inserts","publisher":{"@id":"https:\/\/www.invicta.fr\/pt\/#organization"},"potentialAction":[{"@type":"SearchAction","target":{"@type":"EntryPoint","urlTemplate":"https:\/\/www.invicta.fr\/pt\/?s={search_term_string}"},"query-input":{"@type":"PropertyValueSpecification","valueRequired":true,"valueName":"search_term_string"}}],"inLanguage":"pt-PT"},{"@type":"Organization","@id":"https:\/\/www.invicta.fr\/pt\/#organization","name":"Invicta","url":"https:\/\/www.invicta.fr\/pt\/","logo":{"@type":"ImageObject","inLanguage":"pt-PT","@id":"https:\/\/www.invicta.fr\/pt\/#\/schema\/logo\/image\/","url":"https:\/\/www.invicta.fr\/wp-content\/uploads\/2019\/06\/INVICTALOGO_RVB.png","contentUrl":"https:\/\/www.invicta.fr\/wp-content\/uploads\/2019\/06\/INVICTALOGO_RVB.png","width":1810,"height":1280,"caption":"Invicta"},"image":{"@id":"https:\/\/www.invicta.fr\/pt\/#\/schema\/logo\/image\/"}}]}},"_links":{"self":[{"href":"https:\/\/www.invicta.fr\/pt\/wp-json\/wp\/v2\/product\/32199","targetHints":{"allow":["GET"]}}],"collection":[{"href":"https:\/\/www.invicta.fr\/pt\/wp-json\/wp\/v2\/product"}],"about":[{"href":"https:\/\/www.invicta.fr\/pt\/wp-json\/wp\/v2\/types\/product"}],"wp:featuredmedia":[{"embeddable":true,"href":"https:\/\/www.invicta.fr\/pt\/wp-json\/wp\/v2\/media\/32221"}],"wp:attachment":[{"href":"https:\/\/www.invicta.fr\/pt\/wp-json\/wp\/v2\/media?parent=32199"}],"wp:term":[{"taxonomy":"product_brand","embeddable":true,"href":"https:\/\/www.invicta.fr\/pt\/wp-json\/wp\/v2\/product_brand?post=32199"},{"taxonomy":"product_cat","embeddable":true,"href":"https:\/\/www.invicta.fr\/pt\/wp-json\/wp\/v2\/product_cat?post=32199"},{"taxonomy":"product_tag","embeddable":true,"href":"https:\/\/www.invicta.fr\/pt\/wp-json\/wp\/v2\/product_tag?post=32199"},{"taxonomy":"plus_produit","embeddable":true,"href":"https:\/\/www.invicta.fr\/pt\/wp-json\/wp\/v2\/plus_produit?post=32199"}],"curies":[{"name":"wp","href":"https:\/\/api.w.org\/{rel}","templated":true}]}}