{"id":38577,"date":"2020-09-30T01:18:23","date_gmt":"2020-09-29T23:18:25","guid":{"rendered":"https:\/\/www.invicta.fr\/?post_type=product&#038;p=38577"},"modified":"2026-02-24T11:36:20","modified_gmt":"2026-02-24T10:36:20","slug":"salamandra-a-pellets-daglan-slim-9","status":"publish","type":"product","link":"https:\/\/www.invicta.fr\/pt\/produit\/salamandra-a-pellets-daglan-slim-9\/","title":{"rendered":"Salamandra a pellets Daglan Slim 9"},"content":{"rendered":"","protected":false},"excerpt":{"rendered":"<p>A salamandra a pellets Daglan ocupa um espa\u00e7o m\u00ednimo e oferece o m\u00e1ximo conforto gra\u00e7as ao seu alto desempenho, autonomia estendida e possibilidades de programa\u00e7\u00e3o. Monobloco, entregue montado.<\/p>\n","protected":false},"featured_media":38503,"template":"","meta":{"_acf_changed":false},"product_brand":[],"product_cat":[3105,4610,6592,6038,6035,6034,6040,6037,6368,6489,6036],"product_tag":[7107,3311,3310,4434,6369,4513,6828,6658],"plus_produit":[4040,6840,6366,4624,4043,4051,3864,4073],"class_list":{"1":"product","4":"has-post-thumbnail","6":"product_cat-ajuda-na-selecao","7":"product_cat-salamandras-a-pellets","8":"product_cat-fogoes-de-pelota-9-kw","9":"product_cat-fogoes-autonomos-a-pellets","10":"product_cat-fogoes-a-pellets-programaveis","11":"product_cat-fogoes-a-pellets-de-design","12":"product_cat-fogoes-a-pellets-contemporaneos","13":"product_cat-fogoes-modernos-a-pellets","14":"product_cat-fogoes-a-pellets-de-pequeno-formato","15":"product_cat-fogoes-a-pellets-vermelhos","16":"product_cat-fogoes-a-pellets-de-saida-superior","17":"product_tag-en16510-pt","18":"product_tag-flamme-verte-7-pt","19":"product_tag-eco-design-2022-es-pt","20":"product_tag-a-ecolabel-pt","21":"product_tag-opcao-wifi-c02270","22":"product_tag-garantia-de-3-anos-pt","23":"product_tag-y-garantie-extension-1-an-portugais","24":"product_tag-imposto-de-credito-z","25":"pa_autonomie-minimum-7-horas-pt","26":"pa_capacite-de-la-tremie-15-kg-pt","27":"pa_depart-des-fumees-parte-superior-ou-traseira","28":"pa_diametre-de-buse-80-mm-pt","29":"pa_indice-de-performance-121-pt","30":"pa_puissance-9-kw-pt","31":"pa_surface-de-chauffe-50-a-110-m-pt","32":"pa_volume-de-chauffe-125-a-275-m-pt","33":"plus_produit-controlo-da-potencia-5-ou-da-temperatura-ambiente","34":"plus_produit-extension-de-garantie-1-an-por","35":"plus_produit-kit-wi-fi-opcional","36":"plus_produit-modelo-compacto","37":"plus_produit-possibilidade-de-pilotagem-por-termostato-externo-pt","38":"plus_produit-programacao-horaria-pt","39":"plus_produit-saida-de-ar-quente-por-ventilador-pt","40":"plus_produit-stand-by-espera-pt","42":"first","43":"instock","44":"product-type-variable","45":"has-default-attributes"},"acf":[],"yoast_head":"<!-- This site is optimized with the Yoast SEO plugin v24.7 - https:\/\/yoast.com\/wordpress\/plugins\/seo\/ -->\n<title>Salamandra a pellets Daglan Slim 9 - Invicta<\/title>\n<meta name=\"description\" content=\"A salamandra a pellets Daglan ocupa um espa\u00e7o m\u00ednimo e oferece o m\u00e1ximo conforto gra\u00e7as ao seu alto desempenho, autonomia estendida e possibilidades de programa\u00e7\u00e3o. Monobloco, entregue montado.\" \/>\n<meta name=\"robots\" content=\"index, follow, max-snippet:-1, max-image-preview:large, max-video-preview:-1\" \/>\n<link rel=\"canonical\" href=\"https:\/\/www.invicta.fr\/pt\/produit\/salamandra-a-pellets-daglan-slim-9\/\" \/>\n<meta property=\"og:locale\" content=\"pt_PT\" \/>\n<meta property=\"og:type\" content=\"article\" \/>\n<meta property=\"og:title\" content=\"Salamandra a pellets Daglan Slim 9 - Invicta\" \/>\n<meta property=\"og:description\" content=\"A salamandra a pellets Daglan ocupa um espa\u00e7o m\u00ednimo e oferece o m\u00e1ximo conforto gra\u00e7as ao seu alto desempenho, autonomia estendida e possibilidades de programa\u00e7\u00e3o. Monobloco, entregue montado.\" \/>\n<meta property=\"og:url\" content=\"https:\/\/www.invicta.fr\/pt\/produit\/salamandra-a-pellets-daglan-slim-9\/\" \/>\n<meta property=\"og:site_name\" content=\"Invicta\" \/>\n<meta property=\"article:modified_time\" content=\"2026-02-24T10:36:20+00:00\" \/>\n<meta property=\"og:image\" content=\"https:\/\/www.invicta.fr\/wp-content\/uploads\/2020\/09\/C-DAGLAN_rouge-web.jpg\" \/>\n\t<meta property=\"og:image:width\" content=\"806\" \/>\n\t<meta property=\"og:image:height\" content=\"1000\" \/>\n\t<meta property=\"og:image:type\" content=\"image\/jpeg\" \/>\n<meta name=\"twitter:card\" content=\"summary_large_image\" \/>\n<script type=\"application\/ld+json\" class=\"yoast-schema-graph\">{\"@context\":\"https:\/\/schema.org\",\"@graph\":[{\"@type\":\"WebPage\",\"@id\":\"https:\/\/www.invicta.fr\/pt\/produit\/salamandra-a-pellets-daglan-slim-9\/\",\"url\":\"https:\/\/www.invicta.fr\/pt\/produit\/salamandra-a-pellets-daglan-slim-9\/\",\"name\":\"Salamandra a pellets Daglan Slim 9 - Invicta\",\"isPartOf\":{\"@id\":\"https:\/\/www.invicta.fr\/pt\/#website\"},\"primaryImageOfPage\":{\"@id\":\"https:\/\/www.invicta.fr\/pt\/produit\/salamandra-a-pellets-daglan-slim-9\/#primaryimage\"},\"image\":{\"@id\":\"https:\/\/www.invicta.fr\/pt\/produit\/salamandra-a-pellets-daglan-slim-9\/#primaryimage\"},\"thumbnailUrl\":\"https:\/\/www.invicta.fr\/wp-content\/uploads\/2020\/09\/C-DAGLAN_rouge-web.jpg\",\"datePublished\":\"2020-09-29T23:18:25+00:00\",\"dateModified\":\"2026-02-24T10:36:20+00:00\",\"description\":\"A salamandra a pellets Daglan ocupa um espa\u00e7o m\u00ednimo e oferece o m\u00e1ximo conforto gra\u00e7as ao seu alto desempenho, autonomia estendida e possibilidades de programa\u00e7\u00e3o. Monobloco, entregue montado.\",\"breadcrumb\":{\"@id\":\"https:\/\/www.invicta.fr\/pt\/produit\/salamandra-a-pellets-daglan-slim-9\/#breadcrumb\"},\"inLanguage\":\"pt-PT\",\"potentialAction\":[{\"@type\":\"ReadAction\",\"target\":[\"https:\/\/www.invicta.fr\/pt\/produit\/salamandra-a-pellets-daglan-slim-9\/\"]}]},{\"@type\":\"ImageObject\",\"inLanguage\":\"pt-PT\",\"@id\":\"https:\/\/www.invicta.fr\/pt\/produit\/salamandra-a-pellets-daglan-slim-9\/#primaryimage\",\"url\":\"https:\/\/www.invicta.fr\/wp-content\/uploads\/2020\/09\/C-DAGLAN_rouge-web.jpg\",\"contentUrl\":\"https:\/\/www.invicta.fr\/wp-content\/uploads\/2020\/09\/C-DAGLAN_rouge-web.jpg\",\"width\":806,\"height\":1000,\"caption\":\"Po\u00eale \u00e0 granul\u00e9s canalisable Daglan Slim - Invicta - 9 kW\"},{\"@type\":\"BreadcrumbList\",\"@id\":\"https:\/\/www.invicta.fr\/pt\/produit\/salamandra-a-pellets-daglan-slim-9\/#breadcrumb\",\"itemListElement\":[{\"@type\":\"ListItem\",\"position\":1,\"name\":\"Home\",\"item\":\"https:\/\/www.invicta.fr\/pt\/\"},{\"@type\":\"ListItem\",\"position\":2,\"name\":\"Produtos\",\"item\":\"https:\/\/www.invicta.fr\/pt\/shop\/\"},{\"@type\":\"ListItem\",\"position\":3,\"name\":\"Salamandras a pellets\",\"item\":\"https:\/\/www.invicta.fr\/pt\/categorie-produit\/fogoes-a-pellets\/\"},{\"@type\":\"ListItem\",\"position\":4,\"name\":\"Salamandras a pellets\",\"item\":\"https:\/\/www.invicta.fr\/pt\/categorie-produit\/fogoes-a-pellets\/salamandras-a-pellets\/\"},{\"@type\":\"ListItem\",\"position\":5,\"name\":\"Salamandra a pellets Daglan Slim 9\"}]},{\"@type\":\"WebSite\",\"@id\":\"https:\/\/www.invicta.fr\/pt\/#website\",\"url\":\"https:\/\/www.invicta.fr\/pt\/\",\"name\":\"Invicta\",\"description\":\"Fabricant fran\u00e7ais, sp\u00e9cialiste europ\u00e9en du chauffage au bois : po\u00eales \u00e0 bois et \u00e0 granul\u00e9s, chemin\u00e9es, foyers et inserts\",\"publisher\":{\"@id\":\"https:\/\/www.invicta.fr\/pt\/#organization\"},\"potentialAction\":[{\"@type\":\"SearchAction\",\"target\":{\"@type\":\"EntryPoint\",\"urlTemplate\":\"https:\/\/www.invicta.fr\/pt\/?s={search_term_string}\"},\"query-input\":{\"@type\":\"PropertyValueSpecification\",\"valueRequired\":true,\"valueName\":\"search_term_string\"}}],\"inLanguage\":\"pt-PT\"},{\"@type\":\"Organization\",\"@id\":\"https:\/\/www.invicta.fr\/pt\/#organization\",\"name\":\"Invicta\",\"url\":\"https:\/\/www.invicta.fr\/pt\/\",\"logo\":{\"@type\":\"ImageObject\",\"inLanguage\":\"pt-PT\",\"@id\":\"https:\/\/www.invicta.fr\/pt\/#\/schema\/logo\/image\/\",\"url\":\"https:\/\/www.invicta.fr\/wp-content\/uploads\/2019\/06\/INVICTALOGO_RVB.png\",\"contentUrl\":\"https:\/\/www.invicta.fr\/wp-content\/uploads\/2019\/06\/INVICTALOGO_RVB.png\",\"width\":1810,\"height\":1280,\"caption\":\"Invicta\"},\"image\":{\"@id\":\"https:\/\/www.invicta.fr\/pt\/#\/schema\/logo\/image\/\"}}]}<\/script>\n<!-- \/ Yoast SEO plugin. -->","yoast_head_json":{"title":"Salamandra a pellets Daglan Slim 9 - Invicta","description":"A salamandra a pellets Daglan ocupa um espa\u00e7o m\u00ednimo e oferece o m\u00e1ximo conforto gra\u00e7as ao seu alto desempenho, autonomia estendida e possibilidades de programa\u00e7\u00e3o. Monobloco, entregue montado.","robots":{"index":"index","follow":"follow","max-snippet":"max-snippet:-1","max-image-preview":"max-image-preview:large","max-video-preview":"max-video-preview:-1"},"canonical":"https:\/\/www.invicta.fr\/pt\/produit\/salamandra-a-pellets-daglan-slim-9\/","og_locale":"pt_PT","og_type":"article","og_title":"Salamandra a pellets Daglan Slim 9 - Invicta","og_description":"A salamandra a pellets Daglan ocupa um espa\u00e7o m\u00ednimo e oferece o m\u00e1ximo conforto gra\u00e7as ao seu alto desempenho, autonomia estendida e possibilidades de programa\u00e7\u00e3o. Monobloco, entregue montado.","og_url":"https:\/\/www.invicta.fr\/pt\/produit\/salamandra-a-pellets-daglan-slim-9\/","og_site_name":"Invicta","article_modified_time":"2026-02-24T10:36:20+00:00","og_image":[{"width":806,"height":1000,"url":"https:\/\/www.invicta.fr\/wp-content\/uploads\/2020\/09\/C-DAGLAN_rouge-web.jpg","type":"image\/jpeg"}],"twitter_card":"summary_large_image","schema":{"@context":"https:\/\/schema.org","@graph":[{"@type":"WebPage","@id":"https:\/\/www.invicta.fr\/pt\/produit\/salamandra-a-pellets-daglan-slim-9\/","url":"https:\/\/www.invicta.fr\/pt\/produit\/salamandra-a-pellets-daglan-slim-9\/","name":"Salamandra a pellets Daglan Slim 9 - Invicta","isPartOf":{"@id":"https:\/\/www.invicta.fr\/pt\/#website"},"primaryImageOfPage":{"@id":"https:\/\/www.invicta.fr\/pt\/produit\/salamandra-a-pellets-daglan-slim-9\/#primaryimage"},"image":{"@id":"https:\/\/www.invicta.fr\/pt\/produit\/salamandra-a-pellets-daglan-slim-9\/#primaryimage"},"thumbnailUrl":"https:\/\/www.invicta.fr\/wp-content\/uploads\/2020\/09\/C-DAGLAN_rouge-web.jpg","datePublished":"2020-09-29T23:18:25+00:00","dateModified":"2026-02-24T10:36:20+00:00","description":"A salamandra a pellets Daglan ocupa um espa\u00e7o m\u00ednimo e oferece o m\u00e1ximo conforto gra\u00e7as ao seu alto desempenho, autonomia estendida e possibilidades de programa\u00e7\u00e3o. Monobloco, entregue montado.","breadcrumb":{"@id":"https:\/\/www.invicta.fr\/pt\/produit\/salamandra-a-pellets-daglan-slim-9\/#breadcrumb"},"inLanguage":"pt-PT","potentialAction":[{"@type":"ReadAction","target":["https:\/\/www.invicta.fr\/pt\/produit\/salamandra-a-pellets-daglan-slim-9\/"]}]},{"@type":"ImageObject","inLanguage":"pt-PT","@id":"https:\/\/www.invicta.fr\/pt\/produit\/salamandra-a-pellets-daglan-slim-9\/#primaryimage","url":"https:\/\/www.invicta.fr\/wp-content\/uploads\/2020\/09\/C-DAGLAN_rouge-web.jpg","contentUrl":"https:\/\/www.invicta.fr\/wp-content\/uploads\/2020\/09\/C-DAGLAN_rouge-web.jpg","width":806,"height":1000,"caption":"Po\u00eale \u00e0 granul\u00e9s canalisable Daglan Slim - Invicta - 9 kW"},{"@type":"BreadcrumbList","@id":"https:\/\/www.invicta.fr\/pt\/produit\/salamandra-a-pellets-daglan-slim-9\/#breadcrumb","itemListElement":[{"@type":"ListItem","position":1,"name":"Home","item":"https:\/\/www.invicta.fr\/pt\/"},{"@type":"ListItem","position":2,"name":"Produtos","item":"https:\/\/www.invicta.fr\/pt\/shop\/"},{"@type":"ListItem","position":3,"name":"Salamandras a pellets","item":"https:\/\/www.invicta.fr\/pt\/categorie-produit\/fogoes-a-pellets\/"},{"@type":"ListItem","position":4,"name":"Salamandras a pellets","item":"https:\/\/www.invicta.fr\/pt\/categorie-produit\/fogoes-a-pellets\/salamandras-a-pellets\/"},{"@type":"ListItem","position":5,"name":"Salamandra a pellets Daglan Slim 9"}]},{"@type":"WebSite","@id":"https:\/\/www.invicta.fr\/pt\/#website","url":"https:\/\/www.invicta.fr\/pt\/","name":"Invicta","description":"Fabricant fran\u00e7ais, sp\u00e9cialiste europ\u00e9en du chauffage au bois : po\u00eales \u00e0 bois et \u00e0 granul\u00e9s, chemin\u00e9es, foyers et inserts","publisher":{"@id":"https:\/\/www.invicta.fr\/pt\/#organization"},"potentialAction":[{"@type":"SearchAction","target":{"@type":"EntryPoint","urlTemplate":"https:\/\/www.invicta.fr\/pt\/?s={search_term_string}"},"query-input":{"@type":"PropertyValueSpecification","valueRequired":true,"valueName":"search_term_string"}}],"inLanguage":"pt-PT"},{"@type":"Organization","@id":"https:\/\/www.invicta.fr\/pt\/#organization","name":"Invicta","url":"https:\/\/www.invicta.fr\/pt\/","logo":{"@type":"ImageObject","inLanguage":"pt-PT","@id":"https:\/\/www.invicta.fr\/pt\/#\/schema\/logo\/image\/","url":"https:\/\/www.invicta.fr\/wp-content\/uploads\/2019\/06\/INVICTALOGO_RVB.png","contentUrl":"https:\/\/www.invicta.fr\/wp-content\/uploads\/2019\/06\/INVICTALOGO_RVB.png","width":1810,"height":1280,"caption":"Invicta"},"image":{"@id":"https:\/\/www.invicta.fr\/pt\/#\/schema\/logo\/image\/"}}]}},"_links":{"self":[{"href":"https:\/\/www.invicta.fr\/pt\/wp-json\/wp\/v2\/product\/38577","targetHints":{"allow":["GET"]}}],"collection":[{"href":"https:\/\/www.invicta.fr\/pt\/wp-json\/wp\/v2\/product"}],"about":[{"href":"https:\/\/www.invicta.fr\/pt\/wp-json\/wp\/v2\/types\/product"}],"wp:featuredmedia":[{"embeddable":true,"href":"https:\/\/www.invicta.fr\/pt\/wp-json\/wp\/v2\/media\/38503"}],"wp:attachment":[{"href":"https:\/\/www.invicta.fr\/pt\/wp-json\/wp\/v2\/media?parent=38577"}],"wp:term":[{"taxonomy":"product_brand","embeddable":true,"href":"https:\/\/www.invicta.fr\/pt\/wp-json\/wp\/v2\/product_brand?post=38577"},{"taxonomy":"product_cat","embeddable":true,"href":"https:\/\/www.invicta.fr\/pt\/wp-json\/wp\/v2\/product_cat?post=38577"},{"taxonomy":"product_tag","embeddable":true,"href":"https:\/\/www.invicta.fr\/pt\/wp-json\/wp\/v2\/product_tag?post=38577"},{"taxonomy":"plus_produit","embeddable":true,"href":"https:\/\/www.invicta.fr\/pt\/wp-json\/wp\/v2\/plus_produit?post=38577"}],"curies":[{"name":"wp","href":"https:\/\/api.w.org\/{rel}","templated":true}]}}