{"id":41543,"date":"2021-08-02T17:34:23","date_gmt":"2021-08-02T15:34:24","guid":{"rendered":"https:\/\/www.invicta.fr\/?post_type=product&#038;p=41543"},"modified":"2026-03-16T10:28:12","modified_gmt":"2026-03-16T09:28:12","slug":"fogao-a-lenha-de-aco-neosen-plus-3-lados-envidracados-conectaveis","status":"publish","type":"product","link":"https:\/\/www.invicta.fr\/pt\/produit\/fogao-a-lenha-de-aco-neosen-plus-3-lados-envidracados-conectaveis\/","title":{"rendered":"Fog\u00e3o a lenha de a\u00e7o Neosen Plus 3 lados envidra\u00e7ados conect\u00e1veis"},"content":{"rendered":"","protected":false},"excerpt":{"rendered":"<p>Admire o fog\u00e3o Neosen Plus de todos os lados&#8230; Voc\u00ea est\u00e1 imerso no cora\u00e7\u00e3o do fascinante e relaxante espet\u00e1culo das chamas. Sinta todos os benef\u00edcios proporcionados pela sua efici\u00eancia de aquecimento. <span data-sheets-formula-bar-text-style=\"font-size:13px;color:#000000;font-weight:normal;text-decoration:none;font-family:'Arial';font-style:normal;text-decoration-skip-ink:none;\"><a rel=\"noopener noreferrer\" href=\"https:\/\/www.invicta.fr\/fr\/2020\/10\/22\/nouveautes-invicta-poeles-bois-contemporains-en-acier\/\" target=\"_blank\">Aqui, os outros modelos da nova gama de fog\u00f5es a lenha de a\u00e7o contempor\u00e2neo.<\/a><\/span><\/p>\n","protected":false},"featured_media":57047,"template":"","meta":{"_acf_changed":false},"product_brand":[],"product_cat":[3105,6177,6278,6277,6125,6121,6122,6123],"product_tag":[7107,3311,3310,4434,6961,3312,4883,4684,4513,6832,6658],"plus_produit":[6261,6260,4055,6837,4061,6259,4001,3326,3307],"class_list":{"1":"product","4":"has-post-thumbnail","6":"product_cat-ajuda-na-selecao","7":"product_cat-8-kw-fogoes-a-lenha","8":"product_cat-fogoes-a-lenha-de-3-lados","9":"product_cat-fogoes-a-lenha-de-canto","10":"product_cat-fogoes-a-lenha-contemporaneos","11":"product_cat-fogoes-a-lenha-de-design","12":"product_cat-fogoes-modernos-a-lenha","13":"product_cat-fogoes-a-lenha-redondos","14":"product_tag-en16510-pt","15":"product_tag-flamme-verte-7-pt","16":"product_tag-eco-design-2022-es-pt","17":"product_tag-a-ecolabel-pt","18":"product_tag-novo","19":"product_tag-post-combustion-es-pt","20":"product_tag-com-ligacao","21":"product_tag-revestimento-interior-ferro-fundido","22":"product_tag-garantia-de-3-anos-pt","23":"product_tag-y-extension-garantie-2ans-por","24":"product_tag-imposto-de-credito-z","25":"pa_depart-des-fumees-parte-superior-pt","26":"pa_puissance-optimale-8-kw-pt","27":"pa_volume-de-chauffe-105-a-240-m-pt","28":"plus_produit-acumulador-de-calor-opcional","29":"plus_produit-alca-removivel","30":"plus_produit-conectavel-pt","31":"plus_produit-extensao-de-garantia-2-anos","32":"plus_produit-intermitente-pt","33":"plus_produit-porta-e-tampo-em-ferro-fundido","34":"plus_produit-revestimento-do-compartimento-de-combustao-em-ferro-fundido-pt","35":"plus_produit-sistema-de-post-combustion-pt","36":"plus_produit-vidro-proprio","38":"first","39":"instock","40":"product-type-simple"},"acf":[],"yoast_head":"<!-- This site is optimized with the Yoast SEO plugin v24.7 - https:\/\/yoast.com\/wordpress\/plugins\/seo\/ -->\n<title>Fog\u00e3o a lenha Neosen Plus 3 lados envidra\u00e7ados | INVICTA<\/title>\n<meta name=\"description\" content=\"Desfrute do conforto do Fog\u00e3o a Madeira em A\u00e7o Neosen Plus 3 faces envidra\u00e7adas 8 kW\u2705 EcoLabel A+ \u2705EcoDesign 2022\u2705 Chama verde 7\u2b50 5 anos de garantia\u2705\" \/>\n<meta name=\"robots\" content=\"index, follow, max-snippet:-1, max-image-preview:large, max-video-preview:-1\" \/>\n<link rel=\"canonical\" href=\"https:\/\/www.invicta.fr\/pt\/produit\/fogao-a-lenha-de-aco-neosen-plus-3-lados-envidracados-conectaveis\/\" \/>\n<meta property=\"og:locale\" content=\"pt_PT\" \/>\n<meta property=\"og:type\" content=\"article\" \/>\n<meta property=\"og:title\" content=\"Fog\u00e3o a lenha Neosen Plus 3 lados envidra\u00e7ados | INVICTA\" \/>\n<meta property=\"og:description\" content=\"Desfrute do conforto do Fog\u00e3o a Madeira em A\u00e7o Neosen Plus 3 faces envidra\u00e7adas 8 kW\u2705 EcoLabel A+ \u2705EcoDesign 2022\u2705 Chama verde 7\u2b50 5 anos de garantia\u2705\" \/>\n<meta property=\"og:url\" content=\"https:\/\/www.invicta.fr\/pt\/produit\/fogao-a-lenha-de-aco-neosen-plus-3-lados-envidracados-conectaveis\/\" \/>\n<meta property=\"og:site_name\" content=\"Invicta\" \/>\n<meta property=\"article:modified_time\" content=\"2026-03-16T09:28:12+00:00\" \/>\n<meta property=\"og:image\" content=\"https:\/\/www.invicta.fr\/wp-content\/uploads\/2021\/08\/C-NEOSEN-3V-PLUS-web.jpg\" \/>\n\t<meta property=\"og:image:width\" content=\"533\" \/>\n\t<meta property=\"og:image:height\" content=\"800\" \/>\n\t<meta property=\"og:image:type\" content=\"image\/jpeg\" \/>\n<meta name=\"twitter:card\" content=\"summary_large_image\" \/>\n<script type=\"application\/ld+json\" class=\"yoast-schema-graph\">{\"@context\":\"https:\/\/schema.org\",\"@graph\":[{\"@type\":\"WebPage\",\"@id\":\"https:\/\/www.invicta.fr\/pt\/produit\/fogao-a-lenha-de-aco-neosen-plus-3-lados-envidracados-conectaveis\/\",\"url\":\"https:\/\/www.invicta.fr\/pt\/produit\/fogao-a-lenha-de-aco-neosen-plus-3-lados-envidracados-conectaveis\/\",\"name\":\"Fog\u00e3o a lenha Neosen Plus 3 lados envidra\u00e7ados | INVICTA\",\"isPartOf\":{\"@id\":\"https:\/\/www.invicta.fr\/pt\/#website\"},\"primaryImageOfPage\":{\"@id\":\"https:\/\/www.invicta.fr\/pt\/produit\/fogao-a-lenha-de-aco-neosen-plus-3-lados-envidracados-conectaveis\/#primaryimage\"},\"image\":{\"@id\":\"https:\/\/www.invicta.fr\/pt\/produit\/fogao-a-lenha-de-aco-neosen-plus-3-lados-envidracados-conectaveis\/#primaryimage\"},\"thumbnailUrl\":\"https:\/\/www.invicta.fr\/wp-content\/uploads\/2021\/08\/C-NEOSEN-3V-PLUS-web.jpg\",\"datePublished\":\"2021-08-02T15:34:24+00:00\",\"dateModified\":\"2026-03-16T09:28:12+00:00\",\"description\":\"Desfrute do conforto do Fog\u00e3o a Madeira em A\u00e7o Neosen Plus 3 faces envidra\u00e7adas 8 kW\u2705 EcoLabel A+ \u2705EcoDesign 2022\u2705 Chama verde 7\u2b50 5 anos de garantia\u2705\",\"breadcrumb\":{\"@id\":\"https:\/\/www.invicta.fr\/pt\/produit\/fogao-a-lenha-de-aco-neosen-plus-3-lados-envidracados-conectaveis\/#breadcrumb\"},\"inLanguage\":\"pt-PT\",\"potentialAction\":[{\"@type\":\"ReadAction\",\"target\":[\"https:\/\/www.invicta.fr\/pt\/produit\/fogao-a-lenha-de-aco-neosen-plus-3-lados-envidracados-conectaveis\/\"]}]},{\"@type\":\"ImageObject\",\"inLanguage\":\"pt-PT\",\"@id\":\"https:\/\/www.invicta.fr\/pt\/produit\/fogao-a-lenha-de-aco-neosen-plus-3-lados-envidracados-conectaveis\/#primaryimage\",\"url\":\"https:\/\/www.invicta.fr\/wp-content\/uploads\/2021\/08\/C-NEOSEN-3V-PLUS-web.jpg\",\"contentUrl\":\"https:\/\/www.invicta.fr\/wp-content\/uploads\/2021\/08\/C-NEOSEN-3V-PLUS-web.jpg\",\"width\":533,\"height\":800,\"caption\":\"Neosen Plus 3 vitres - 8 kW\"},{\"@type\":\"BreadcrumbList\",\"@id\":\"https:\/\/www.invicta.fr\/pt\/produit\/fogao-a-lenha-de-aco-neosen-plus-3-lados-envidracados-conectaveis\/#breadcrumb\",\"itemListElement\":[{\"@type\":\"ListItem\",\"position\":1,\"name\":\"Home\",\"item\":\"https:\/\/www.invicta.fr\/pt\/\"},{\"@type\":\"ListItem\",\"position\":2,\"name\":\"Produtos\",\"item\":\"https:\/\/www.invicta.fr\/pt\/shop\/\"},{\"@type\":\"ListItem\",\"position\":3,\"name\":\"Ajuda na sele\u00e7\u00e3o\",\"item\":\"https:\/\/www.invicta.fr\/pt\/categorie-produit\/ajuda-na-selecao\/\"},{\"@type\":\"ListItem\",\"position\":4,\"name\":\"Fog\u00e3o a lenha de a\u00e7o Neosen Plus 3 lados envidra\u00e7ados conect\u00e1veis\"}]},{\"@type\":\"WebSite\",\"@id\":\"https:\/\/www.invicta.fr\/pt\/#website\",\"url\":\"https:\/\/www.invicta.fr\/pt\/\",\"name\":\"Invicta\",\"description\":\"Fabricant fran\u00e7ais, sp\u00e9cialiste europ\u00e9en du chauffage au bois : po\u00eales \u00e0 bois et \u00e0 granul\u00e9s, chemin\u00e9es, foyers et inserts\",\"publisher\":{\"@id\":\"https:\/\/www.invicta.fr\/pt\/#organization\"},\"potentialAction\":[{\"@type\":\"SearchAction\",\"target\":{\"@type\":\"EntryPoint\",\"urlTemplate\":\"https:\/\/www.invicta.fr\/pt\/?s={search_term_string}\"},\"query-input\":{\"@type\":\"PropertyValueSpecification\",\"valueRequired\":true,\"valueName\":\"search_term_string\"}}],\"inLanguage\":\"pt-PT\"},{\"@type\":\"Organization\",\"@id\":\"https:\/\/www.invicta.fr\/pt\/#organization\",\"name\":\"Invicta\",\"url\":\"https:\/\/www.invicta.fr\/pt\/\",\"logo\":{\"@type\":\"ImageObject\",\"inLanguage\":\"pt-PT\",\"@id\":\"https:\/\/www.invicta.fr\/pt\/#\/schema\/logo\/image\/\",\"url\":\"https:\/\/www.invicta.fr\/wp-content\/uploads\/2019\/06\/INVICTALOGO_RVB.png\",\"contentUrl\":\"https:\/\/www.invicta.fr\/wp-content\/uploads\/2019\/06\/INVICTALOGO_RVB.png\",\"width\":1810,\"height\":1280,\"caption\":\"Invicta\"},\"image\":{\"@id\":\"https:\/\/www.invicta.fr\/pt\/#\/schema\/logo\/image\/\"}}]}<\/script>\n<!-- \/ Yoast SEO plugin. -->","yoast_head_json":{"title":"Fog\u00e3o a lenha Neosen Plus 3 lados envidra\u00e7ados | INVICTA","description":"Desfrute do conforto do Fog\u00e3o a Madeira em A\u00e7o Neosen Plus 3 faces envidra\u00e7adas 8 kW\u2705 EcoLabel A+ \u2705EcoDesign 2022\u2705 Chama verde 7\u2b50 5 anos de garantia\u2705","robots":{"index":"index","follow":"follow","max-snippet":"max-snippet:-1","max-image-preview":"max-image-preview:large","max-video-preview":"max-video-preview:-1"},"canonical":"https:\/\/www.invicta.fr\/pt\/produit\/fogao-a-lenha-de-aco-neosen-plus-3-lados-envidracados-conectaveis\/","og_locale":"pt_PT","og_type":"article","og_title":"Fog\u00e3o a lenha Neosen Plus 3 lados envidra\u00e7ados | INVICTA","og_description":"Desfrute do conforto do Fog\u00e3o a Madeira em A\u00e7o Neosen Plus 3 faces envidra\u00e7adas 8 kW\u2705 EcoLabel A+ \u2705EcoDesign 2022\u2705 Chama verde 7\u2b50 5 anos de garantia\u2705","og_url":"https:\/\/www.invicta.fr\/pt\/produit\/fogao-a-lenha-de-aco-neosen-plus-3-lados-envidracados-conectaveis\/","og_site_name":"Invicta","article_modified_time":"2026-03-16T09:28:12+00:00","og_image":[{"width":533,"height":800,"url":"https:\/\/www.invicta.fr\/wp-content\/uploads\/2021\/08\/C-NEOSEN-3V-PLUS-web.jpg","type":"image\/jpeg"}],"twitter_card":"summary_large_image","schema":{"@context":"https:\/\/schema.org","@graph":[{"@type":"WebPage","@id":"https:\/\/www.invicta.fr\/pt\/produit\/fogao-a-lenha-de-aco-neosen-plus-3-lados-envidracados-conectaveis\/","url":"https:\/\/www.invicta.fr\/pt\/produit\/fogao-a-lenha-de-aco-neosen-plus-3-lados-envidracados-conectaveis\/","name":"Fog\u00e3o a lenha Neosen Plus 3 lados envidra\u00e7ados | INVICTA","isPartOf":{"@id":"https:\/\/www.invicta.fr\/pt\/#website"},"primaryImageOfPage":{"@id":"https:\/\/www.invicta.fr\/pt\/produit\/fogao-a-lenha-de-aco-neosen-plus-3-lados-envidracados-conectaveis\/#primaryimage"},"image":{"@id":"https:\/\/www.invicta.fr\/pt\/produit\/fogao-a-lenha-de-aco-neosen-plus-3-lados-envidracados-conectaveis\/#primaryimage"},"thumbnailUrl":"https:\/\/www.invicta.fr\/wp-content\/uploads\/2021\/08\/C-NEOSEN-3V-PLUS-web.jpg","datePublished":"2021-08-02T15:34:24+00:00","dateModified":"2026-03-16T09:28:12+00:00","description":"Desfrute do conforto do Fog\u00e3o a Madeira em A\u00e7o Neosen Plus 3 faces envidra\u00e7adas 8 kW\u2705 EcoLabel A+ \u2705EcoDesign 2022\u2705 Chama verde 7\u2b50 5 anos de garantia\u2705","breadcrumb":{"@id":"https:\/\/www.invicta.fr\/pt\/produit\/fogao-a-lenha-de-aco-neosen-plus-3-lados-envidracados-conectaveis\/#breadcrumb"},"inLanguage":"pt-PT","potentialAction":[{"@type":"ReadAction","target":["https:\/\/www.invicta.fr\/pt\/produit\/fogao-a-lenha-de-aco-neosen-plus-3-lados-envidracados-conectaveis\/"]}]},{"@type":"ImageObject","inLanguage":"pt-PT","@id":"https:\/\/www.invicta.fr\/pt\/produit\/fogao-a-lenha-de-aco-neosen-plus-3-lados-envidracados-conectaveis\/#primaryimage","url":"https:\/\/www.invicta.fr\/wp-content\/uploads\/2021\/08\/C-NEOSEN-3V-PLUS-web.jpg","contentUrl":"https:\/\/www.invicta.fr\/wp-content\/uploads\/2021\/08\/C-NEOSEN-3V-PLUS-web.jpg","width":533,"height":800,"caption":"Neosen Plus 3 vitres - 8 kW"},{"@type":"BreadcrumbList","@id":"https:\/\/www.invicta.fr\/pt\/produit\/fogao-a-lenha-de-aco-neosen-plus-3-lados-envidracados-conectaveis\/#breadcrumb","itemListElement":[{"@type":"ListItem","position":1,"name":"Home","item":"https:\/\/www.invicta.fr\/pt\/"},{"@type":"ListItem","position":2,"name":"Produtos","item":"https:\/\/www.invicta.fr\/pt\/shop\/"},{"@type":"ListItem","position":3,"name":"Ajuda na sele\u00e7\u00e3o","item":"https:\/\/www.invicta.fr\/pt\/categorie-produit\/ajuda-na-selecao\/"},{"@type":"ListItem","position":4,"name":"Fog\u00e3o a lenha de a\u00e7o Neosen Plus 3 lados envidra\u00e7ados conect\u00e1veis"}]},{"@type":"WebSite","@id":"https:\/\/www.invicta.fr\/pt\/#website","url":"https:\/\/www.invicta.fr\/pt\/","name":"Invicta","description":"Fabricant fran\u00e7ais, sp\u00e9cialiste europ\u00e9en du chauffage au bois : po\u00eales \u00e0 bois et \u00e0 granul\u00e9s, chemin\u00e9es, foyers et inserts","publisher":{"@id":"https:\/\/www.invicta.fr\/pt\/#organization"},"potentialAction":[{"@type":"SearchAction","target":{"@type":"EntryPoint","urlTemplate":"https:\/\/www.invicta.fr\/pt\/?s={search_term_string}"},"query-input":{"@type":"PropertyValueSpecification","valueRequired":true,"valueName":"search_term_string"}}],"inLanguage":"pt-PT"},{"@type":"Organization","@id":"https:\/\/www.invicta.fr\/pt\/#organization","name":"Invicta","url":"https:\/\/www.invicta.fr\/pt\/","logo":{"@type":"ImageObject","inLanguage":"pt-PT","@id":"https:\/\/www.invicta.fr\/pt\/#\/schema\/logo\/image\/","url":"https:\/\/www.invicta.fr\/wp-content\/uploads\/2019\/06\/INVICTALOGO_RVB.png","contentUrl":"https:\/\/www.invicta.fr\/wp-content\/uploads\/2019\/06\/INVICTALOGO_RVB.png","width":1810,"height":1280,"caption":"Invicta"},"image":{"@id":"https:\/\/www.invicta.fr\/pt\/#\/schema\/logo\/image\/"}}]}},"_links":{"self":[{"href":"https:\/\/www.invicta.fr\/pt\/wp-json\/wp\/v2\/product\/41543","targetHints":{"allow":["GET"]}}],"collection":[{"href":"https:\/\/www.invicta.fr\/pt\/wp-json\/wp\/v2\/product"}],"about":[{"href":"https:\/\/www.invicta.fr\/pt\/wp-json\/wp\/v2\/types\/product"}],"wp:featuredmedia":[{"embeddable":true,"href":"https:\/\/www.invicta.fr\/pt\/wp-json\/wp\/v2\/media\/57047"}],"wp:attachment":[{"href":"https:\/\/www.invicta.fr\/pt\/wp-json\/wp\/v2\/media?parent=41543"}],"wp:term":[{"taxonomy":"product_brand","embeddable":true,"href":"https:\/\/www.invicta.fr\/pt\/wp-json\/wp\/v2\/product_brand?post=41543"},{"taxonomy":"product_cat","embeddable":true,"href":"https:\/\/www.invicta.fr\/pt\/wp-json\/wp\/v2\/product_cat?post=41543"},{"taxonomy":"product_tag","embeddable":true,"href":"https:\/\/www.invicta.fr\/pt\/wp-json\/wp\/v2\/product_tag?post=41543"},{"taxonomy":"plus_produit","embeddable":true,"href":"https:\/\/www.invicta.fr\/pt\/wp-json\/wp\/v2\/plus_produit?post=41543"}],"curies":[{"name":"wp","href":"https:\/\/api.w.org\/{rel}","templated":true}]}}