{"id":48268,"date":"2022-06-10T11:47:51","date_gmt":"2022-06-10T09:47:52","guid":{"rendered":"https:\/\/www.invicta.fr\/?post_type=product&#038;p=48268"},"modified":"2026-02-24T11:41:44","modified_gmt":"2026-02-24T10:41:44","slug":"salamandra-a-pellets-estanque-lodi-8","status":"publish","type":"product","link":"https:\/\/www.invicta.fr\/pt\/produit\/salamandra-a-pellets-estanque-lodi-8\/","title":{"rendered":"Salamandra a pellets estanque Lodi 8"},"content":{"rendered":"","protected":false},"excerpt":{"rendered":"<p>Com as suas linhas redondas e o seu estilo suavizado, a Lodi 8 estanque difunde calor e bem-estar no seu alojamento.<\/p>\n","protected":false},"featured_media":59719,"template":"","meta":{"_acf_changed":false},"product_brand":[],"product_cat":[3105,4932,6039,6038,6035,6040,6037,6407,6657,6655],"product_tag":[7107,3311,3310,4434,4470,6961,6491,6659,4513,6828,6658],"plus_produit":[3871,4055,4040,6840,3208,4072,3209,4043,4051,3864,4073,6487],"class_list":{"1":"product","4":"has-post-thumbnail","6":"product_cat-ajuda-na-selecao","7":"product_cat-salamandras-estanques-a-pellets","8":"product_cat-8-kw-fogoes-a-pellets","9":"product_cat-fogoes-autonomos-a-pellets","10":"product_cat-fogoes-a-pellets-programaveis","11":"product_cat-fogoes-a-pellets-contemporaneos","12":"product_cat-fogoes-modernos-a-pellets","13":"product_cat-fogoes-de-pellets-redondos","14":"product_cat-tomada-de-parede-para-fogoes-a-pellets","15":"product_cat-fogoes-a-pellets-com-saida-de-aspiracao","16":"product_tag-en16510-pt","17":"product_tag-flamme-verte-7-pt","18":"product_tag-eco-design-2022-es-pt","19":"product_tag-a-ecolabel-pt","20":"product_tag-ligacao-estanque","21":"product_tag-novo","22":"product_tag-wifi-padrao","23":"product_tag-zona-3-ventosa-pt","24":"product_tag-garantia-de-3-anos-pt","25":"product_tag-y-garantie-extension-1-an-portugais","26":"product_tag-imposto-de-credito-z","27":"pa_autonomie-maximum-235-horas-pt","28":"pa_autonomie-minimum-9-horas-pt","29":"pa_capacite-de-la-tremie-165-kg-pt","30":"pa_certificat-cstb-instalacao-possivel-em-fachada-zona-3-ventosa","31":"pa_depart-des-fumees-parte-traseira","32":"pa_diametre-de-buse-80-mm-pt","33":"pa_modulation-de-puissance-31-8-pt","34":"pa_puissance-8-kw-pt","35":"pa_surface-de-chauffe-30-a-100-m-pt","36":"pa_volume-de-chauffe-75-a-240-m-pt","37":"plus_produit-aparelho-estanque-compativel-rt2012-pt","38":"plus_produit-conectavel-pt","39":"plus_produit-controlo-da-potencia-5-ou-da-temperatura-ambiente","40":"plus_produit-extension-de-garantie-1-an-por","41":"plus_produit-instalacao-possivel-em-fachada-zona-3-ventosa","42":"plus_produit-kit-controlo-de-combustao-kcc-pt","43":"plus_produit-parecer-tecnico-cstb-no14-2-15-2130v5","44":"plus_produit-possibilidade-de-pilotagem-por-termostato-externo-pt","45":"plus_produit-programacao-horaria-pt","46":"plus_produit-saida-de-ar-quente-por-ventilador-pt","47":"plus_produit-stand-by-espera-pt","48":"plus_produit-wi-fi-integrado","50":"first","51":"instock","52":"product-type-variable","53":"has-default-attributes"},"acf":[],"yoast_head":"<!-- This site is optimized with the Yoast SEO plugin v24.7 - https:\/\/yoast.com\/wordpress\/plugins\/seo\/ -->\n<title>Salamandra a pellets estanque Lodi 8 - Invicta<\/title>\n<meta name=\"description\" content=\"Com as suas linhas redondas e o seu estilo suavizado, a Lodi 8 estanque difunde calor e bem-estar no seu alojamento.\" \/>\n<meta name=\"robots\" content=\"index, follow, max-snippet:-1, max-image-preview:large, max-video-preview:-1\" \/>\n<link rel=\"canonical\" href=\"https:\/\/www.invicta.fr\/pt\/produit\/salamandra-a-pellets-estanque-lodi-8\/\" \/>\n<meta property=\"og:locale\" content=\"pt_PT\" \/>\n<meta property=\"og:type\" content=\"article\" \/>\n<meta property=\"og:title\" content=\"Salamandra a pellets estanque Lodi 8 - Invicta\" \/>\n<meta property=\"og:description\" content=\"Com as suas linhas redondas e o seu estilo suavizado, a Lodi 8 estanque difunde calor e bem-estar no seu alojamento.\" \/>\n<meta property=\"og:url\" content=\"https:\/\/www.invicta.fr\/pt\/produit\/salamandra-a-pellets-estanque-lodi-8\/\" \/>\n<meta property=\"og:site_name\" content=\"Invicta\" \/>\n<meta property=\"article:modified_time\" content=\"2026-02-24T10:41:44+00:00\" \/>\n<meta property=\"og:image\" content=\"https:\/\/www.invicta.fr\/wp-content\/uploads\/2023\/12\/C-LODI8-etanche-Wi-fi-gris-web.jpg\" \/>\n\t<meta property=\"og:image:width\" content=\"1000\" \/>\n\t<meta property=\"og:image:height\" content=\"1000\" \/>\n\t<meta property=\"og:image:type\" content=\"image\/jpeg\" \/>\n<meta name=\"twitter:card\" content=\"summary_large_image\" \/>\n<script type=\"application\/ld+json\" class=\"yoast-schema-graph\">{\"@context\":\"https:\/\/schema.org\",\"@graph\":[{\"@type\":\"WebPage\",\"@id\":\"https:\/\/www.invicta.fr\/pt\/produit\/salamandra-a-pellets-estanque-lodi-8\/\",\"url\":\"https:\/\/www.invicta.fr\/pt\/produit\/salamandra-a-pellets-estanque-lodi-8\/\",\"name\":\"Salamandra a pellets estanque Lodi 8 - Invicta\",\"isPartOf\":{\"@id\":\"https:\/\/www.invicta.fr\/pt\/#website\"},\"primaryImageOfPage\":{\"@id\":\"https:\/\/www.invicta.fr\/pt\/produit\/salamandra-a-pellets-estanque-lodi-8\/#primaryimage\"},\"image\":{\"@id\":\"https:\/\/www.invicta.fr\/pt\/produit\/salamandra-a-pellets-estanque-lodi-8\/#primaryimage\"},\"thumbnailUrl\":\"https:\/\/www.invicta.fr\/wp-content\/uploads\/2023\/12\/C-LODI8-etanche-Wi-fi-gris-web.jpg\",\"datePublished\":\"2022-06-10T09:47:52+00:00\",\"dateModified\":\"2026-02-24T10:41:44+00:00\",\"description\":\"Com as suas linhas redondas e o seu estilo suavizado, a Lodi 8 estanque difunde calor e bem-estar no seu alojamento.\",\"breadcrumb\":{\"@id\":\"https:\/\/www.invicta.fr\/pt\/produit\/salamandra-a-pellets-estanque-lodi-8\/#breadcrumb\"},\"inLanguage\":\"pt-PT\",\"potentialAction\":[{\"@type\":\"ReadAction\",\"target\":[\"https:\/\/www.invicta.fr\/pt\/produit\/salamandra-a-pellets-estanque-lodi-8\/\"]}]},{\"@type\":\"ImageObject\",\"inLanguage\":\"pt-PT\",\"@id\":\"https:\/\/www.invicta.fr\/pt\/produit\/salamandra-a-pellets-estanque-lodi-8\/#primaryimage\",\"url\":\"https:\/\/www.invicta.fr\/wp-content\/uploads\/2023\/12\/C-LODI8-etanche-Wi-fi-gris-web.jpg\",\"contentUrl\":\"https:\/\/www.invicta.fr\/wp-content\/uploads\/2023\/12\/C-LODI8-etanche-Wi-fi-gris-web.jpg\",\"width\":1000,\"height\":1000,\"caption\":\"Po\u00eale \u00e0 granul\u00e9s Invicta Lodi 8 wifi \u00e9tanche\"},{\"@type\":\"BreadcrumbList\",\"@id\":\"https:\/\/www.invicta.fr\/pt\/produit\/salamandra-a-pellets-estanque-lodi-8\/#breadcrumb\",\"itemListElement\":[{\"@type\":\"ListItem\",\"position\":1,\"name\":\"Home\",\"item\":\"https:\/\/www.invicta.fr\/pt\/\"},{\"@type\":\"ListItem\",\"position\":2,\"name\":\"Produtos\",\"item\":\"https:\/\/www.invicta.fr\/pt\/shop\/\"},{\"@type\":\"ListItem\",\"position\":3,\"name\":\"Salamandras a pellets\",\"item\":\"https:\/\/www.invicta.fr\/pt\/categorie-produit\/fogoes-a-pellets\/\"},{\"@type\":\"ListItem\",\"position\":4,\"name\":\"Salamandras estanques \u200b\u200ba pellets\",\"item\":\"https:\/\/www.invicta.fr\/pt\/categorie-produit\/fogoes-a-pellets\/salamandras-estanques-a-pellets\/\"},{\"@type\":\"ListItem\",\"position\":5,\"name\":\"Salamandra a pellets estanque Lodi 8\"}]},{\"@type\":\"WebSite\",\"@id\":\"https:\/\/www.invicta.fr\/pt\/#website\",\"url\":\"https:\/\/www.invicta.fr\/pt\/\",\"name\":\"Invicta\",\"description\":\"Fabricant fran\u00e7ais, sp\u00e9cialiste europ\u00e9en du chauffage au bois : po\u00eales \u00e0 bois et \u00e0 granul\u00e9s, chemin\u00e9es, foyers et inserts\",\"publisher\":{\"@id\":\"https:\/\/www.invicta.fr\/pt\/#organization\"},\"potentialAction\":[{\"@type\":\"SearchAction\",\"target\":{\"@type\":\"EntryPoint\",\"urlTemplate\":\"https:\/\/www.invicta.fr\/pt\/?s={search_term_string}\"},\"query-input\":{\"@type\":\"PropertyValueSpecification\",\"valueRequired\":true,\"valueName\":\"search_term_string\"}}],\"inLanguage\":\"pt-PT\"},{\"@type\":\"Organization\",\"@id\":\"https:\/\/www.invicta.fr\/pt\/#organization\",\"name\":\"Invicta\",\"url\":\"https:\/\/www.invicta.fr\/pt\/\",\"logo\":{\"@type\":\"ImageObject\",\"inLanguage\":\"pt-PT\",\"@id\":\"https:\/\/www.invicta.fr\/pt\/#\/schema\/logo\/image\/\",\"url\":\"https:\/\/www.invicta.fr\/wp-content\/uploads\/2019\/06\/INVICTALOGO_RVB.png\",\"contentUrl\":\"https:\/\/www.invicta.fr\/wp-content\/uploads\/2019\/06\/INVICTALOGO_RVB.png\",\"width\":1810,\"height\":1280,\"caption\":\"Invicta\"},\"image\":{\"@id\":\"https:\/\/www.invicta.fr\/pt\/#\/schema\/logo\/image\/\"}}]}<\/script>\n<!-- \/ Yoast SEO plugin. -->","yoast_head_json":{"title":"Salamandra a pellets estanque Lodi 8 - Invicta","description":"Com as suas linhas redondas e o seu estilo suavizado, a Lodi 8 estanque difunde calor e bem-estar no seu alojamento.","robots":{"index":"index","follow":"follow","max-snippet":"max-snippet:-1","max-image-preview":"max-image-preview:large","max-video-preview":"max-video-preview:-1"},"canonical":"https:\/\/www.invicta.fr\/pt\/produit\/salamandra-a-pellets-estanque-lodi-8\/","og_locale":"pt_PT","og_type":"article","og_title":"Salamandra a pellets estanque Lodi 8 - Invicta","og_description":"Com as suas linhas redondas e o seu estilo suavizado, a Lodi 8 estanque difunde calor e bem-estar no seu alojamento.","og_url":"https:\/\/www.invicta.fr\/pt\/produit\/salamandra-a-pellets-estanque-lodi-8\/","og_site_name":"Invicta","article_modified_time":"2026-02-24T10:41:44+00:00","og_image":[{"width":1000,"height":1000,"url":"https:\/\/www.invicta.fr\/wp-content\/uploads\/2023\/12\/C-LODI8-etanche-Wi-fi-gris-web.jpg","type":"image\/jpeg"}],"twitter_card":"summary_large_image","schema":{"@context":"https:\/\/schema.org","@graph":[{"@type":"WebPage","@id":"https:\/\/www.invicta.fr\/pt\/produit\/salamandra-a-pellets-estanque-lodi-8\/","url":"https:\/\/www.invicta.fr\/pt\/produit\/salamandra-a-pellets-estanque-lodi-8\/","name":"Salamandra a pellets estanque Lodi 8 - Invicta","isPartOf":{"@id":"https:\/\/www.invicta.fr\/pt\/#website"},"primaryImageOfPage":{"@id":"https:\/\/www.invicta.fr\/pt\/produit\/salamandra-a-pellets-estanque-lodi-8\/#primaryimage"},"image":{"@id":"https:\/\/www.invicta.fr\/pt\/produit\/salamandra-a-pellets-estanque-lodi-8\/#primaryimage"},"thumbnailUrl":"https:\/\/www.invicta.fr\/wp-content\/uploads\/2023\/12\/C-LODI8-etanche-Wi-fi-gris-web.jpg","datePublished":"2022-06-10T09:47:52+00:00","dateModified":"2026-02-24T10:41:44+00:00","description":"Com as suas linhas redondas e o seu estilo suavizado, a Lodi 8 estanque difunde calor e bem-estar no seu alojamento.","breadcrumb":{"@id":"https:\/\/www.invicta.fr\/pt\/produit\/salamandra-a-pellets-estanque-lodi-8\/#breadcrumb"},"inLanguage":"pt-PT","potentialAction":[{"@type":"ReadAction","target":["https:\/\/www.invicta.fr\/pt\/produit\/salamandra-a-pellets-estanque-lodi-8\/"]}]},{"@type":"ImageObject","inLanguage":"pt-PT","@id":"https:\/\/www.invicta.fr\/pt\/produit\/salamandra-a-pellets-estanque-lodi-8\/#primaryimage","url":"https:\/\/www.invicta.fr\/wp-content\/uploads\/2023\/12\/C-LODI8-etanche-Wi-fi-gris-web.jpg","contentUrl":"https:\/\/www.invicta.fr\/wp-content\/uploads\/2023\/12\/C-LODI8-etanche-Wi-fi-gris-web.jpg","width":1000,"height":1000,"caption":"Po\u00eale \u00e0 granul\u00e9s Invicta Lodi 8 wifi \u00e9tanche"},{"@type":"BreadcrumbList","@id":"https:\/\/www.invicta.fr\/pt\/produit\/salamandra-a-pellets-estanque-lodi-8\/#breadcrumb","itemListElement":[{"@type":"ListItem","position":1,"name":"Home","item":"https:\/\/www.invicta.fr\/pt\/"},{"@type":"ListItem","position":2,"name":"Produtos","item":"https:\/\/www.invicta.fr\/pt\/shop\/"},{"@type":"ListItem","position":3,"name":"Salamandras a pellets","item":"https:\/\/www.invicta.fr\/pt\/categorie-produit\/fogoes-a-pellets\/"},{"@type":"ListItem","position":4,"name":"Salamandras estanques \u200b\u200ba pellets","item":"https:\/\/www.invicta.fr\/pt\/categorie-produit\/fogoes-a-pellets\/salamandras-estanques-a-pellets\/"},{"@type":"ListItem","position":5,"name":"Salamandra a pellets estanque Lodi 8"}]},{"@type":"WebSite","@id":"https:\/\/www.invicta.fr\/pt\/#website","url":"https:\/\/www.invicta.fr\/pt\/","name":"Invicta","description":"Fabricant fran\u00e7ais, sp\u00e9cialiste europ\u00e9en du chauffage au bois : po\u00eales \u00e0 bois et \u00e0 granul\u00e9s, chemin\u00e9es, foyers et inserts","publisher":{"@id":"https:\/\/www.invicta.fr\/pt\/#organization"},"potentialAction":[{"@type":"SearchAction","target":{"@type":"EntryPoint","urlTemplate":"https:\/\/www.invicta.fr\/pt\/?s={search_term_string}"},"query-input":{"@type":"PropertyValueSpecification","valueRequired":true,"valueName":"search_term_string"}}],"inLanguage":"pt-PT"},{"@type":"Organization","@id":"https:\/\/www.invicta.fr\/pt\/#organization","name":"Invicta","url":"https:\/\/www.invicta.fr\/pt\/","logo":{"@type":"ImageObject","inLanguage":"pt-PT","@id":"https:\/\/www.invicta.fr\/pt\/#\/schema\/logo\/image\/","url":"https:\/\/www.invicta.fr\/wp-content\/uploads\/2019\/06\/INVICTALOGO_RVB.png","contentUrl":"https:\/\/www.invicta.fr\/wp-content\/uploads\/2019\/06\/INVICTALOGO_RVB.png","width":1810,"height":1280,"caption":"Invicta"},"image":{"@id":"https:\/\/www.invicta.fr\/pt\/#\/schema\/logo\/image\/"}}]}},"_links":{"self":[{"href":"https:\/\/www.invicta.fr\/pt\/wp-json\/wp\/v2\/product\/48268","targetHints":{"allow":["GET"]}}],"collection":[{"href":"https:\/\/www.invicta.fr\/pt\/wp-json\/wp\/v2\/product"}],"about":[{"href":"https:\/\/www.invicta.fr\/pt\/wp-json\/wp\/v2\/types\/product"}],"wp:featuredmedia":[{"embeddable":true,"href":"https:\/\/www.invicta.fr\/pt\/wp-json\/wp\/v2\/media\/59719"}],"wp:attachment":[{"href":"https:\/\/www.invicta.fr\/pt\/wp-json\/wp\/v2\/media?parent=48268"}],"wp:term":[{"taxonomy":"product_brand","embeddable":true,"href":"https:\/\/www.invicta.fr\/pt\/wp-json\/wp\/v2\/product_brand?post=48268"},{"taxonomy":"product_cat","embeddable":true,"href":"https:\/\/www.invicta.fr\/pt\/wp-json\/wp\/v2\/product_cat?post=48268"},{"taxonomy":"product_tag","embeddable":true,"href":"https:\/\/www.invicta.fr\/pt\/wp-json\/wp\/v2\/product_tag?post=48268"},{"taxonomy":"plus_produit","embeddable":true,"href":"https:\/\/www.invicta.fr\/pt\/wp-json\/wp\/v2\/plus_produit?post=48268"}],"curies":[{"name":"wp","href":"https:\/\/api.w.org\/{rel}","templated":true}]}}